{"id":2234,"date":"2024-12-12T09:25:21","date_gmt":"2024-12-12T07:25:21","guid":{"rendered":"https:\/\/4ader.ro\/?page_id=2234"},"modified":"2024-12-12T09:28:50","modified_gmt":"2024-12-12T07:28:50","slug":"turneul-stradivarius-2023-in-the-mood-for-love","status":"publish","type":"page","link":"https:\/\/4ader.ro\/index.php\/turneul-stradivarius-2023-in-the-mood-for-love\/","title":{"rendered":"Turneul Stradivarius 2023: In The Mood for LOVE"},"content":{"rendered":"\t\t<div data-elementor-type=\"wp-page\" data-elementor-id=\"2234\" class=\"elementor elementor-2234\">\n\t\t\t\t<div class=\"elementor-element elementor-element-6b7413c e-con-full e-flex e-con e-parent\" data-id=\"6b7413c\" data-element_type=\"container\" data-settings=\"{&quot;background_background&quot;:&quot;classic&quot;}\">\n\t\t\t\t<div class=\"elementor-element elementor-element-df78692 elementor-widget elementor-widget-heading\" data-id=\"df78692\" data-element_type=\"widget\" data-widget_type=\"heading.default\">\n\t\t\t\t<div class=\"elementor-widget-container\">\n\t\t\t\t\t<h2 class=\"elementor-heading-title elementor-size-default\">Turneul Stradivarius 2023: In The Mood for LOVE <\/h2>\t\t\t\t<\/div>\n\t\t\t\t<\/div>\n\t\t\t\t<div class=\"elementor-element elementor-element-5ce37fa elementor-widget elementor-widget-text-editor\" data-id=\"5ce37fa\" data-element_type=\"widget\" data-widget_type=\"text-editor.default\">\n\t\t\t\t<div class=\"elementor-widget-container\">\n\t\t\t\t\t\t\t\t\t<p><strong>Asocia\u021bia pentru Democra\u021bie Educa\u021bie Respect<\/strong>, al\u0103turi de diver\u0219i parteneri, a participat la organizarea, \u00een data de <strong>6 iulie<\/strong>, ora <strong>20:00<\/strong>, \u00een <strong>Parcul Coloanei f\u0103r\u0103 Sf\u00e2r\u0219it<\/strong>, a <strong>Turneului Stradivarius 2023 \u201eIN THE MOOD FOR LOVE\u201d<\/strong>.<\/p><p><strong>Turneul Stradivarius 2023<\/strong> s-a \u00eencadrat \u00een Programul <strong>\u201eT\u00e2rgu Jiu \u2013 Capitala Tineretului din Rom\u00e2nia 2023\u201d<\/strong>.<\/p><p>Ajuns la edi\u021bia a <strong>XVI-a<\/strong>, Turneul Stradivarius \u2013 <strong>\u201eIN THE MOOD FOR LOVE\u201d<\/strong> \u2013 s-a derulat la nivel na\u021bional, \u00een perioada <strong>19 iunie \u2013 9 iulie 2023<\/strong>. A inclus un num\u0103r de <strong>17 concerte<\/strong>, desf\u0103\u0219urate \u00een <strong>17 ora\u0219e \u0219i sate<\/strong>, sus\u021binute de violonistul <strong>Alexandru Tomescu<\/strong>, care a c\u00e2ntat la vioara <strong>Stradivarius Elder-Voicu<\/strong>, un obiect de patrimoniu na\u021bional din categoria <strong>Tezaur<\/strong>, \u0219i de pianista de origine rom\u00e2n\u0103, stabilit\u0103 la Viena \u0219i artist <strong>Bosendorfer<\/strong>, <strong>Adela Liculescu<\/strong>.<\/p><p><strong>\u201eIN THE MOOD FOR LOVE \u2013 Turneul Interna\u021bional Stradivarius 2023\u201d<\/strong> a fost un program muzical de <strong>70 de minute<\/strong>, care a inspirat publicul la <strong>medita\u021bie, reflec\u021bie \u0219i iubire<\/strong>. A oferit o conexiune armonioas\u0103 de sunete \u00eentre <strong>vioar\u0103<\/strong> \u0219i <strong>pian<\/strong>, \u00eembin\u00e2nd muzica compozitorilor <strong>universali<\/strong> \u0219i <strong>na\u021bionali<\/strong>.<\/p>\t\t\t\t\t\t\t\t<\/div>\n\t\t\t\t<\/div>\n\t\t<div class=\"elementor-element elementor-element-4d0da06 e-grid e-con-full e-con e-child\" data-id=\"4d0da06\" data-element_type=\"container\">\n\t\t\t\t<div class=\"elementor-element elementor-element-a17eb52 elementor-widget elementor-widget-image\" data-id=\"a17eb52\" data-element_type=\"widget\" data-widget_type=\"image.default\">\n\t\t\t\t<div class=\"elementor-widget-container\">\n\t\t\t\t\t\t\t\t\t\t\t\t\t\t\t<img fetchpriority=\"high\" decoding=\"async\" width=\"401\" height=\"726\" src=\"https:\/\/4ader.ro\/wp-content\/uploads\/2024\/12\/Screenshot-2024-12-12-092630.png\" class=\"attachment-large size-large wp-image-2237\" alt=\"\" srcset=\"https:\/\/4ader.ro\/wp-content\/uploads\/2024\/12\/Screenshot-2024-12-12-092630.png 401w, https:\/\/4ader.ro\/wp-content\/uploads\/2024\/12\/Screenshot-2024-12-12-092630-166x300.png 166w, https:\/\/4ader.ro\/wp-content\/uploads\/2024\/12\/Screenshot-2024-12-12-092630-200x362.png 200w\" sizes=\"(max-width: 401px) 100vw, 401px\" \/>\t\t\t\t\t\t\t\t\t\t\t\t\t\t\t<\/div>\n\t\t\t\t<\/div>\n\t\t\t\t<div class=\"elementor-element elementor-element-5a38e7f elementor-widget elementor-widget-image\" data-id=\"5a38e7f\" data-element_type=\"widget\" data-widget_type=\"image.default\">\n\t\t\t\t<div class=\"elementor-widget-container\">\n\t\t\t\t\t\t\t\t\t\t\t\t\t\t\t<img decoding=\"async\" width=\"764\" height=\"345\" src=\"https:\/\/4ader.ro\/wp-content\/uploads\/2024\/12\/Screenshot-2024-12-12-092637.png\" class=\"attachment-large size-large wp-image-2238\" alt=\"\" srcset=\"https:\/\/4ader.ro\/wp-content\/uploads\/2024\/12\/Screenshot-2024-12-12-092637.png 764w, https:\/\/4ader.ro\/wp-content\/uploads\/2024\/12\/Screenshot-2024-12-12-092637-300x135.png 300w, https:\/\/4ader.ro\/wp-content\/uploads\/2024\/12\/Screenshot-2024-12-12-092637-200x90.png 200w\" sizes=\"(max-width: 764px) 100vw, 764px\" \/>\t\t\t\t\t\t\t\t\t\t\t\t\t\t\t<\/div>\n\t\t\t\t<\/div>\n\t\t\t\t<\/div>\n\t\t\t\t<div class=\"elementor-element elementor-element-dc59bf3 elementor-widget elementor-widget-spacer\" data-id=\"dc59bf3\" data-element_type=\"widget\" data-widget_type=\"spacer.default\">\n\t\t\t\t<div class=\"elementor-widget-container\">\n\t\t\t\t\t\t\t<div class=\"elementor-spacer\">\n\t\t\t<div class=\"elementor-spacer-inner\"><\/div>\n\t\t<\/div>\n\t\t\t\t\t\t<\/div>\n\t\t\t\t<\/div>\n\t\t\t\t<\/div>\n\t\t\t\t<\/div>\n\t\t","protected":false},"excerpt":{"rendered":"<p>Turneul Stradivarius 2023: In The Mood for LOVE Asocia\u021bia pentru Democra\u021bie Educa\u021bie Respect, al\u0103turi de diver\u0219i parteneri, a participat la organizarea, \u00een data de 6 iulie, ora 20:00, \u00een Parcul Coloanei f\u0103r\u0103 Sf\u00e2r\u0219it, a Turneului Stradivarius 2023 \u201eIN THE MOOD FOR LOVE\u201d. Turneul Stradivarius 2023 s-a \u00eencadrat \u00een Programul \u201eT\u00e2rgu Jiu \u2013 Capitala Tineretului din&#8230;<\/p>\n","protected":false},"author":2,"featured_media":0,"parent":0,"menu_order":0,"comment_status":"closed","ping_status":"closed","template":"","meta":{"_kad_post_transparent":"","_kad_post_title":"hide","_kad_post_layout":"fullwidth","_kad_post_sidebar_id":"","_kad_post_content_style":"unboxed","_kad_post_vertical_padding":"hide","_kad_post_feature":"hide","_kad_post_feature_position":"","_kad_post_header":false,"_kad_post_footer":false,"_kad_post_classname":"","footnotes":""},"class_list":["post-2234","page","type-page","status-publish","hentry"],"rttpg_featured_image_url":null,"rttpg_author":{"display_name":"Calina Denis","author_link":"https:\/\/4ader.ro\/index.php\/author\/denis_1\/"},"rttpg_comment":0,"rttpg_category":null,"rttpg_excerpt":"Turneul Stradivarius 2023: In The Mood for LOVE Asocia\u021bia pentru Democra\u021bie Educa\u021bie Respect, al\u0103turi de diver\u0219i parteneri, a participat la organizarea, \u00een data de 6 iulie, ora 20:00, \u00een Parcul Coloanei f\u0103r\u0103 Sf\u00e2r\u0219it, a Turneului Stradivarius 2023 \u201eIN THE MOOD FOR LOVE\u201d. Turneul Stradivarius 2023 s-a \u00eencadrat \u00een Programul \u201eT\u00e2rgu Jiu \u2013 Capitala Tineretului din...","_links":{"self":[{"href":"https:\/\/4ader.ro\/index.php\/wp-json\/wp\/v2\/pages\/2234","targetHints":{"allow":["GET"]}}],"collection":[{"href":"https:\/\/4ader.ro\/index.php\/wp-json\/wp\/v2\/pages"}],"about":[{"href":"https:\/\/4ader.ro\/index.php\/wp-json\/wp\/v2\/types\/page"}],"author":[{"embeddable":true,"href":"https:\/\/4ader.ro\/index.php\/wp-json\/wp\/v2\/users\/2"}],"replies":[{"embeddable":true,"href":"https:\/\/4ader.ro\/index.php\/wp-json\/wp\/v2\/comments?post=2234"}],"version-history":[{"count":4,"href":"https:\/\/4ader.ro\/index.php\/wp-json\/wp\/v2\/pages\/2234\/revisions"}],"predecessor-version":[{"id":2245,"href":"https:\/\/4ader.ro\/index.php\/wp-json\/wp\/v2\/pages\/2234\/revisions\/2245"}],"wp:attachment":[{"href":"https:\/\/4ader.ro\/index.php\/wp-json\/wp\/v2\/media?parent=2234"}],"curies":[{"name":"wp","href":"https:\/\/api.w.org\/{rel}","templated":true}]}}