{"id":2225,"date":"2024-12-12T09:07:54","date_gmt":"2024-12-12T07:07:54","guid":{"rendered":"https:\/\/4ader.ro\/?page_id=2225"},"modified":"2024-12-12T09:22:54","modified_gmt":"2024-12-12T07:22:54","slug":"teambuilding-in-cadrul-primariei-targu-jiu-2","status":"publish","type":"page","link":"https:\/\/4ader.ro\/index.php\/teambuilding-in-cadrul-primariei-targu-jiu-2\/","title":{"rendered":"Teambuilding \u00een cadrul Prim\u0103riei T\u00e2rgu-Jiu"},"content":{"rendered":"\t\t<div data-elementor-type=\"wp-page\" data-elementor-id=\"2225\" class=\"elementor elementor-2225\">\n\t\t\t\t<div class=\"elementor-element elementor-element-6b7413c e-con-full e-flex e-con e-parent\" data-id=\"6b7413c\" data-element_type=\"container\" data-settings=\"{&quot;background_background&quot;:&quot;classic&quot;}\">\n\t\t\t\t<div class=\"elementor-element elementor-element-df78692 elementor-widget elementor-widget-heading\" data-id=\"df78692\" data-element_type=\"widget\" data-widget_type=\"heading.default\">\n\t\t\t\t<div class=\"elementor-widget-container\">\n\t\t\t\t\t<h2 class=\"elementor-heading-title elementor-size-default\">Teambuilding \u00een cadrul Prim\u0103riei T\u00e2rgu-Jiu\n<\/h2>\t\t\t\t<\/div>\n\t\t\t\t<\/div>\n\t\t\t\t<div class=\"elementor-element elementor-element-5ce37fa elementor-widget elementor-widget-text-editor\" data-id=\"5ce37fa\" data-element_type=\"widget\" data-widget_type=\"text-editor.default\">\n\t\t\t\t<div class=\"elementor-widget-container\">\n\t\t\t\t\t\t\t\t\t<p><strong>Asocia\u021bia pentru Democra\u021bie Educa\u021bie Respect (ADER)<\/strong>, \u00eempreun\u0103 cu <strong>Prim\u0103ria Municipiului T\u00e2rgu Jiu<\/strong>, a invitat tinerii t\u00e2rgujieni s\u0103 se al\u0103ture unui concept unic: <strong>team building \u00een cadrul Prim\u0103riei T\u00e2rgu-Jiu!<\/strong><\/p>\n<p>Peste <strong>20 de tineri<\/strong>, cu v\u00e2rsta cuprins\u0103 \u00eentre <strong>14 \u0219i 35 de ani<\/strong>, au r\u0103spuns pozitiv acestei invita\u021bii.<\/p>\n<p>Dezvoltarea unei comunit\u0103\u021bi are ca punct de pornire <strong>resursele endogene<\/strong>, iar \u00een prim plan se afl\u0103 <strong>resursa uman\u0103<\/strong> \u0219i poten\u021bialul creativ al acesteia.<\/p>\n<p>Ac\u021biunea a fost desf\u0103\u0219urat\u0103 sub egida programului <strong>T\u00e2rgu Jiu &#8211; Capitala Tineretului din Rom\u00e2nia 2023<\/strong>.<\/p>\t\t\t\t\t\t\t\t<\/div>\n\t\t\t\t<\/div>\n\t\t<div class=\"elementor-element elementor-element-4d0da06 e-grid e-con-full e-con e-child\" data-id=\"4d0da06\" data-element_type=\"container\">\n\t\t\t\t<div class=\"elementor-element elementor-element-a17eb52 elementor-widget elementor-widget-image\" data-id=\"a17eb52\" data-element_type=\"widget\" data-widget_type=\"image.default\">\n\t\t\t\t<div class=\"elementor-widget-container\">\n\t\t\t\t\t\t\t\t\t\t\t\t\t\t\t<img fetchpriority=\"high\" decoding=\"async\" width=\"476\" height=\"459\" src=\"https:\/\/4ader.ro\/wp-content\/uploads\/2024\/12\/Screenshot-2024-12-12-092018.png\" class=\"attachment-large size-large wp-image-2228\" alt=\"\" srcset=\"https:\/\/4ader.ro\/wp-content\/uploads\/2024\/12\/Screenshot-2024-12-12-092018.png 476w, https:\/\/4ader.ro\/wp-content\/uploads\/2024\/12\/Screenshot-2024-12-12-092018-300x289.png 300w, https:\/\/4ader.ro\/wp-content\/uploads\/2024\/12\/Screenshot-2024-12-12-092018-200x193.png 200w\" sizes=\"(max-width: 476px) 100vw, 476px\" \/>\t\t\t\t\t\t\t\t\t\t\t\t\t\t\t<\/div>\n\t\t\t\t<\/div>\n\t\t\t\t<div class=\"elementor-element elementor-element-5a38e7f elementor-widget elementor-widget-image\" data-id=\"5a38e7f\" data-element_type=\"widget\" data-widget_type=\"image.default\">\n\t\t\t\t<div class=\"elementor-widget-container\">\n\t\t\t\t\t\t\t\t\t\t\t\t\t\t\t<img decoding=\"async\" width=\"635\" height=\"643\" src=\"https:\/\/4ader.ro\/wp-content\/uploads\/2024\/12\/Screenshot-2024-12-12-092013.png\" class=\"attachment-large size-large wp-image-2230\" alt=\"\" srcset=\"https:\/\/4ader.ro\/wp-content\/uploads\/2024\/12\/Screenshot-2024-12-12-092013.png 635w, https:\/\/4ader.ro\/wp-content\/uploads\/2024\/12\/Screenshot-2024-12-12-092013-296x300.png 296w, https:\/\/4ader.ro\/wp-content\/uploads\/2024\/12\/Screenshot-2024-12-12-092013-200x203.png 200w\" sizes=\"(max-width: 635px) 100vw, 635px\" \/>\t\t\t\t\t\t\t\t\t\t\t\t\t\t\t<\/div>\n\t\t\t\t<\/div>\n\t\t\t\t<div class=\"elementor-element elementor-element-8d0ed3a elementor-widget elementor-widget-image\" data-id=\"8d0ed3a\" data-element_type=\"widget\" data-widget_type=\"image.default\">\n\t\t\t\t<div class=\"elementor-widget-container\">\n\t\t\t\t\t\t\t\t\t\t\t\t\t\t\t<img decoding=\"async\" width=\"1024\" height=\"552\" src=\"https:\/\/4ader.ro\/wp-content\/uploads\/2024\/12\/Screenshot-2024-12-12-092030-1024x552.png\" class=\"attachment-large size-large wp-image-2229\" alt=\"\" srcset=\"https:\/\/4ader.ro\/wp-content\/uploads\/2024\/12\/Screenshot-2024-12-12-092030-1024x552.png 1024w, https:\/\/4ader.ro\/wp-content\/uploads\/2024\/12\/Screenshot-2024-12-12-092030-300x162.png 300w, https:\/\/4ader.ro\/wp-content\/uploads\/2024\/12\/Screenshot-2024-12-12-092030-768x414.png 768w, https:\/\/4ader.ro\/wp-content\/uploads\/2024\/12\/Screenshot-2024-12-12-092030-200x108.png 200w, https:\/\/4ader.ro\/wp-content\/uploads\/2024\/12\/Screenshot-2024-12-12-092030.png 1307w\" sizes=\"(max-width: 1024px) 100vw, 1024px\" \/>\t\t\t\t\t\t\t\t\t\t\t\t\t\t\t<\/div>\n\t\t\t\t<\/div>\n\t\t\t\t<\/div>\n\t\t\t\t<div class=\"elementor-element elementor-element-dc59bf3 elementor-widget elementor-widget-spacer\" data-id=\"dc59bf3\" data-element_type=\"widget\" data-widget_type=\"spacer.default\">\n\t\t\t\t<div class=\"elementor-widget-container\">\n\t\t\t\t\t\t\t<div class=\"elementor-spacer\">\n\t\t\t<div class=\"elementor-spacer-inner\"><\/div>\n\t\t<\/div>\n\t\t\t\t\t\t<\/div>\n\t\t\t\t<\/div>\n\t\t\t\t<\/div>\n\t\t\t\t<\/div>\n\t\t","protected":false},"excerpt":{"rendered":"<p>Teambuilding \u00een cadrul Prim\u0103riei T\u00e2rgu-Jiu Asocia\u021bia pentru Democra\u021bie Educa\u021bie Respect (ADER), \u00eempreun\u0103 cu Prim\u0103ria Municipiului T\u00e2rgu Jiu, a invitat tinerii t\u00e2rgujieni s\u0103 se al\u0103ture unui concept unic: team building \u00een cadrul Prim\u0103riei T\u00e2rgu-Jiu! Peste 20 de tineri, cu v\u00e2rsta cuprins\u0103 \u00eentre 14 \u0219i 35 de ani, au r\u0103spuns pozitiv acestei invita\u021bii. Dezvoltarea unei comunit\u0103\u021bi are&#8230;<\/p>\n","protected":false},"author":2,"featured_media":0,"parent":0,"menu_order":0,"comment_status":"closed","ping_status":"closed","template":"","meta":{"_kad_post_transparent":"","_kad_post_title":"hide","_kad_post_layout":"fullwidth","_kad_post_sidebar_id":"","_kad_post_content_style":"unboxed","_kad_post_vertical_padding":"hide","_kad_post_feature":"hide","_kad_post_feature_position":"","_kad_post_header":false,"_kad_post_footer":false,"_kad_post_classname":"","footnotes":""},"class_list":["post-2225","page","type-page","status-publish","hentry"],"rttpg_featured_image_url":null,"rttpg_author":{"display_name":"Calina Denis","author_link":"https:\/\/4ader.ro\/index.php\/author\/denis_1\/"},"rttpg_comment":0,"rttpg_category":null,"rttpg_excerpt":"Teambuilding \u00een cadrul Prim\u0103riei T\u00e2rgu-Jiu Asocia\u021bia pentru Democra\u021bie Educa\u021bie Respect (ADER), \u00eempreun\u0103 cu Prim\u0103ria Municipiului T\u00e2rgu Jiu, a invitat tinerii t\u00e2rgujieni s\u0103 se al\u0103ture unui concept unic: team building \u00een cadrul Prim\u0103riei T\u00e2rgu-Jiu! Peste 20 de tineri, cu v\u00e2rsta cuprins\u0103 \u00eentre 14 \u0219i 35 de ani, au r\u0103spuns pozitiv acestei invita\u021bii. Dezvoltarea unei comunit\u0103\u021bi are...","_links":{"self":[{"href":"https:\/\/4ader.ro\/index.php\/wp-json\/wp\/v2\/pages\/2225","targetHints":{"allow":["GET"]}}],"collection":[{"href":"https:\/\/4ader.ro\/index.php\/wp-json\/wp\/v2\/pages"}],"about":[{"href":"https:\/\/4ader.ro\/index.php\/wp-json\/wp\/v2\/types\/page"}],"author":[{"embeddable":true,"href":"https:\/\/4ader.ro\/index.php\/wp-json\/wp\/v2\/users\/2"}],"replies":[{"embeddable":true,"href":"https:\/\/4ader.ro\/index.php\/wp-json\/wp\/v2\/comments?post=2225"}],"version-history":[{"count":4,"href":"https:\/\/4ader.ro\/index.php\/wp-json\/wp\/v2\/pages\/2225\/revisions"}],"predecessor-version":[{"id":2233,"href":"https:\/\/4ader.ro\/index.php\/wp-json\/wp\/v2\/pages\/2225\/revisions\/2233"}],"wp:attachment":[{"href":"https:\/\/4ader.ro\/index.php\/wp-json\/wp\/v2\/media?parent=2225"}],"curies":[{"name":"wp","href":"https:\/\/api.w.org\/{rel}","templated":true}]}}