{"id":2185,"date":"2024-12-04T10:55:23","date_gmt":"2024-12-04T08:55:23","guid":{"rendered":"https:\/\/4ader.ro\/?page_id=2185"},"modified":"2024-12-04T10:59:59","modified_gmt":"2024-12-04T08:59:59","slug":"drag-de-oameni-01-iunie-2023","status":"publish","type":"page","link":"https:\/\/4ader.ro\/index.php\/drag-de-oameni-01-iunie-2023\/","title":{"rendered":"Drag de oameni &#8211; 01 Iunie 2023"},"content":{"rendered":"\t\t<div data-elementor-type=\"wp-page\" data-elementor-id=\"2185\" class=\"elementor elementor-2185\">\n\t\t\t\t<div class=\"elementor-element elementor-element-6b7413c e-con-full e-flex e-con e-parent\" data-id=\"6b7413c\" data-element_type=\"container\" data-settings=\"{&quot;background_background&quot;:&quot;classic&quot;}\">\n\t\t\t\t<div class=\"elementor-element elementor-element-df78692 elementor-widget elementor-widget-heading\" data-id=\"df78692\" data-element_type=\"widget\" data-widget_type=\"heading.default\">\n\t\t\t\t<div class=\"elementor-widget-container\">\n\t\t\t\t\t<h2 class=\"elementor-heading-title elementor-size-default\">Drag de oameni - 01 Iunie 2023<\/h2>\t\t\t\t<\/div>\n\t\t\t\t<\/div>\n\t\t\t\t<div class=\"elementor-element elementor-element-5ce37fa elementor-widget elementor-widget-text-editor\" data-id=\"5ce37fa\" data-element_type=\"widget\" data-widget_type=\"text-editor.default\">\n\t\t\t\t<div class=\"elementor-widget-container\">\n\t\t\t\t\t\t\t\t\t<p>Joi, 1 iunie 2023, \u00een intervalul orar 10:00 \u2013 14:00, \u00een Parcul Coloanei f\u0103r\u0103 Sf\u00e2r\u0219it din T\u00e2rgu Jiu, au fost organizate diverse activit\u0103\u021bi de tip art-terapie, incluz\u00e2nd ateliere de pictur\u0103 \u0219i ol\u0103rit, precum \u0219i terapie prin muzic\u0103 \u0219i dans, \u00een cadrul proiectului \u201eDrag de Oameni\u201d, implementat de Asocia\u021bia pentru Democra\u021bie Educa\u021bie Respect (ADER).<\/p><p>Proiectul \u201eDrag de Oameni\u201d este finan\u021bat prin programul Start ONG, lansat de Kaufland Rom\u00e2nia \u0219i implementat de Asocia\u021bia Act for Tomorrow, av\u00e2nd ca obiectiv incluziunea social\u0103 a tinerilor cu dizabilit\u0103\u021bi \u0219i promovarea solidarit\u0103\u021bii \u00een r\u00e2ndul gorjenilor.<\/p><p>Proiectul s-a desf\u0103\u0219urat sub egida programului T\u00e2rgu Jiu &#8211; Capitala Tineretului din Rom\u00e2nia 2023.<\/p>\t\t\t\t\t\t\t\t<\/div>\n\t\t\t\t<\/div>\n\t\t<div class=\"elementor-element elementor-element-4d0da06 e-grid e-con-full e-con e-child\" data-id=\"4d0da06\" data-element_type=\"container\">\n\t\t\t\t<div class=\"elementor-element elementor-element-a17eb52 elementor-widget elementor-widget-image\" data-id=\"a17eb52\" data-element_type=\"widget\" data-widget_type=\"image.default\">\n\t\t\t\t<div class=\"elementor-widget-container\">\n\t\t\t\t\t\t\t\t\t\t\t\t\t\t\t<img fetchpriority=\"high\" decoding=\"async\" width=\"780\" height=\"600\" src=\"https:\/\/4ader.ro\/wp-content\/uploads\/2024\/12\/Screenshot-2024-12-04-102452.png\" class=\"attachment-large size-large wp-image-2191\" alt=\"\" srcset=\"https:\/\/4ader.ro\/wp-content\/uploads\/2024\/12\/Screenshot-2024-12-04-102452.png 780w, https:\/\/4ader.ro\/wp-content\/uploads\/2024\/12\/Screenshot-2024-12-04-102452-300x231.png 300w, https:\/\/4ader.ro\/wp-content\/uploads\/2024\/12\/Screenshot-2024-12-04-102452-768x591.png 768w, https:\/\/4ader.ro\/wp-content\/uploads\/2024\/12\/Screenshot-2024-12-04-102452-200x154.png 200w\" sizes=\"(max-width: 780px) 100vw, 780px\" \/>\t\t\t\t\t\t\t\t\t\t\t\t\t\t\t<\/div>\n\t\t\t\t<\/div>\n\t\t\t\t<div class=\"elementor-element elementor-element-5a38e7f elementor-widget elementor-widget-image\" data-id=\"5a38e7f\" data-element_type=\"widget\" data-widget_type=\"image.default\">\n\t\t\t\t<div class=\"elementor-widget-container\">\n\t\t\t\t\t\t\t\t\t\t\t\t\t\t\t<img decoding=\"async\" width=\"789\" height=\"591\" src=\"https:\/\/4ader.ro\/wp-content\/uploads\/2024\/12\/Screenshot-2024-12-04-102505.png\" class=\"attachment-large size-large wp-image-2193\" alt=\"\" srcset=\"https:\/\/4ader.ro\/wp-content\/uploads\/2024\/12\/Screenshot-2024-12-04-102505.png 789w, https:\/\/4ader.ro\/wp-content\/uploads\/2024\/12\/Screenshot-2024-12-04-102505-300x225.png 300w, https:\/\/4ader.ro\/wp-content\/uploads\/2024\/12\/Screenshot-2024-12-04-102505-768x575.png 768w, https:\/\/4ader.ro\/wp-content\/uploads\/2024\/12\/Screenshot-2024-12-04-102505-200x150.png 200w\" sizes=\"(max-width: 789px) 100vw, 789px\" \/>\t\t\t\t\t\t\t\t\t\t\t\t\t\t\t<\/div>\n\t\t\t\t<\/div>\n\t\t\t\t<div class=\"elementor-element elementor-element-8d0ed3a elementor-widget elementor-widget-image\" data-id=\"8d0ed3a\" data-element_type=\"widget\" data-widget_type=\"image.default\">\n\t\t\t\t<div class=\"elementor-widget-container\">\n\t\t\t\t\t\t\t\t\t\t\t\t\t\t\t<img decoding=\"async\" width=\"368\" height=\"487\" src=\"https:\/\/4ader.ro\/wp-content\/uploads\/2024\/12\/Screenshot-2024-12-04-102458.png\" class=\"attachment-large size-large wp-image-2192\" alt=\"\" srcset=\"https:\/\/4ader.ro\/wp-content\/uploads\/2024\/12\/Screenshot-2024-12-04-102458.png 368w, https:\/\/4ader.ro\/wp-content\/uploads\/2024\/12\/Screenshot-2024-12-04-102458-227x300.png 227w, https:\/\/4ader.ro\/wp-content\/uploads\/2024\/12\/Screenshot-2024-12-04-102458-200x265.png 200w\" sizes=\"(max-width: 368px) 100vw, 368px\" \/>\t\t\t\t\t\t\t\t\t\t\t\t\t\t\t<\/div>\n\t\t\t\t<\/div>\n\t\t\t\t<div class=\"elementor-element elementor-element-ba4974f elementor-widget elementor-widget-image\" data-id=\"ba4974f\" data-element_type=\"widget\" data-widget_type=\"image.default\">\n\t\t\t\t<div class=\"elementor-widget-container\">\n\t\t\t\t\t\t\t\t\t\t\t\t\t\t\t<img loading=\"lazy\" decoding=\"async\" width=\"587\" height=\"403\" src=\"https:\/\/4ader.ro\/wp-content\/uploads\/2024\/12\/Screenshot-2024-12-04-102521.png\" class=\"attachment-large size-large wp-image-2190\" alt=\"\" srcset=\"https:\/\/4ader.ro\/wp-content\/uploads\/2024\/12\/Screenshot-2024-12-04-102521.png 587w, https:\/\/4ader.ro\/wp-content\/uploads\/2024\/12\/Screenshot-2024-12-04-102521-300x206.png 300w, https:\/\/4ader.ro\/wp-content\/uploads\/2024\/12\/Screenshot-2024-12-04-102521-200x137.png 200w\" sizes=\"(max-width: 587px) 100vw, 587px\" \/>\t\t\t\t\t\t\t\t\t\t\t\t\t\t\t<\/div>\n\t\t\t\t<\/div>\n\t\t\t\t<\/div>\n\t\t\t\t<div class=\"elementor-element elementor-element-dc59bf3 elementor-widget elementor-widget-spacer\" data-id=\"dc59bf3\" data-element_type=\"widget\" data-widget_type=\"spacer.default\">\n\t\t\t\t<div class=\"elementor-widget-container\">\n\t\t\t\t\t\t\t<div class=\"elementor-spacer\">\n\t\t\t<div class=\"elementor-spacer-inner\"><\/div>\n\t\t<\/div>\n\t\t\t\t\t\t<\/div>\n\t\t\t\t<\/div>\n\t\t\t\t<\/div>\n\t\t\t\t<\/div>\n\t\t","protected":false},"excerpt":{"rendered":"<p>Drag de oameni &#8211; 01 Iunie 2023 Joi, 1 iunie 2023, \u00een intervalul orar 10:00 \u2013 14:00, \u00een Parcul Coloanei f\u0103r\u0103 Sf\u00e2r\u0219it din T\u00e2rgu Jiu, au fost organizate diverse activit\u0103\u021bi de tip art-terapie, incluz\u00e2nd ateliere de pictur\u0103 \u0219i ol\u0103rit, precum \u0219i terapie prin muzic\u0103 \u0219i dans, \u00een cadrul proiectului \u201eDrag de Oameni\u201d, implementat de Asocia\u021bia&#8230;<\/p>\n","protected":false},"author":2,"featured_media":0,"parent":0,"menu_order":0,"comment_status":"closed","ping_status":"closed","template":"","meta":{"_kad_post_transparent":"","_kad_post_title":"hide","_kad_post_layout":"fullwidth","_kad_post_sidebar_id":"","_kad_post_content_style":"unboxed","_kad_post_vertical_padding":"hide","_kad_post_feature":"hide","_kad_post_feature_position":"","_kad_post_header":false,"_kad_post_footer":false,"_kad_post_classname":"","footnotes":""},"class_list":["post-2185","page","type-page","status-publish","hentry"],"rttpg_featured_image_url":null,"rttpg_author":{"display_name":"Calina Denis","author_link":"https:\/\/4ader.ro\/index.php\/author\/denis_1\/"},"rttpg_comment":0,"rttpg_category":null,"rttpg_excerpt":"Drag de oameni &#8211; 01 Iunie 2023 Joi, 1 iunie 2023, \u00een intervalul orar 10:00 \u2013 14:00, \u00een Parcul Coloanei f\u0103r\u0103 Sf\u00e2r\u0219it din T\u00e2rgu Jiu, au fost organizate diverse activit\u0103\u021bi de tip art-terapie, incluz\u00e2nd ateliere de pictur\u0103 \u0219i ol\u0103rit, precum \u0219i terapie prin muzic\u0103 \u0219i dans, \u00een cadrul proiectului \u201eDrag de Oameni\u201d, implementat de Asocia\u021bia...","_links":{"self":[{"href":"https:\/\/4ader.ro\/index.php\/wp-json\/wp\/v2\/pages\/2185","targetHints":{"allow":["GET"]}}],"collection":[{"href":"https:\/\/4ader.ro\/index.php\/wp-json\/wp\/v2\/pages"}],"about":[{"href":"https:\/\/4ader.ro\/index.php\/wp-json\/wp\/v2\/types\/page"}],"author":[{"embeddable":true,"href":"https:\/\/4ader.ro\/index.php\/wp-json\/wp\/v2\/users\/2"}],"replies":[{"embeddable":true,"href":"https:\/\/4ader.ro\/index.php\/wp-json\/wp\/v2\/comments?post=2185"}],"version-history":[{"count":4,"href":"https:\/\/4ader.ro\/index.php\/wp-json\/wp\/v2\/pages\/2185\/revisions"}],"predecessor-version":[{"id":2197,"href":"https:\/\/4ader.ro\/index.php\/wp-json\/wp\/v2\/pages\/2185\/revisions\/2197"}],"wp:attachment":[{"href":"https:\/\/4ader.ro\/index.php\/wp-json\/wp\/v2\/media?parent=2185"}],"curies":[{"name":"wp","href":"https:\/\/api.w.org\/{rel}","templated":true}]}}