{"id":195,"date":"2024-05-15T15:23:26","date_gmt":"2024-05-15T12:23:26","guid":{"rendered":"https:\/\/4ader.ro\/?page_id=195"},"modified":"2024-09-23T11:10:31","modified_gmt":"2024-09-23T08:10:31","slug":"200-de-ani-de-la-revolutia-lui-tudor-vladimirescu","status":"publish","type":"page","link":"https:\/\/4ader.ro\/index.php\/200-de-ani-de-la-revolutia-lui-tudor-vladimirescu\/","title":{"rendered":"200 de ani de la Revolu\u021bia lui Tudor Vladimirescu"},"content":{"rendered":"\t\t<div data-elementor-type=\"wp-page\" data-elementor-id=\"195\" class=\"elementor elementor-195\">\n\t\t\t\t<div class=\"elementor-element elementor-element-6b7413c e-con-full e-flex e-con e-parent\" data-id=\"6b7413c\" data-element_type=\"container\" data-settings=\"{&quot;background_background&quot;:&quot;classic&quot;}\">\n\t\t\t\t<div class=\"elementor-element elementor-element-df78692 elementor-widget elementor-widget-heading\" data-id=\"df78692\" data-element_type=\"widget\" data-widget_type=\"heading.default\">\n\t\t\t\t<div class=\"elementor-widget-container\">\n\t\t\t\t\t<h2 class=\"elementor-heading-title elementor-size-default\">PROIECT 200 DE ANI DE LA REVOLUTIA LUI TUDOR VLADIMIRESCU\n<\/h2>\t\t\t\t<\/div>\n\t\t\t\t<\/div>\n\t\t\t\t<div class=\"elementor-element elementor-element-fac28ec elementor-widget elementor-widget-text-editor\" data-id=\"fac28ec\" data-element_type=\"widget\" data-widget_type=\"text-editor.default\">\n\t\t\t\t<div class=\"elementor-widget-container\">\n\t\t\t\t\t\t\t\t\t<div class=\"kvgmc6g5 cxmmr5t8 oygrvhab hcukyx3x c1et5uql ii04i59q\"><div dir=\"auto\">Pe 27 mai s-au \u00eemplinit 200 de ani de la moartea lui Tudor Vladimirescu, domn al \u021a\u0103rii Rom\u00e2ne\u0219ti \u015fi conduc\u0103torul Revolu\u021biei de la 1821, unul dintre evenimentele care au marcat \u00eenceputul procesului de rena\u015ftere na\u0163ional\u0103 a Rom\u00e2niei.<\/div><\/div><div class=\"o9v6fnle cxmmr5t8 oygrvhab hcukyx3x c1et5uql ii04i59q\"><div dir=\"auto\">Pentru a marca acest eveniment, ADER-Asociatia pentru Democratie Educatie Respect a organizat proiectul \u201e200 de ani de la revolu\u021bia lui Tudor Vladimirescu\u201d, proiect finan\u021bat prin programul Start ONG, lansat de Kaufland Romania \u0219i implementat de Asocia\u021bia Act for Tomorrow, ce are ca obiective cre\u0219terea interesului elevilor pentru istoria rom\u00e2nilor \u0219i cultivarea imagina\u021biei \u0219i creativit\u0103\u021bii elevilor.<\/div><\/div><div class=\"o9v6fnle cxmmr5t8 oygrvhab hcukyx3x c1et5uql ii04i59q\"><div dir=\"auto\">Tudor Vladimirescu este o figur\u0103 emblematic\u0103 pentru ora\u0219ul T\u00e2rgu-Jiu, fiind reprezentat totodat\u0103 \u0219i de cea mai veche sculptur\u0103 din ora\u0219, inaugurat\u0103 \u00een anul 1898.<\/div><\/div><div class=\"o9v6fnle cxmmr5t8 oygrvhab hcukyx3x c1et5uql ii04i59q\"><div dir=\"auto\">Peste 150 de elevi din clasele a IX\u2013a \u0219i a-XII-a de la licee din T\u00e2rgu-Jiu au participat la seminare interactive, ce se bazeaz\u0103 pe metoda non-formal\u0103 Philips 6-6, astfel: coordonatorul de proiect (al\u0103turi de profesori de istorie) au prezentat tema, dup\u0103 elevii au urm\u0103rit un scurt documentar despre Revolu\u021bia lui T. Vladimirescu, iar dup\u0103 vizionare au fost \u00eemp\u0103r\u021bi\u021bi \u00een grupe de 6 elevi, discut\u00e2nd pe echipe documentarul, iar apoi prezint\u00e2nd impresiile fiec\u0103ruia. Totodat\u0103, a fost organizat \u0219i un concurs online de eseuri pe tema proiectului pentru 15 elevi. Cele mai bune eseuri au fost publicate \u00eentr-un volum cu ISBN, prin Editura Thoth.<\/div><div dir=\"auto\">Activitatea 1-Seminare interactive<\/div><div dir=\"auto\">-Colegiul Economic Virgil Madgearu din Targu Jiu<\/div><div dir=\"auto\">-Colegiul Nationat Tudor Vladimirescu din Targu Jiu<\/div><div dir=\"auto\">-Colegiul National Ecaterina Teodoroiu din Targu Jiu<\/div><div dir=\"auto\">-Liceul de Arte Constantin Brailoiu din Targu Jiu<\/div><div dir=\"auto\">-Colegiul Auto Traian Vuia din Targu Jiu<\/div><\/div>\t\t\t\t\t\t\t\t<\/div>\n\t\t\t\t<\/div>\n\t\t\t\t<div class=\"elementor-element elementor-element-08a79cf elementor-widget elementor-widget-image\" data-id=\"08a79cf\" data-element_type=\"widget\" data-widget_type=\"image.default\">\n\t\t\t\t<div class=\"elementor-widget-container\">\n\t\t\t\t\t\t\t\t\t\t\t\t\t\t\t<img fetchpriority=\"high\" decoding=\"async\" width=\"1024\" height=\"683\" src=\"https:\/\/4ader.ro\/wp-content\/uploads\/2024\/09\/186160619_3993976507359402_14895002384491092_n-1024x683.jpg\" class=\"attachment-large size-large wp-image-840\" alt=\"\" srcset=\"https:\/\/4ader.ro\/wp-content\/uploads\/2024\/09\/186160619_3993976507359402_14895002384491092_n-1024x683.jpg 1024w, https:\/\/4ader.ro\/wp-content\/uploads\/2024\/09\/186160619_3993976507359402_14895002384491092_n-300x200.jpg 300w, https:\/\/4ader.ro\/wp-content\/uploads\/2024\/09\/186160619_3993976507359402_14895002384491092_n-768x512.jpg 768w, https:\/\/4ader.ro\/wp-content\/uploads\/2024\/09\/186160619_3993976507359402_14895002384491092_n-1536x1024.jpg 1536w, https:\/\/4ader.ro\/wp-content\/uploads\/2024\/09\/186160619_3993976507359402_14895002384491092_n-200x133.jpg 200w, https:\/\/4ader.ro\/wp-content\/uploads\/2024\/09\/186160619_3993976507359402_14895002384491092_n.jpg 1944w\" sizes=\"(max-width: 1024px) 100vw, 1024px\" \/>\t\t\t\t\t\t\t\t\t\t\t\t\t\t\t<\/div>\n\t\t\t\t<\/div>\n\t\t\t\t<div class=\"elementor-element elementor-element-d0f263b elementor-widget elementor-widget-image\" data-id=\"d0f263b\" data-element_type=\"widget\" data-widget_type=\"image.default\">\n\t\t\t\t<div class=\"elementor-widget-container\">\n\t\t\t\t\t\t\t\t\t\t\t\t\t\t\t<img decoding=\"async\" width=\"1024\" height=\"796\" src=\"https:\/\/4ader.ro\/wp-content\/uploads\/2024\/09\/187955305_4013689552054764_6929517245034042267_n-1024x796.jpg\" class=\"attachment-large size-large wp-image-841\" alt=\"\" srcset=\"https:\/\/4ader.ro\/wp-content\/uploads\/2024\/09\/187955305_4013689552054764_6929517245034042267_n-1024x796.jpg 1024w, https:\/\/4ader.ro\/wp-content\/uploads\/2024\/09\/187955305_4013689552054764_6929517245034042267_n-300x233.jpg 300w, https:\/\/4ader.ro\/wp-content\/uploads\/2024\/09\/187955305_4013689552054764_6929517245034042267_n-768x597.jpg 768w, https:\/\/4ader.ro\/wp-content\/uploads\/2024\/09\/187955305_4013689552054764_6929517245034042267_n-1536x1194.jpg 1536w, https:\/\/4ader.ro\/wp-content\/uploads\/2024\/09\/187955305_4013689552054764_6929517245034042267_n-200x155.jpg 200w, https:\/\/4ader.ro\/wp-content\/uploads\/2024\/09\/187955305_4013689552054764_6929517245034042267_n.jpg 1660w\" sizes=\"(max-width: 1024px) 100vw, 1024px\" \/>\t\t\t\t\t\t\t\t\t\t\t\t\t\t\t<\/div>\n\t\t\t\t<\/div>\n\t\t\t\t<div class=\"elementor-element elementor-element-1c838e4 elementor-widget elementor-widget-image\" data-id=\"1c838e4\" data-element_type=\"widget\" data-widget_type=\"image.default\">\n\t\t\t\t<div class=\"elementor-widget-container\">\n\t\t\t\t\t\t\t\t\t\t\t\t\t\t\t<img decoding=\"async\" width=\"768\" height=\"1024\" src=\"https:\/\/4ader.ro\/wp-content\/uploads\/2024\/09\/191286129_4040281372728915_972642141833288006_n-768x1024.jpg\" class=\"attachment-large size-large wp-image-842\" alt=\"\" srcset=\"https:\/\/4ader.ro\/wp-content\/uploads\/2024\/09\/191286129_4040281372728915_972642141833288006_n-768x1024.jpg 768w, https:\/\/4ader.ro\/wp-content\/uploads\/2024\/09\/191286129_4040281372728915_972642141833288006_n-225x300.jpg 225w, https:\/\/4ader.ro\/wp-content\/uploads\/2024\/09\/191286129_4040281372728915_972642141833288006_n-1152x1536.jpg 1152w, https:\/\/4ader.ro\/wp-content\/uploads\/2024\/09\/191286129_4040281372728915_972642141833288006_n-200x267.jpg 200w, https:\/\/4ader.ro\/wp-content\/uploads\/2024\/09\/191286129_4040281372728915_972642141833288006_n.jpg 1512w\" sizes=\"(max-width: 768px) 100vw, 768px\" \/>\t\t\t\t\t\t\t\t\t\t\t\t\t\t\t<\/div>\n\t\t\t\t<\/div>\n\t\t\t\t<div class=\"elementor-element elementor-element-882aa9b elementor-widget elementor-widget-image\" data-id=\"882aa9b\" data-element_type=\"widget\" data-widget_type=\"image.default\">\n\t\t\t\t<div class=\"elementor-widget-container\">\n\t\t\t\t\t\t\t\t\t\t\t\t\t\t\t<img loading=\"lazy\" decoding=\"async\" width=\"1024\" height=\"768\" src=\"https:\/\/4ader.ro\/wp-content\/uploads\/2024\/09\/194999229_4058575334232852_4742263427900525251_n-1024x768.jpg\" class=\"attachment-large size-large wp-image-843\" alt=\"\" srcset=\"https:\/\/4ader.ro\/wp-content\/uploads\/2024\/09\/194999229_4058575334232852_4742263427900525251_n-1024x768.jpg 1024w, https:\/\/4ader.ro\/wp-content\/uploads\/2024\/09\/194999229_4058575334232852_4742263427900525251_n-300x225.jpg 300w, https:\/\/4ader.ro\/wp-content\/uploads\/2024\/09\/194999229_4058575334232852_4742263427900525251_n-768x576.jpg 768w, https:\/\/4ader.ro\/wp-content\/uploads\/2024\/09\/194999229_4058575334232852_4742263427900525251_n-1536x1152.jpg 1536w, https:\/\/4ader.ro\/wp-content\/uploads\/2024\/09\/194999229_4058575334232852_4742263427900525251_n-200x150.jpg 200w, https:\/\/4ader.ro\/wp-content\/uploads\/2024\/09\/194999229_4058575334232852_4742263427900525251_n.jpg 2016w\" sizes=\"(max-width: 1024px) 100vw, 1024px\" \/>\t\t\t\t\t\t\t\t\t\t\t\t\t\t\t<\/div>\n\t\t\t\t<\/div>\n\t\t\t\t<div class=\"elementor-element elementor-element-c1365de elementor-widget elementor-widget-image\" data-id=\"c1365de\" data-element_type=\"widget\" data-widget_type=\"image.default\">\n\t\t\t\t<div class=\"elementor-widget-container\">\n\t\t\t\t\t\t\t\t\t\t\t\t\t\t\t<img loading=\"lazy\" decoding=\"async\" width=\"1024\" height=\"683\" src=\"https:\/\/4ader.ro\/wp-content\/uploads\/2024\/09\/195975560_4066223860134666_4017362057918434490_n-1024x683.jpg\" class=\"attachment-large size-large wp-image-844\" alt=\"\" srcset=\"https:\/\/4ader.ro\/wp-content\/uploads\/2024\/09\/195975560_4066223860134666_4017362057918434490_n-1024x683.jpg 1024w, https:\/\/4ader.ro\/wp-content\/uploads\/2024\/09\/195975560_4066223860134666_4017362057918434490_n-300x200.jpg 300w, https:\/\/4ader.ro\/wp-content\/uploads\/2024\/09\/195975560_4066223860134666_4017362057918434490_n-768x512.jpg 768w, https:\/\/4ader.ro\/wp-content\/uploads\/2024\/09\/195975560_4066223860134666_4017362057918434490_n-1536x1024.jpg 1536w, https:\/\/4ader.ro\/wp-content\/uploads\/2024\/09\/195975560_4066223860134666_4017362057918434490_n-200x133.jpg 200w, https:\/\/4ader.ro\/wp-content\/uploads\/2024\/09\/195975560_4066223860134666_4017362057918434490_n.jpg 1944w\" sizes=\"(max-width: 1024px) 100vw, 1024px\" \/>\t\t\t\t\t\t\t\t\t\t\t\t\t\t\t<\/div>\n\t\t\t\t<\/div>\n\t\t\t\t<div class=\"elementor-element elementor-element-1817921 elementor-widget elementor-widget-text-editor\" data-id=\"1817921\" data-element_type=\"widget\" data-widget_type=\"text-editor.default\">\n\t\t\t\t<div class=\"elementor-widget-container\">\n\t\t\t\t\t\t\t\t\t<div dir=\"auto\">2. Cartea\u00a0<a title=\"Volum eseuri-200 de ani de la Revolutia\" href=\"http:\/\/www.4ader.ro\/uploads\/Eseuri_T%20Vladimirescu2.pdf\" target=\"_blank\" rel=\"noopener\">200 de ani de la Revolutia lui Tudor Vladimirescu-Editura Thoth, 2021<\/a><\/div><div dir=\"auto\">3.\u00a0<a href=\"http:\/\/www.4ader.ro\/uploads\/filmfinal.mp4\" target=\"_blank\" rel=\"noopener\">Film Proiect: 200 de ani de la Revolutia lui Tudor Vladimirescu<\/a><\/div><div dir=\"auto\"><a class=\"oajrlxb2 g5ia77u1 qu0x051f esr5mh6w e9989ue4 r7d6kgcz rq0escxv nhd2j8a9 nc684nl6 p7hjln8o kvgmc6g5 cxmmr5t8 oygrvhab hcukyx3x jb3vyjys rz4wbd8a qt6c0cv9 a8nywdso i1ao9s8h esuyzwwr f1sip0of lzcic4wl q66pz984 gpro0wi8 b1v8xokw\" tabindex=\"0\" href=\"https:\/\/www.facebook.com\/startongromania\/?__cft__[0]=AZX6wkciP3FAZidH7QlqXnr2-HUUo7i-SD0Of3QUQW20a7GxqiYomKEkAcoDYcApSY3Cy5r2QkbMzt7YSPhVBEUk59lG_IQzOLT-0rYLAmLJXz9S8tDE1Yz442lLthdScgxTdn6ixDFdJdDMe8ehlskYEWZuGE1UFcTeUZdHQOUmlY8K5scVTfVozJL-TInd4AQ&amp;__tn__=kK-R\" target=\"_blank\" rel=\"noopener\">Start ONG<\/a><\/div><div dir=\"auto\"><a class=\"oajrlxb2 g5ia77u1 qu0x051f esr5mh6w e9989ue4 r7d6kgcz rq0escxv nhd2j8a9 nc684nl6 p7hjln8o kvgmc6g5 cxmmr5t8 oygrvhab hcukyx3x jb3vyjys rz4wbd8a qt6c0cv9 a8nywdso i1ao9s8h esuyzwwr f1sip0of lzcic4wl q66pz984 gpro0wi8 b1v8xokw\" tabindex=\"0\" href=\"https:\/\/www.facebook.com\/hashtag\/startong?__eep__=6&amp;__cft__[0]=AZX6wkciP3FAZidH7QlqXnr2-HUUo7i-SD0Of3QUQW20a7GxqiYomKEkAcoDYcApSY3Cy5r2QkbMzt7YSPhVBEUk59lG_IQzOLT-0rYLAmLJXz9S8tDE1Yz442lLthdScgxTdn6ixDFdJdDMe8ehlskYEWZuGE1UFcTeUZdHQOUmlY8K5scVTfVozJL-TInd4AQ&amp;__tn__=*NK-R\" target=\"_blank\" rel=\"noopener\">#StartONG<\/a>\u00a0<a class=\"oajrlxb2 g5ia77u1 qu0x051f esr5mh6w e9989ue4 r7d6kgcz rq0escxv nhd2j8a9 nc684nl6 p7hjln8o kvgmc6g5 cxmmr5t8 oygrvhab hcukyx3x jb3vyjys rz4wbd8a qt6c0cv9 a8nywdso i1ao9s8h esuyzwwr f1sip0of lzcic4wl q66pz984 gpro0wi8 b1v8xokw\" tabindex=\"0\" href=\"https:\/\/www.facebook.com\/hashtag\/implicareafacediferenta?__eep__=6&amp;__cft__[0]=AZX6wkciP3FAZidH7QlqXnr2-HUUo7i-SD0Of3QUQW20a7GxqiYomKEkAcoDYcApSY3Cy5r2QkbMzt7YSPhVBEUk59lG_IQzOLT-0rYLAmLJXz9S8tDE1Yz442lLthdScgxTdn6ixDFdJdDMe8ehlskYEWZuGE1UFcTeUZdHQOUmlY8K5scVTfVozJL-TInd4AQ&amp;__tn__=*NK-R\" target=\"_blank\" rel=\"noopener\">#ImplicareaFaceDiferenta<\/a>\u00a0<a class=\"oajrlxb2 g5ia77u1 qu0x051f esr5mh6w e9989ue4 r7d6kgcz rq0escxv nhd2j8a9 nc684nl6 p7hjln8o kvgmc6g5 cxmmr5t8 oygrvhab hcukyx3x jb3vyjys rz4wbd8a qt6c0cv9 a8nywdso i1ao9s8h esuyzwwr f1sip0of lzcic4wl q66pz984 gpro0wi8 b1v8xokw\" tabindex=\"0\" href=\"https:\/\/www.facebook.com\/hashtag\/kauflandromania?__eep__=6&amp;__cft__[0]=AZX6wkciP3FAZidH7QlqXnr2-HUUo7i-SD0Of3QUQW20a7GxqiYomKEkAcoDYcApSY3Cy5r2QkbMzt7YSPhVBEUk59lG_IQzOLT-0rYLAmLJXz9S8tDE1Yz442lLthdScgxTdn6ixDFdJdDMe8ehlskYEWZuGE1UFcTeUZdHQOUmlY8K5scVTfVozJL-TInd4AQ&amp;__tn__=*NK-R\" target=\"_blank\" rel=\"noopener\">#KauflandRomania<\/a>\u00a0<a class=\"oajrlxb2 g5ia77u1 qu0x051f esr5mh6w e9989ue4 r7d6kgcz rq0escxv nhd2j8a9 nc684nl6 p7hjln8o kvgmc6g5 cxmmr5t8 oygrvhab hcukyx3x jb3vyjys rz4wbd8a qt6c0cv9 a8nywdso i1ao9s8h esuyzwwr f1sip0of lzcic4wl q66pz984 gpro0wi8 b1v8xokw\" tabindex=\"0\" href=\"https:\/\/www.facebook.com\/hashtag\/actfortomorrow?__eep__=6&amp;__cft__[0]=AZX6wkciP3FAZidH7QlqXnr2-HUUo7i-SD0Of3QUQW20a7GxqiYomKEkAcoDYcApSY3Cy5r2QkbMzt7YSPhVBEUk59lG_IQzOLT-0rYLAmLJXz9S8tDE1Yz442lLthdScgxTdn6ixDFdJdDMe8ehlskYEWZuGE1UFcTeUZdHQOUmlY8K5scVTfVozJL-TInd4AQ&amp;__tn__=*NK-R\" target=\"_blank\" rel=\"noopener\">#ActforTomorrow<\/a><\/div>\t\t\t\t\t\t\t\t<\/div>\n\t\t\t\t<\/div>\n\t\t\t\t<div class=\"elementor-element elementor-element-0efc48a elementor-widget elementor-widget-spacer\" data-id=\"0efc48a\" data-element_type=\"widget\" data-widget_type=\"spacer.default\">\n\t\t\t\t<div class=\"elementor-widget-container\">\n\t\t\t\t\t\t\t<div class=\"elementor-spacer\">\n\t\t\t<div class=\"elementor-spacer-inner\"><\/div>\n\t\t<\/div>\n\t\t\t\t\t\t<\/div>\n\t\t\t\t<\/div>\n\t\t\t\t<\/div>\n\t\t\t\t<\/div>\n\t\t","protected":false},"excerpt":{"rendered":"<p>PROIECT 200 DE ANI DE LA REVOLUTIA LUI TUDOR VLADIMIRESCU Pe 27 mai s-au \u00eemplinit 200 de ani de la moartea lui Tudor Vladimirescu, domn al \u021a\u0103rii Rom\u00e2ne\u0219ti \u015fi conduc\u0103torul Revolu\u021biei de la 1821, unul dintre evenimentele care au marcat \u00eenceputul procesului de rena\u015ftere na\u0163ional\u0103 a Rom\u00e2niei.Pentru a marca acest eveniment, ADER-Asociatia pentru Democratie Educatie&#8230;<\/p>\n","protected":false},"author":2,"featured_media":0,"parent":0,"menu_order":0,"comment_status":"closed","ping_status":"closed","template":"","meta":{"_kad_post_transparent":"","_kad_post_title":"hide","_kad_post_layout":"fullwidth","_kad_post_sidebar_id":"","_kad_post_content_style":"unboxed","_kad_post_vertical_padding":"hide","_kad_post_feature":"hide","_kad_post_feature_position":"","_kad_post_header":false,"_kad_post_footer":false,"_kad_post_classname":"","footnotes":""},"class_list":["post-195","page","type-page","status-publish","hentry"],"rttpg_featured_image_url":null,"rttpg_author":{"display_name":"Calina Denis","author_link":"https:\/\/4ader.ro\/index.php\/author\/denis_1\/"},"rttpg_comment":0,"rttpg_category":null,"rttpg_excerpt":"PROIECT 200 DE ANI DE LA REVOLUTIA LUI TUDOR VLADIMIRESCU Pe 27 mai s-au \u00eemplinit 200 de ani de la moartea lui Tudor Vladimirescu, domn al \u021a\u0103rii Rom\u00e2ne\u0219ti \u015fi conduc\u0103torul Revolu\u021biei de la 1821, unul dintre evenimentele care au marcat \u00eenceputul procesului de rena\u015ftere na\u0163ional\u0103 a Rom\u00e2niei.Pentru a marca acest eveniment, ADER-Asociatia pentru Democratie Educatie...","_links":{"self":[{"href":"https:\/\/4ader.ro\/index.php\/wp-json\/wp\/v2\/pages\/195","targetHints":{"allow":["GET"]}}],"collection":[{"href":"https:\/\/4ader.ro\/index.php\/wp-json\/wp\/v2\/pages"}],"about":[{"href":"https:\/\/4ader.ro\/index.php\/wp-json\/wp\/v2\/types\/page"}],"author":[{"embeddable":true,"href":"https:\/\/4ader.ro\/index.php\/wp-json\/wp\/v2\/users\/2"}],"replies":[{"embeddable":true,"href":"https:\/\/4ader.ro\/index.php\/wp-json\/wp\/v2\/comments?post=195"}],"version-history":[{"count":25,"href":"https:\/\/4ader.ro\/index.php\/wp-json\/wp\/v2\/pages\/195\/revisions"}],"predecessor-version":[{"id":1403,"href":"https:\/\/4ader.ro\/index.php\/wp-json\/wp\/v2\/pages\/195\/revisions\/1403"}],"wp:attachment":[{"href":"https:\/\/4ader.ro\/index.php\/wp-json\/wp\/v2\/media?parent=195"}],"curies":[{"name":"wp","href":"https:\/\/api.w.org\/{rel}","templated":true}]}}