{"id":1905,"date":"2024-10-18T10:38:54","date_gmt":"2024-10-18T07:38:54","guid":{"rendered":"https:\/\/4ader.ro\/?page_id=1905"},"modified":"2024-10-18T10:41:26","modified_gmt":"2024-10-18T07:41:26","slug":"daruieste-pentru-viitor","status":"publish","type":"page","link":"https:\/\/4ader.ro\/index.php\/daruieste-pentru-viitor\/","title":{"rendered":"D\u0103ruie\u0219te pentru viitor!"},"content":{"rendered":"\t\t<div data-elementor-type=\"wp-page\" data-elementor-id=\"1905\" class=\"elementor elementor-1905\">\n\t\t\t\t<div class=\"elementor-element elementor-element-6b7413c e-con-full e-flex e-con e-parent\" data-id=\"6b7413c\" data-element_type=\"container\" data-settings=\"{&quot;background_background&quot;:&quot;classic&quot;}\">\n\t\t\t\t<div class=\"elementor-element elementor-element-df78692 elementor-widget elementor-widget-heading\" data-id=\"df78692\" data-element_type=\"widget\" data-widget_type=\"heading.default\">\n\t\t\t\t<div class=\"elementor-widget-container\">\n\t\t\t\t\t<h2 class=\"elementor-heading-title elementor-size-default\">D\u0103ruie\u0219te pentru viitor! - decembrie 2022 <\/h2>\t\t\t\t<\/div>\n\t\t\t\t<\/div>\n\t\t\t\t<div class=\"elementor-element elementor-element-fac28ec elementor-widget elementor-widget-text-editor\" data-id=\"fac28ec\" data-element_type=\"widget\" data-widget_type=\"text-editor.default\">\n\t\t\t\t<div class=\"elementor-widget-container\">\n\t\t\t\t\t\t\t\t\t<p>\u00cen apropierea s\u0103rb\u0103torilor de iarn\u0103, ADER al\u0103turi de Mo\u0219 Cr\u0103ciun a participat la oferirea de cadouri pentru copiii de la<br \/>\u0219colile din Dr\u0103gu\u021be\u0219ti, Carbunesti Sat, Stefanesti (jude\u021bul Gorj).<\/p>\t\t\t\t\t\t\t\t<\/div>\n\t\t\t\t<\/div>\n\t\t\t\t<div class=\"elementor-element elementor-element-e582650 elementor-widget elementor-widget-image\" data-id=\"e582650\" data-element_type=\"widget\" data-widget_type=\"image.default\">\n\t\t\t\t<div class=\"elementor-widget-container\">\n\t\t\t\t\t\t\t\t\t\t\t\t\t\t\t<img fetchpriority=\"high\" decoding=\"async\" width=\"755\" height=\"566\" src=\"https:\/\/4ader.ro\/wp-content\/uploads\/2024\/10\/49.jpg\" class=\"attachment-large size-large wp-image-1907\" alt=\"\" srcset=\"https:\/\/4ader.ro\/wp-content\/uploads\/2024\/10\/49.jpg 755w, https:\/\/4ader.ro\/wp-content\/uploads\/2024\/10\/49-300x225.jpg 300w, https:\/\/4ader.ro\/wp-content\/uploads\/2024\/10\/49-200x150.jpg 200w\" sizes=\"(max-width: 755px) 100vw, 755px\" \/>\t\t\t\t\t\t\t\t\t\t\t\t\t\t\t<\/div>\n\t\t\t\t<\/div>\n\t\t\t\t<div class=\"elementor-element elementor-element-c094d79 elementor-widget elementor-widget-image\" data-id=\"c094d79\" data-element_type=\"widget\" data-widget_type=\"image.default\">\n\t\t\t\t<div class=\"elementor-widget-container\">\n\t\t\t\t\t\t\t\t\t\t\t\t\t\t\t<img decoding=\"async\" width=\"788\" height=\"591\" src=\"https:\/\/4ader.ro\/wp-content\/uploads\/2024\/10\/50.jpg\" class=\"attachment-large size-large wp-image-1908\" alt=\"\" srcset=\"https:\/\/4ader.ro\/wp-content\/uploads\/2024\/10\/50.jpg 788w, https:\/\/4ader.ro\/wp-content\/uploads\/2024\/10\/50-300x225.jpg 300w, https:\/\/4ader.ro\/wp-content\/uploads\/2024\/10\/50-768x576.jpg 768w, https:\/\/4ader.ro\/wp-content\/uploads\/2024\/10\/50-200x150.jpg 200w\" sizes=\"(max-width: 788px) 100vw, 788px\" \/>\t\t\t\t\t\t\t\t\t\t\t\t\t\t\t<\/div>\n\t\t\t\t<\/div>\n\t\t\t\t<div class=\"elementor-element elementor-element-0ea7bce elementor-widget elementor-widget-spacer\" data-id=\"0ea7bce\" data-element_type=\"widget\" data-widget_type=\"spacer.default\">\n\t\t\t\t<div class=\"elementor-widget-container\">\n\t\t\t\t\t\t\t<div class=\"elementor-spacer\">\n\t\t\t<div class=\"elementor-spacer-inner\"><\/div>\n\t\t<\/div>\n\t\t\t\t\t\t<\/div>\n\t\t\t\t<\/div>\n\t\t\t\t<\/div>\n\t\t\t\t<\/div>\n\t\t","protected":false},"excerpt":{"rendered":"<p>D\u0103ruie\u0219te pentru viitor! &#8211; decembrie 2022 \u00cen apropierea s\u0103rb\u0103torilor de iarn\u0103, ADER al\u0103turi de Mo\u0219 Cr\u0103ciun a participat la oferirea de cadouri pentru copiii de la\u0219colile din Dr\u0103gu\u021be\u0219ti, Carbunesti Sat, Stefanesti (jude\u021bul Gorj).<\/p>\n","protected":false},"author":2,"featured_media":0,"parent":0,"menu_order":0,"comment_status":"closed","ping_status":"closed","template":"","meta":{"_kad_post_transparent":"","_kad_post_title":"hide","_kad_post_layout":"fullwidth","_kad_post_sidebar_id":"","_kad_post_content_style":"unboxed","_kad_post_vertical_padding":"hide","_kad_post_feature":"hide","_kad_post_feature_position":"","_kad_post_header":false,"_kad_post_footer":false,"_kad_post_classname":"","footnotes":""},"class_list":["post-1905","page","type-page","status-publish","hentry"],"rttpg_featured_image_url":null,"rttpg_author":{"display_name":"Calina Denis","author_link":"https:\/\/4ader.ro\/index.php\/author\/denis_1\/"},"rttpg_comment":0,"rttpg_category":null,"rttpg_excerpt":"D\u0103ruie\u0219te pentru viitor! &#8211; decembrie 2022 \u00cen apropierea s\u0103rb\u0103torilor de iarn\u0103, ADER al\u0103turi de Mo\u0219 Cr\u0103ciun a participat la oferirea de cadouri pentru copiii de la\u0219colile din Dr\u0103gu\u021be\u0219ti, Carbunesti Sat, Stefanesti (jude\u021bul Gorj).","_links":{"self":[{"href":"https:\/\/4ader.ro\/index.php\/wp-json\/wp\/v2\/pages\/1905","targetHints":{"allow":["GET"]}}],"collection":[{"href":"https:\/\/4ader.ro\/index.php\/wp-json\/wp\/v2\/pages"}],"about":[{"href":"https:\/\/4ader.ro\/index.php\/wp-json\/wp\/v2\/types\/page"}],"author":[{"embeddable":true,"href":"https:\/\/4ader.ro\/index.php\/wp-json\/wp\/v2\/users\/2"}],"replies":[{"embeddable":true,"href":"https:\/\/4ader.ro\/index.php\/wp-json\/wp\/v2\/comments?post=1905"}],"version-history":[{"count":4,"href":"https:\/\/4ader.ro\/index.php\/wp-json\/wp\/v2\/pages\/1905\/revisions"}],"predecessor-version":[{"id":1911,"href":"https:\/\/4ader.ro\/index.php\/wp-json\/wp\/v2\/pages\/1905\/revisions\/1911"}],"wp:attachment":[{"href":"https:\/\/4ader.ro\/index.php\/wp-json\/wp\/v2\/media?parent=1905"}],"curies":[{"name":"wp","href":"https:\/\/api.w.org\/{rel}","templated":true}]}}