{"id":1850,"date":"2024-10-18T10:04:35","date_gmt":"2024-10-18T07:04:35","guid":{"rendered":"https:\/\/4ader.ro\/?page_id=1850"},"modified":"2024-10-18T10:09:51","modified_gmt":"2024-10-18T07:09:51","slug":"adera-la-o-conduita-preventiva-in-lumea-virtuala-1","status":"publish","type":"page","link":"https:\/\/4ader.ro\/index.php\/adera-la-o-conduita-preventiva-in-lumea-virtuala-1\/","title":{"rendered":"ADER\u0102 LA O CONDUIT\u0102 PREVENTIV\u0102 IN LUMEA VIRTUAL\u0102 (1)"},"content":{"rendered":"\t\t<div data-elementor-type=\"wp-page\" data-elementor-id=\"1850\" class=\"elementor elementor-1850\">\n\t\t\t\t<div class=\"elementor-element elementor-element-c85c370 e-flex e-con-boxed e-con e-parent\" data-id=\"c85c370\" data-element_type=\"container\">\n\t\t\t\t\t<div class=\"e-con-inner\">\n\t\t\t\t<div class=\"elementor-element elementor-element-484aa3d elementor-widget elementor-widget-heading\" data-id=\"484aa3d\" data-element_type=\"widget\" data-widget_type=\"heading.default\">\n\t\t\t\t<div class=\"elementor-widget-container\">\n\t\t\t\t\t<h2 class=\"elementor-heading-title elementor-size-default\">ADER\u0102 LA O CONDUIT\u0102 PREVENTIV\u0102 IN LUMEA VIRTUAL\u0102 (1) - Septembrie \u2013 Decembrie 2022 <\/h2>\t\t\t\t<\/div>\n\t\t\t\t<\/div>\n\t\t\t\t\t<\/div>\n\t\t\t\t<\/div>\n\t\t<div class=\"elementor-element elementor-element-9dc3e5d e-flex e-con-boxed e-con e-parent\" data-id=\"9dc3e5d\" data-element_type=\"container\">\n\t\t\t\t\t<div class=\"e-con-inner\">\n\t\t<div class=\"elementor-element elementor-element-e7005f6 e-con-full e-flex e-con e-child\" data-id=\"e7005f6\" data-element_type=\"container\">\n\t\t\t\t<div class=\"elementor-element elementor-element-5707c5c elementor-widget elementor-widget-text-editor\" data-id=\"5707c5c\" data-element_type=\"widget\" data-widget_type=\"text-editor.default\">\n\t\t\t\t<div class=\"elementor-widget-container\">\n\t\t\t\t\t\t\t\t\t<p>Asocia\u021bia pentru Democra\u021bie Educa\u021bie Respect a organizat \u00een perioada Septembrie \u2013 Decembrie 2022 proiectul \u201cADER\u0102 LA O CONDUIT\u0102 PREVENTIV\u0102 IN LUMEA VIRTUAL\u0102\u201d.<\/p>\n<p>Proiectul a fost realizat cu sprijinul UAT Municipiul T\u00e2rgu Jiu \u0219i al Consiliului Local T\u00e2rgu Jiu.\u00a0<\/p>\n<p>Con\u021binutul acestui proiect nu reflect\u0103 neap\u0103rat pozi\u021bia UAT Municipiul T\u00e2rgu Jiu \u0219i nu implic\u0103 nicio responsabilitate din partea acesteia.<\/p>\n<p><br \/>Scopul proiectului a fost promovarea printr-o educa\u021bie non-formal\u0103 a regulilor de conduit\u0103 online pentru protec\u0163ia individual\u0103 \u015fi familial\u0103 \u00een r\u00e2ndul tinerilor.<\/p>\n<p><br \/>Principalele obiective urm\u0103rite prin implementarea proiectului au fost: cre\u015fterea gradului de promovare a m\u0103surilor de preven\u021bie \u00een mediul virtual; cre\u0219terea gradului de con\u0219tientizare a tinerilor cu privire la riscurile din mediul virtual.<\/p>\n<p><br \/>Beneficiarii direc\u021bi ai proiectului au fost peste 180 tineri (14 \u2013 35 ani) din Municipiul T\u00e2rgu-Jiu.<\/p>\n<p><br \/>Activit\u0103\u021bile destinate grupului \u021bint\u0103 au fost:<br \/>1. Seminar interactiv \u201eSigurNet!\u201d\u201d (noiembrie 2022)<br \/>2. Flash mob \u201eADER\u0103 la o conduit\u0103 preventiv\u0103 \u00een lumea virtual\u0103\u201d (decembrie 2022)<\/p>\n<p><br \/>1. Seminar interactiv \u201eSigurNet!\u201d\u201d (noiembrie 2022)\u00a0<\/p>\n<p>\u00cen sus\u021binerea seminarelor, echipei ADER i s-au al\u0103turat doi speciali\u0219ti \u00een securitate cibernetic\u0103 care prin informa\u021biile oferite i-au ajutat pe tineri \u00een formarea unei conduite preventive \u00een mediul online.<\/p>\n<p><br \/>Temele \u0219i speciali\u0219tii \u00een securitate cibernetic\u0103 prezen\u021bi la seminare au fost:<\/p>\n<p>A. Servicii de tehnologia informa\u021biei \u0219i securitate cibernetic\u0103 pentru institu\u021biile publice, Mihai \u0218cheau \u0218eful Direc\u021biei Jude\u021bene de Telecomunica\u021bii Speciale Gorj din cadrul Serviciului de Telecomunica\u021bii Speciale<\/p>\n<p>B. Conduit\u0103 preventiv\u0103 privind amenin\u021b\u0103rile cibernetice Mircea Constantin \u0218cheau, Cercet\u0103tor Universitatea Babe\u0219- Bolyai, Voluntar Directoratul Na\u021bional de Securitate Cibernetic\u0103<\/p>\t\t\t\t\t\t\t\t<\/div>\n\t\t\t\t<\/div>\n\t\t\t\t<div class=\"elementor-element elementor-element-70281e7 elementor-widget elementor-widget-spacer\" data-id=\"70281e7\" data-element_type=\"widget\" data-widget_type=\"spacer.default\">\n\t\t\t\t<div class=\"elementor-widget-container\">\n\t\t\t\t\t\t\t<div class=\"elementor-spacer\">\n\t\t\t<div class=\"elementor-spacer-inner\"><\/div>\n\t\t<\/div>\n\t\t\t\t\t\t<\/div>\n\t\t\t\t<\/div>\n\t\t\t\t<\/div>\n\t\t<div class=\"elementor-element elementor-element-f438891 e-con-full e-flex e-con e-child\" data-id=\"f438891\" data-element_type=\"container\">\n\t\t\t\t<div class=\"elementor-element elementor-element-011cda6 elementor-widget elementor-widget-image\" data-id=\"011cda6\" data-element_type=\"widget\" data-widget_type=\"image.default\">\n\t\t\t\t<div class=\"elementor-widget-container\">\n\t\t\t\t\t\t\t\t\t\t\t\t\t\t\t<img fetchpriority=\"high\" decoding=\"async\" width=\"457\" height=\"343\" src=\"https:\/\/4ader.ro\/wp-content\/uploads\/2024\/10\/38.jpg\" class=\"attachment-large size-large wp-image-1853\" alt=\"\" srcset=\"https:\/\/4ader.ro\/wp-content\/uploads\/2024\/10\/38.jpg 457w, https:\/\/4ader.ro\/wp-content\/uploads\/2024\/10\/38-300x225.jpg 300w, https:\/\/4ader.ro\/wp-content\/uploads\/2024\/10\/38-200x150.jpg 200w\" sizes=\"(max-width: 457px) 100vw, 457px\" \/>\t\t\t\t\t\t\t\t\t\t\t\t\t\t\t<\/div>\n\t\t\t\t<\/div>\n\t\t\t\t<div class=\"elementor-element elementor-element-84a959e elementor-widget elementor-widget-image\" data-id=\"84a959e\" data-element_type=\"widget\" data-widget_type=\"image.default\">\n\t\t\t\t<div class=\"elementor-widget-container\">\n\t\t\t\t\t\t\t\t\t\t\t\t\t\t\t<img decoding=\"async\" width=\"545\" height=\"339\" src=\"https:\/\/4ader.ro\/wp-content\/uploads\/2024\/10\/37.jpg\" class=\"attachment-large size-large wp-image-1852\" alt=\"\" srcset=\"https:\/\/4ader.ro\/wp-content\/uploads\/2024\/10\/37.jpg 545w, https:\/\/4ader.ro\/wp-content\/uploads\/2024\/10\/37-300x187.jpg 300w, https:\/\/4ader.ro\/wp-content\/uploads\/2024\/10\/37-200x124.jpg 200w\" sizes=\"(max-width: 545px) 100vw, 545px\" \/>\t\t\t\t\t\t\t\t\t\t\t\t\t\t\t<\/div>\n\t\t\t\t<\/div>\n\t\t\t\t<\/div>\n\t\t\t\t\t<\/div>\n\t\t\t\t<\/div>\n\t\t\t\t<\/div>\n\t\t","protected":false},"excerpt":{"rendered":"<p>ADER\u0102 LA O CONDUIT\u0102 PREVENTIV\u0102 IN LUMEA VIRTUAL\u0102 (1) &#8211; Septembrie \u2013 Decembrie 2022 Asocia\u021bia pentru Democra\u021bie Educa\u021bie Respect a organizat \u00een perioada Septembrie \u2013 Decembrie 2022 proiectul \u201cADER\u0102 LA O CONDUIT\u0102 PREVENTIV\u0102 IN LUMEA VIRTUAL\u0102\u201d. Proiectul a fost realizat cu sprijinul UAT Municipiul T\u00e2rgu Jiu \u0219i al Consiliului Local T\u00e2rgu Jiu.\u00a0 Con\u021binutul acestui proiect&#8230;<\/p>\n","protected":false},"author":2,"featured_media":0,"parent":0,"menu_order":0,"comment_status":"closed","ping_status":"closed","template":"","meta":{"_kad_post_transparent":"","_kad_post_title":"hide","_kad_post_layout":"fullwidth","_kad_post_sidebar_id":"","_kad_post_content_style":"unboxed","_kad_post_vertical_padding":"hide","_kad_post_feature":"hide","_kad_post_feature_position":"","_kad_post_header":false,"_kad_post_footer":false,"_kad_post_classname":"","footnotes":""},"class_list":["post-1850","page","type-page","status-publish","hentry"],"rttpg_featured_image_url":null,"rttpg_author":{"display_name":"Calina Denis","author_link":"https:\/\/4ader.ro\/index.php\/author\/denis_1\/"},"rttpg_comment":0,"rttpg_category":null,"rttpg_excerpt":"ADER\u0102 LA O CONDUIT\u0102 PREVENTIV\u0102 IN LUMEA VIRTUAL\u0102 (1) &#8211; Septembrie \u2013 Decembrie 2022 Asocia\u021bia pentru Democra\u021bie Educa\u021bie Respect a organizat \u00een perioada Septembrie \u2013 Decembrie 2022 proiectul \u201cADER\u0102 LA O CONDUIT\u0102 PREVENTIV\u0102 IN LUMEA VIRTUAL\u0102\u201d. Proiectul a fost realizat cu sprijinul UAT Municipiul T\u00e2rgu Jiu \u0219i al Consiliului Local T\u00e2rgu Jiu.\u00a0 Con\u021binutul acestui proiect...","_links":{"self":[{"href":"https:\/\/4ader.ro\/index.php\/wp-json\/wp\/v2\/pages\/1850","targetHints":{"allow":["GET"]}}],"collection":[{"href":"https:\/\/4ader.ro\/index.php\/wp-json\/wp\/v2\/pages"}],"about":[{"href":"https:\/\/4ader.ro\/index.php\/wp-json\/wp\/v2\/types\/page"}],"author":[{"embeddable":true,"href":"https:\/\/4ader.ro\/index.php\/wp-json\/wp\/v2\/users\/2"}],"replies":[{"embeddable":true,"href":"https:\/\/4ader.ro\/index.php\/wp-json\/wp\/v2\/comments?post=1850"}],"version-history":[{"count":7,"href":"https:\/\/4ader.ro\/index.php\/wp-json\/wp\/v2\/pages\/1850\/revisions"}],"predecessor-version":[{"id":1860,"href":"https:\/\/4ader.ro\/index.php\/wp-json\/wp\/v2\/pages\/1850\/revisions\/1860"}],"wp:attachment":[{"href":"https:\/\/4ader.ro\/index.php\/wp-json\/wp\/v2\/media?parent=1850"}],"curies":[{"name":"wp","href":"https:\/\/api.w.org\/{rel}","templated":true}]}}