{"id":1826,"date":"2024-10-18T09:49:03","date_gmt":"2024-10-18T06:49:03","guid":{"rendered":"https:\/\/4ader.ro\/?page_id=1826"},"modified":"2024-10-18T09:50:27","modified_gmt":"2024-10-18T06:50:27","slug":"targu-jiu-schimba-pet-ul-cu-biletul-partener-ader","status":"publish","type":"page","link":"https:\/\/4ader.ro\/index.php\/targu-jiu-schimba-pet-ul-cu-biletul-partener-ader\/","title":{"rendered":"T\u00e2rgu Jiu &#8211; Schimb\u0103 PET-ul cu biletul \u2013 partener ADER"},"content":{"rendered":"\t\t<div data-elementor-type=\"wp-page\" data-elementor-id=\"1826\" class=\"elementor elementor-1826\">\n\t\t\t\t<div class=\"elementor-element elementor-element-c85c370 e-flex e-con-boxed e-con e-parent\" data-id=\"c85c370\" data-element_type=\"container\">\n\t\t\t\t\t<div class=\"e-con-inner\">\n\t\t\t\t<div class=\"elementor-element elementor-element-484aa3d elementor-widget elementor-widget-heading\" data-id=\"484aa3d\" data-element_type=\"widget\" data-widget_type=\"heading.default\">\n\t\t\t\t<div class=\"elementor-widget-container\">\n\t\t\t\t\t<h2 class=\"elementor-heading-title elementor-size-default\">T\u00e2rgu Jiu - Schimb\u0103 PET-ul cu biletul \u2013 partener ADER 16 septembrie 2022<\/h2>\t\t\t\t<\/div>\n\t\t\t\t<\/div>\n\t\t\t\t\t<\/div>\n\t\t\t\t<\/div>\n\t\t<div class=\"elementor-element elementor-element-9dc3e5d e-flex e-con-boxed e-con e-parent\" data-id=\"9dc3e5d\" data-element_type=\"container\">\n\t\t\t\t\t<div class=\"e-con-inner\">\n\t\t<div class=\"elementor-element elementor-element-e7005f6 e-con-full e-flex e-con e-child\" data-id=\"e7005f6\" data-element_type=\"container\">\n\t\t\t\t<div class=\"elementor-element elementor-element-5707c5c elementor-widget elementor-widget-text-editor\" data-id=\"5707c5c\" data-element_type=\"widget\" data-widget_type=\"text-editor.default\">\n\t\t\t\t<div class=\"elementor-widget-container\">\n\t\t\t\t\t\t\t\t\t<p>Vineri, 16 septembrie 2022, locuitorii din T\u00e2rgu Jiu \u0219i din alte 64 de ora\u0219e din toate jude\u021bele \u021b\u0103rii au putut c\u0103l\u0103tori cu mijloacele de transport \u00een comun \u00een schimbul a 5 de\u0219euri.<br \/>Ini\u021biativa apar\u021bine Asocia\u021biei Act for Tomorrow \u0219i Kaufland Rom\u00e2nia, fiind realizat\u0103 \u00een parteneriat cu Ministerul Mediului, Apelor \u0219i P\u0103durilor, \u00een cadrul programului na\u021bional Vinerea Verde.<\/p>\n<p>La nivel local, campania s-a bucurat de sprijinul Asocia\u021biei pentru Democra\u021bie Educa\u021bie Respect \u00een calitate de partener al ac\u021biunii.<\/p>\t\t\t\t\t\t\t\t<\/div>\n\t\t\t\t<\/div>\n\t\t\t\t<div class=\"elementor-element elementor-element-70281e7 elementor-widget elementor-widget-spacer\" data-id=\"70281e7\" data-element_type=\"widget\" data-widget_type=\"spacer.default\">\n\t\t\t\t<div class=\"elementor-widget-container\">\n\t\t\t\t\t\t\t<div class=\"elementor-spacer\">\n\t\t\t<div class=\"elementor-spacer-inner\"><\/div>\n\t\t<\/div>\n\t\t\t\t\t\t<\/div>\n\t\t\t\t<\/div>\n\t\t\t\t<\/div>\n\t\t<div class=\"elementor-element elementor-element-f438891 e-con-full e-flex e-con e-child\" data-id=\"f438891\" data-element_type=\"container\">\n\t\t\t\t<div class=\"elementor-element elementor-element-011cda6 elementor-widget elementor-widget-image\" data-id=\"011cda6\" data-element_type=\"widget\" data-widget_type=\"image.default\">\n\t\t\t\t<div class=\"elementor-widget-container\">\n\t\t\t\t\t\t\t\t\t\t\t\t\t\t\t<img fetchpriority=\"high\" decoding=\"async\" width=\"474\" height=\"248\" src=\"https:\/\/4ader.ro\/wp-content\/uploads\/2024\/10\/31.jpg\" class=\"attachment-large size-large wp-image-1828\" alt=\"\" srcset=\"https:\/\/4ader.ro\/wp-content\/uploads\/2024\/10\/31.jpg 474w, https:\/\/4ader.ro\/wp-content\/uploads\/2024\/10\/31-300x157.jpg 300w, https:\/\/4ader.ro\/wp-content\/uploads\/2024\/10\/31-200x105.jpg 200w\" sizes=\"(max-width: 474px) 100vw, 474px\" \/>\t\t\t\t\t\t\t\t\t\t\t\t\t\t\t<\/div>\n\t\t\t\t<\/div>\n\t\t\t\t<\/div>\n\t\t\t\t\t<\/div>\n\t\t\t\t<\/div>\n\t\t\t\t<\/div>\n\t\t","protected":false},"excerpt":{"rendered":"<p>T\u00e2rgu Jiu &#8211; Schimb\u0103 PET-ul cu biletul \u2013 partener ADER 16 septembrie 2022 Vineri, 16 septembrie 2022, locuitorii din T\u00e2rgu Jiu \u0219i din alte 64 de ora\u0219e din toate jude\u021bele \u021b\u0103rii au putut c\u0103l\u0103tori cu mijloacele de transport \u00een comun \u00een schimbul a 5 de\u0219euri.Ini\u021biativa apar\u021bine Asocia\u021biei Act for Tomorrow \u0219i Kaufland Rom\u00e2nia, fiind realizat\u0103&#8230;<\/p>\n","protected":false},"author":2,"featured_media":0,"parent":0,"menu_order":0,"comment_status":"closed","ping_status":"closed","template":"","meta":{"_kad_post_transparent":"","_kad_post_title":"hide","_kad_post_layout":"fullwidth","_kad_post_sidebar_id":"","_kad_post_content_style":"unboxed","_kad_post_vertical_padding":"hide","_kad_post_feature":"hide","_kad_post_feature_position":"","_kad_post_header":false,"_kad_post_footer":false,"_kad_post_classname":"","footnotes":""},"class_list":["post-1826","page","type-page","status-publish","hentry"],"rttpg_featured_image_url":null,"rttpg_author":{"display_name":"Calina Denis","author_link":"https:\/\/4ader.ro\/index.php\/author\/denis_1\/"},"rttpg_comment":0,"rttpg_category":null,"rttpg_excerpt":"T\u00e2rgu Jiu &#8211; Schimb\u0103 PET-ul cu biletul \u2013 partener ADER 16 septembrie 2022 Vineri, 16 septembrie 2022, locuitorii din T\u00e2rgu Jiu \u0219i din alte 64 de ora\u0219e din toate jude\u021bele \u021b\u0103rii au putut c\u0103l\u0103tori cu mijloacele de transport \u00een comun \u00een schimbul a 5 de\u0219euri.Ini\u021biativa apar\u021bine Asocia\u021biei Act for Tomorrow \u0219i Kaufland Rom\u00e2nia, fiind realizat\u0103...","_links":{"self":[{"href":"https:\/\/4ader.ro\/index.php\/wp-json\/wp\/v2\/pages\/1826","targetHints":{"allow":["GET"]}}],"collection":[{"href":"https:\/\/4ader.ro\/index.php\/wp-json\/wp\/v2\/pages"}],"about":[{"href":"https:\/\/4ader.ro\/index.php\/wp-json\/wp\/v2\/types\/page"}],"author":[{"embeddable":true,"href":"https:\/\/4ader.ro\/index.php\/wp-json\/wp\/v2\/users\/2"}],"replies":[{"embeddable":true,"href":"https:\/\/4ader.ro\/index.php\/wp-json\/wp\/v2\/comments?post=1826"}],"version-history":[{"count":4,"href":"https:\/\/4ader.ro\/index.php\/wp-json\/wp\/v2\/pages\/1826\/revisions"}],"predecessor-version":[{"id":1831,"href":"https:\/\/4ader.ro\/index.php\/wp-json\/wp\/v2\/pages\/1826\/revisions\/1831"}],"wp:attachment":[{"href":"https:\/\/4ader.ro\/index.php\/wp-json\/wp\/v2\/media?parent=1826"}],"curies":[{"name":"wp","href":"https:\/\/api.w.org\/{rel}","templated":true}]}}