{"id":1693,"date":"2024-10-08T08:58:51","date_gmt":"2024-10-08T05:58:51","guid":{"rendered":"https:\/\/4ader.ro\/?page_id=1693"},"modified":"2024-10-08T08:59:44","modified_gmt":"2024-10-08T05:59:44","slug":"voluntar-in-targu-jiu-editia-a-iii-a","status":"publish","type":"page","link":"https:\/\/4ader.ro\/index.php\/voluntar-in-targu-jiu-editia-a-iii-a\/","title":{"rendered":"VOLUNTAR \u00ceN T\u00c2RGU-JIU, Edi\u021bia a III-a"},"content":{"rendered":"\t\t<div data-elementor-type=\"wp-page\" data-elementor-id=\"1693\" class=\"elementor elementor-1693\">\n\t\t\t\t<div class=\"elementor-element elementor-element-6b7413c e-con-full e-flex e-con e-parent\" data-id=\"6b7413c\" data-element_type=\"container\" data-settings=\"{&quot;background_background&quot;:&quot;classic&quot;}\">\n\t\t\t\t<div class=\"elementor-element elementor-element-df78692 elementor-widget elementor-widget-heading\" data-id=\"df78692\" data-element_type=\"widget\" data-widget_type=\"heading.default\">\n\t\t\t\t<div class=\"elementor-widget-container\">\n\t\t\t\t\t<h2 class=\"elementor-heading-title elementor-size-default\">Proiect: VOLUNTAR \u00ceN T\u00c2RGU-JIU, Edi\u021bia a III-a\n\n<\/h2>\t\t\t\t<\/div>\n\t\t\t\t<\/div>\n\t\t\t\t<div class=\"elementor-element elementor-element-fac28ec elementor-widget elementor-widget-text-editor\" data-id=\"fac28ec\" data-element_type=\"widget\" data-widget_type=\"text-editor.default\">\n\t\t\t\t<div class=\"elementor-widget-container\">\n\t\t\t\t\t\t\t\t\t<p><strong style=\"text-align: var(--text-align);\">Perioada:<\/strong><span style=\"text-align: var(--text-align);\"> Septembrie \u2013 Decembrie 2024<\/span><br><\/p><p><strong>Loca\u021bie:<\/strong> Municipiul T\u00e2rgu-Jiu<\/p>\n<p><strong>Scopul proiectului<\/strong> este promovarea voluntariatului \u00een r\u00e2ndul tinerilor din T\u00e2rgu-Jiu, cu v\u00e2rste \u00eentre 14 \u0219i 35 de ani (elevi, studen\u021bi, tineri), prin activit\u0103\u021bi non-formale. Proiectul urm\u0103re\u0219te s\u0103 inspire tinerii s\u0103 devin\u0103 cet\u0103\u021beni activi \u0219i s\u0103 contribuie la dezvoltarea comunit\u0103\u021bilor locale. Prin seminarii interactive, traininguri \u0219i evenimente, mentorii \u00eei vor ghida pe tineri s\u0103 descopere \u00eentreb\u0103rile esen\u021biale \u0219i s\u0103 g\u0103seasc\u0103 solu\u021biile optime, promov\u00e2nd implicarea activ\u0103 \u0219i responsabilitatea social\u0103.<\/p>\n<p><strong>Grup \u021bint\u0103:<\/strong> Minim 200 de tineri din T\u00e2rgu-Jiu (cu v\u00e2rste \u00eentre 14 \u0219i 35 de ani)<br><strong>Durata:<\/strong> Septembrie \u2013 Decembrie 2024<br><strong>Loca\u021bia activit\u0103\u021bilor:<\/strong> Minim 4 licee din T\u00e2rgu-Jiu<\/p>\n<p><strong>Context:<\/strong><br>Acest proiect vine ca un r\u0103spuns la nevoile comunit\u0103\u021bii locale, sus\u021bin\u00e2nd dezvoltarea voluntariatului \u0219i contribuind pe termen lung la educa\u021bia civic\u0103 \u0219i social\u0103 a tinerilor. Voluntariatul are un impact major asupra dezvolt\u0103rii societ\u0103\u021bii, fiind recunoscut \u00een multe \u021b\u0103ri pentru aportul s\u0103u, at\u00e2t financiar, c\u00e2t \u0219i social. \u00cen Rom\u00e2nia, implicarea \u00een voluntariat este \u00eenc\u0103 sc\u0103zut\u0103, iar prin acest proiect, ADER \u00ee\u0219i propune s\u0103 schimbe aceast\u0103 tendin\u021b\u0103.<\/p>\n<p><strong>Activit\u0103\u021bile principale ale proiectului includ:<\/strong><\/p>\n<ul>\n<li><strong>Promovarea voluntariatului \u00een r\u00e2ndul tinerilor:<\/strong><br>Organizarea de seminarii interactive \u00een liceele din T\u00e2rgu-Jiu, unde tinerii vor descoperi beneficiile voluntariatului \u0219i vor fi \u00eencuraja\u021bi s\u0103 participe activ \u00een comunitate. <em>Exemplu de activitate:<\/em> Seminar interactiv \u201eVoluntar \u00een T\u00e2rgu-Jiu\u201d (Septembrie \u2013 Noiembrie 2024).<\/li>\n<li><strong>Dezvoltarea abilit\u0103\u021bilor tinerilor voluntari:<\/strong><br>Organizarea de sesiuni de formare pentru tinerii care doresc s\u0103 devin\u0103 coordonatori de voluntari, dezvolt\u00e2ndu-le abilit\u0103\u021bile de comunicare, leadership \u0219i lucru \u00een echip\u0103. <em>Exemplu de activitate:<\/em> Training \u201eCoordonator de voluntari\u201d (Noiembrie \u2013 Decembrie 2024).<\/li>\n<li><strong>Recunoa\u0219terea \u0219i aprecierea voluntarilor:<\/strong><br>Evenimentul \u201eGala Voluntariatului din T\u00e2rgu-Jiu\u201d va recunoa\u0219te contribu\u021biile tinerilor voluntari \u0219i va promova valorile voluntariatului, inspir\u00e2nd \u0219i al\u021bi tineri s\u0103 se implice. <em>Exemplu de activitate:<\/em> Gala \u201eVoluntariatul din T\u00e2rgu-Jiu\u201d (Decembrie 2024).<\/li>\n<\/ul>\n<p><strong>Impactul proiectului:<\/strong><br>Proiectul are un impact dublu: cre\u0219te vizibilitatea ONG-urilor locale \u00een comunitate \u0219i promoveaz\u0103 \u00eencrederea \u00een acestea, contribuind la dezvoltarea capitalului social \u0219i la stimularea implic\u0103rii tinerilor \u00een ac\u021biuni civice.<\/p>\n<p><strong>Parteneri:<\/strong><br>Colegiul Economic \u201eVirgil Madgearu\u201d din T\u00e2rgu-Jiu, Colegiul Tehnic \u201eGeneral Gheorghe Magheru\u201d din T\u00e2rgu-Jiu, Liceul Tehnologic \u201eHenri Coand\u0103\u201d din T\u00e2rgu-Jiu, Liceul de Arte \u201eConstantin Br\u0103iloiu\u201d din T\u00e2rgu-Jiu.<\/p>\n<p><strong>Proiectul este realizat cu sprijinul UAT Municipiul T\u00e2rgu Jiu \u0219i al Consiliului Local T\u00e2rgu Jiu. Con\u021binutul acestui proiect nu reflect\u0103 neap\u0103rat pozi\u021bia UAT&nbsp; Municipiul T\u00e2rgu Jiu&nbsp; \u0219i nu implic\u0103 nicio responsabilitate din partea&nbsp;acesteia.<\/strong><\/p>\n<p><\/p>\t\t\t\t\t\t\t\t<\/div>\n\t\t\t\t<\/div>\n\t\t\t\t<div class=\"elementor-element elementor-element-a872d84 elementor-widget elementor-widget-spacer\" data-id=\"a872d84\" data-element_type=\"widget\" data-widget_type=\"spacer.default\">\n\t\t\t\t<div class=\"elementor-widget-container\">\n\t\t\t\t\t\t\t<div class=\"elementor-spacer\">\n\t\t\t<div class=\"elementor-spacer-inner\"><\/div>\n\t\t<\/div>\n\t\t\t\t\t\t<\/div>\n\t\t\t\t<\/div>\n\t\t\t\t<\/div>\n\t\t\t\t<\/div>\n\t\t","protected":false},"excerpt":{"rendered":"<p>Proiect: VOLUNTAR \u00ceN T\u00c2RGU-JIU, Edi\u021bia a III-a Perioada: Septembrie \u2013 Decembrie 2024 Loca\u021bie: Municipiul T\u00e2rgu-Jiu Scopul proiectului este promovarea voluntariatului \u00een r\u00e2ndul tinerilor din T\u00e2rgu-Jiu, cu v\u00e2rste \u00eentre 14 \u0219i 35 de ani (elevi, studen\u021bi, tineri), prin activit\u0103\u021bi non-formale. Proiectul urm\u0103re\u0219te s\u0103 inspire tinerii s\u0103 devin\u0103 cet\u0103\u021beni activi \u0219i s\u0103 contribuie la dezvoltarea comunit\u0103\u021bilor locale&#8230;.<\/p>\n","protected":false},"author":2,"featured_media":0,"parent":0,"menu_order":0,"comment_status":"closed","ping_status":"closed","template":"","meta":{"_kad_post_transparent":"","_kad_post_title":"hide","_kad_post_layout":"fullwidth","_kad_post_sidebar_id":"","_kad_post_content_style":"unboxed","_kad_post_vertical_padding":"hide","_kad_post_feature":"hide","_kad_post_feature_position":"","_kad_post_header":false,"_kad_post_footer":false,"_kad_post_classname":"","footnotes":""},"class_list":["post-1693","page","type-page","status-publish","hentry"],"rttpg_featured_image_url":null,"rttpg_author":{"display_name":"Calina Denis","author_link":"https:\/\/4ader.ro\/index.php\/author\/denis_1\/"},"rttpg_comment":0,"rttpg_category":null,"rttpg_excerpt":"Proiect: VOLUNTAR \u00ceN T\u00c2RGU-JIU, Edi\u021bia a III-a Perioada: Septembrie \u2013 Decembrie 2024 Loca\u021bie: Municipiul T\u00e2rgu-Jiu Scopul proiectului este promovarea voluntariatului \u00een r\u00e2ndul tinerilor din T\u00e2rgu-Jiu, cu v\u00e2rste \u00eentre 14 \u0219i 35 de ani (elevi, studen\u021bi, tineri), prin activit\u0103\u021bi non-formale. Proiectul urm\u0103re\u0219te s\u0103 inspire tinerii s\u0103 devin\u0103 cet\u0103\u021beni activi \u0219i s\u0103 contribuie la dezvoltarea comunit\u0103\u021bilor locale....","_links":{"self":[{"href":"https:\/\/4ader.ro\/index.php\/wp-json\/wp\/v2\/pages\/1693","targetHints":{"allow":["GET"]}}],"collection":[{"href":"https:\/\/4ader.ro\/index.php\/wp-json\/wp\/v2\/pages"}],"about":[{"href":"https:\/\/4ader.ro\/index.php\/wp-json\/wp\/v2\/types\/page"}],"author":[{"embeddable":true,"href":"https:\/\/4ader.ro\/index.php\/wp-json\/wp\/v2\/users\/2"}],"replies":[{"embeddable":true,"href":"https:\/\/4ader.ro\/index.php\/wp-json\/wp\/v2\/comments?post=1693"}],"version-history":[{"count":4,"href":"https:\/\/4ader.ro\/index.php\/wp-json\/wp\/v2\/pages\/1693\/revisions"}],"predecessor-version":[{"id":1697,"href":"https:\/\/4ader.ro\/index.php\/wp-json\/wp\/v2\/pages\/1693\/revisions\/1697"}],"wp:attachment":[{"href":"https:\/\/4ader.ro\/index.php\/wp-json\/wp\/v2\/media?parent=1693"}],"curies":[{"name":"wp","href":"https:\/\/api.w.org\/{rel}","templated":true}]}}