{"id":130,"date":"2024-05-15T10:51:40","date_gmt":"2024-05-15T07:51:40","guid":{"rendered":"https:\/\/4ader.ro\/?page_id=130"},"modified":"2024-10-01T09:03:39","modified_gmt":"2024-10-01T06:03:39","slug":"ader-in-presa","status":"publish","type":"page","link":"https:\/\/4ader.ro\/index.php\/ader-in-presa\/","title":{"rendered":"ADER \u00een pres\u0103"},"content":{"rendered":"\t\t<div data-elementor-type=\"wp-page\" data-elementor-id=\"130\" class=\"elementor elementor-130\">\n\t\t\t\t<div class=\"elementor-element elementor-element-83560cf e-con-full e-flex e-con e-parent\" data-id=\"83560cf\" data-element_type=\"container\" data-settings=\"{&quot;background_background&quot;:&quot;classic&quot;}\">\n\t\t<div class=\"elementor-element elementor-element-4bb372c e-con-full e-flex e-con e-child\" data-id=\"4bb372c\" data-element_type=\"container\">\n\t\t\t\t<div class=\"elementor-element elementor-element-399971e elementor-widget elementor-widget-heading\" data-id=\"399971e\" data-element_type=\"widget\" data-widget_type=\"heading.default\">\n\t\t\t\t<div class=\"elementor-widget-container\">\n\t\t\t\t\t<h2 class=\"elementor-heading-title elementor-size-default\">ADER \u00ceN PRES\u0102<\/h2>\t\t\t\t<\/div>\n\t\t\t\t<\/div>\n\t\t\t\t<\/div>\n\t\t<div class=\"elementor-element elementor-element-e0e68d2 e-con-full e-flex e-con e-child\" data-id=\"e0e68d2\" data-element_type=\"container\">\n\t\t\t\t<div class=\"elementor-element elementor-element-69650d6 elementor-widget elementor-widget-text-editor\" data-id=\"69650d6\" data-element_type=\"widget\" data-widget_type=\"text-editor.default\">\n\t\t\t\t<div class=\"elementor-widget-container\">\n\t\t\t\t\t\t\t\t\t<h3>2023<\/h3><ul><li><a href=\"https:\/\/www.pandurul.ro\/articol\/mos-nicolae-a-ajuns-la-copiii-dintr-o-comuna-din-g_168543.html\" target=\"_new\" rel=\"noopener\">Mo\u0219 Nicolae a ajuns la copiii dintr-o comun\u0103 din partea ADER T\u00e2rgu Jiu<\/a>, 06.12.2023<\/li><li><a href=\"https:\/\/gorjeanul.ro\/cadouri-pentru-copiii-dintr-o-comuna-din-partea-ader-targu-jiu\/\" target=\"_new\" rel=\"noopener\">Cadouri pentru copiii dintr-o comun\u0103 din partea ADER T\u00e2rgu Jiu<\/a>, 06.12.2023<\/li><li><a href=\"https:\/\/www.gorjexpress.ro\/asociatia-pentru-democratie-educatie-respect-sarbatoreste-10-ani-de-lainfiintare\/\" target=\"_new\" rel=\"noopener\">Asocia\u021bia pentru Democra\u021bie, Educa\u021bie, Respect s\u0103rb\u0103tore\u0219te 10 ani de la \u00eenfiin\u021bare<\/a>, 06.12.2023<\/li><li><a href=\"https:\/\/gorjeanul.ro\/ader-targu-jiu-la-10-ani-de-la-infiintare-proiecte-trecute-si-viitoare\/\" target=\"_new\" rel=\"noopener\">ADER T\u00e2rgu Jiu, la 10 ani de la \u00eenfiin\u021bare &#8211; proiecte trecute \u0219i viitoare<\/a>, 06.12.2023<\/li><li><a href=\"https:\/\/cult-ura.ro\/voluntar-in-targu-jiu-proiect-initiat-de-asociatia-pentru-democratie-educatie-respect\/\" target=\"_new\" rel=\"noopener\">Voluntar \u00een T\u00e2rgu Jiu &#8211; proiect ini\u021biat de Asocia\u021bia pentru Democra\u021bie, Educa\u021bie, Respect<\/a>, 01.11.2023<\/li><li><a href=\"https:\/\/gorjeanul.ro\/ader-promoveaza-voluntariatul-in-randul-tinerilor-din-targu-jiu\/\" target=\"_new\" rel=\"noopener\">ADER promoveaz\u0103 voluntariatul \u00een r\u00e2ndul tinerilor din T\u00e2rgu Jiu<\/a>, 01.11.2023<\/li><li><a href=\"https:\/\/www.paginaolteniei.ro\/articol\/voluntar-in-targu-jiu-un-nou-proiect-al-asociatiei_6961.html\" target=\"_new\" rel=\"noopener\">Voluntar \u00een T\u00e2rgu Jiu &#8211; un nou proiect al asocia\u021biei<\/a>, 01.11.2023<\/li><li><a href=\"https:\/\/www.gorjbiz.ro\/ader-deruleaza-si-in-acest-an-proiectul-voluntar-in-targu-jiu\/\" target=\"_new\" rel=\"noopener\">ADER deruleaz\u0103 \u0219i \u00een acest an proiectul \u201eVoluntar \u00een T\u00e2rgu Jiu\u201d<\/a>, 01.11.2023<\/li><li><a href=\"https:\/\/www.romaniapozitiva.ro\/implica-te\/voluntar-pentru-targu-jiu\/\" target=\"_new\" rel=\"noopener\">Voluntar pentru T\u00e2rgu Jiu<\/a>, 01.10.2023<\/li><li><a href=\"https:\/\/leviathan.ro\/stiri-turneul-international-stradivarius-concert-la-targu-jiu-6-iulie-2023\/\" target=\"_new\" rel=\"noopener\">Turneul Interna\u021bional Stradivarius &#8211; concert la T\u00e2rgu Jiu, 6 iulie 2023<\/a>, 06.07.2023<\/li><li><a href=\"https:\/\/obiectiv-mehedintean.ro\/?p=16346\" target=\"_new\" rel=\"noopener\">Ateliere de pictur\u0103 \u201eDin dragoste pentru Br\u00e2ncu\u0219i II\u201d<\/a>, 01.07.2023<\/li><li><a href=\"https:\/\/gorjtv.ro\/2023\/06\/09\/educatie-media-la-clasa\/?fbclid=IwAR3OEVFGiH7Tx_9EFeVIj4OjxXg6_rS9Kv2C6RNUB9fcs0ZNexZ93283UA\" target=\"_new\" rel=\"noopener\">Ateliere de pictur\u0103 \u201eDin dragoste pentru Br\u00e2ncu\u0219i II\u201d<\/a>, 09.06.2023<\/li><li><a href=\"https:\/\/gorjeanul.ro\/ader-superman-e-printre-noi-seminare-interactive-anti-bullying-in-scoli\/\" target=\"_new\" rel=\"noopener\">Seminarii interactive anti-bullying \u00een \u0219coli \u2013 ADER<\/a>, 01.06.2023<\/li><li><a href=\"https:\/\/www.gds.ro\/Local\/2023-05-31\/ziua-copilului-sarbatorita-in-parcul-coloanei-farasfarsit\/?fbclid=IwAR0ixcmzyLgOTefMJGYUGNsdINGy5rjWSvk1NDw70ReeE7K-Ln_0yaPhQlo\" target=\"_new\" rel=\"noopener\">Ziua Copilului s\u0103rb\u0103torit\u0103 \u00een Parcul Coloanei F\u0103r\u0103 Sf\u00e2r\u0219it<\/a>, 31.05.2023<\/li><li><a target=\"_new\" rel=\"noopener\">Ce pot face copiii de 1 Iunie \u00een T\u00e2rgu Jiu<\/a>, 31.05.2023<\/li><li><a href=\"https:\/\/www.gorjexpress.ro\/copiii-defavorizati-sarbatoriti-in-parcul-coloanei-farasfarsit\/?fbclid=IwAR17J0NY1d7g7VvKg4wKe4D2ybxluk2f80_PjZGdml0AKiPZy2LZSS0KS7o\" target=\"_new\" rel=\"noopener\">Copiii defavoriza\u021bi s\u0103rb\u0103tori\u021bi \u00een Parcul Coloanei F\u0103r\u0103 Sf\u00e2r\u0219it<\/a>, 31.05.2023<\/li><li><a href=\"https:\/\/www.ziareonline24.ro\/ziua-copilului-sarbatorita-in-parcul-coloanei-fara-sfarsit517127\/?fbclid=IwAR223yokBmNIcmS65JsEs1S03Y5LBzWqvaXWeqA_2B8MBkT7glUPk6TxHw4\" target=\"_new\" rel=\"noopener\">Ziua Copilului s\u0103rb\u0103torit\u0103 \u00een Parcul Coloanei F\u0103r\u0103 Sf\u00e2r\u0219it<\/a>, 31.05.2023<\/li><li><a href=\"https:\/\/www.gorjbiz.ro\/atelierul-clay4all-deschide-usile-pentru-gorjeni-in-cadrul-evenimentului-relearn-yourlegacy-arts-crafts-in-my-city\/\" target=\"_new\" rel=\"noopener\">Atelierul Clay4All deschide u\u0219ile pentru gorjeni \u00een cadrul evenimentului \u201eRelearn Your Legacy &#8211; Arts &amp; Crafts in My City\u201d<\/a>, 01.04.2023<\/li><\/ul><h3>2022<\/h3><ul><li><a href=\"https:\/\/www.asingorj.ro\/peste-200-de-tineri-din-targu-jiu-au-participat-la-proiecte-devoluntariat\/\" target=\"_new\" rel=\"noopener\">Peste 200 de tineri din T\u00e2rgu Jiu au participat la proiecte de voluntariat<\/a>, 12.12.2022<\/li><li><a href=\"https:\/\/www.gorjtv.ro\/2022\/12\/08\/conferinta-finala-a-proiectelor-ader\/\" target=\"_new\" rel=\"noopener\">Conferin\u021ba final\u0103 a proiectelor ADER<\/a>, 08.12.2022<\/li><li><a href=\"https:\/\/infogorj.ro\/voluntar-in-targu-jiu-un-proiect-de-activare-civica\/\" target=\"_new\" rel=\"noopener\">Voluntar \u00een T\u00e2rgu Jiu \u2013 un proiect de activare civic<\/a>, 08.12.2022<\/li><li><a href=\"https:\/\/www.pandurul.ro\/articol\/voluntar-in-targu-jiu-un-proiect-de-activare-civic_157813.html\" target=\"_new\" rel=\"noopener\">Voluntar \u00een T\u00e2rgu Jiu \u2013 un proiect de activare civic<\/a>, 08.12.2022<\/li><li><a href=\"https:\/\/www.gorjbiz.ro\/proiectul-voluntar-in-targu-jiu-s-a-incheiat\/\" target=\"_new\" rel=\"noopener\">Proiectul \u201eVoluntar \u00een T\u00e2rgu Jiu\u201d s-a \u00eencheiat<\/a>, 08.12.2022<\/li><li><a href=\"https:\/\/www.gorjbiz.ro\/proiect-pentru-combaterea-bullyingului-in-gorj\/\" target=\"_new\" rel=\"noopener\">Proiect pentru combaterea bullying-ului \u00een Gorj<\/a>, 05.11.2022<\/li><li><a href=\"https:\/\/www.pandurul.ro\/articol\/superman-e-printre-noi---un-proiect-ader_156918.html\" target=\"_new\" rel=\"noopener\">Superman e printre noi \u2013 un proiect ADER<\/a>, 05.11.2022<\/li><li><a href=\"https:\/\/infogorj.ro\/superman-e-printre-noi-un-proiect-ader\/\" target=\"_new\" rel=\"noopener\">Superman e printre noi \u2013 un proiect ADER<\/a>, 05.11.2022<\/li><li><a href=\"https:\/\/www.gorj24.com\/campanie-pentru-o-conduita-preventiva-in-lumea-virtuala\/\" target=\"_new\" rel=\"noopener\">Campanie pentru o conduit\u0103 preventiv\u0103 \u00een lumea virtual\u0103<\/a>, 01.11.2022<\/li><li><a href=\"https:\/\/www.gds.ro\/Local\/Gorj\/2022-10-27\/tinerii-din-targu-jiu-consiliati-sa-devina-voluntari\/\" target=\"_new\" rel=\"noopener\">Tinerii din T\u00e2rgu Jiu, consilia\u021bi s\u0103 devin\u0103 voluntari<\/a>, 27.10.2022<\/li><li><a href=\"http:\/\/www.romaniapozitiva.ro\/oameni-si-comunitati\/targu-jiu-promovarea-voluntariatului-inrandul-tinerilor\/\" target=\"_new\" rel=\"noopener\">Promovarea voluntariatului \u00een r\u00e2ndul tinerilor<\/a>, 25.10.2022<\/li><li><a href=\"https:\/\/www.paginaolteniei.ro\/articol\/voluntar-in-targu-jiu-un-nou-proiect-alasociatiei_6961.html\" target=\"_new\" rel=\"noopener\">Voluntar \u00een T\u00e2rgu Jiu \u2013 un nou proiect al asocia\u021biei<\/a>, 20.10.2022<\/li><li><a href=\"https:\/\/gorjeanul.ro\/voluntar-in-targu-jiu\/\" target=\"_new\" rel=\"noopener\">Voluntar \u00een T\u00e2rgu Jiu<\/a>, 20.10.2022<\/li><li><a href=\"https:\/\/www.sabotorii.ro\/articol\/targu-jiu-calatorii-cu-autobuzul-platite-cupeturi_9501.html?fbclid=IwAR0cS5iV0Vl-zbnpUHawvIkRZC-vXstb4dqgm2PwdIr-mFlxw7yClS_a8iI\" target=\"_new\" rel=\"noopener\">T\u00e2rgu Jiu: c\u0103l\u0103torii cu autobuzul pl\u0103tite cu peturi<\/a>, 16.09.2022<\/li><li><a href=\"https:\/\/www.gds.ro\/Local\/Gorj\/2022-09-16\/targujienii-vor-putea-circula-cu-troleibuzul-inschimbul-deseurilor\/?fbclid=IwAR2q2vtVcIlYn2O3y6iW5x1lQVmFnHH8EhHIiqyuNy8kj8YlxSFlk5gWDE\" target=\"_new\" rel=\"noopener\">T\u00e2rgu Jiu va putea circula cu troleibuzul \u00een schimbul de\u0219eurilor<\/a>, 16.09.2022<\/li><li><a href=\"https:\/\/actfortomorrow.ro\/proiecte\/green-act\/schimba-pet-ul-cu-biletul\/\" target=\"_new\" rel=\"noopener\">Schimb\u0103 pet-ul cu biletul<\/a>, 16.09.2022<\/li><li><a href=\"https:\/\/www.youtube.com\/watch?v=U2XCzDzhibs\" target=\"_new\" rel=\"noopener\">Video &#8211; Activitate din cadrul unui proiect ADER<\/a>, 15.09.2022<\/li><li><a target=\"_new\" rel=\"noopener\">Seara magic\u0103 \u00een Parcul Coloanei &#8211; Concert din Turneul Stradivarius 2022<\/a>, 15.09.2022<\/li><li><a href=\"https:\/\/viatagorjului.ro\/2022\/07\/violonistul-alexandru-tomescu-va-canta-la-vioara-stradivariusla-casa-muzeu-constantin-brancusi\/\" target=\"_new\" rel=\"noopener\">Violonistul Alexandru Tomescu va c\u00e2nta la vioara Stradivarius la Casa Muzeu Constantin Br\u00e2ncu\u0219i<\/a>, 08.07.2022<\/li><li><a href=\"https:\/\/www.pestisani.ro\/2022\/07\/08\/hobita-acasalabrancusi\/\" target=\"_new\" rel=\"noopener\">Hobi\u021ba, Acas\u0103 la Br\u00e2ncu\u0219i<\/a>, 08.07.2022<\/li><li><a href=\"https:\/\/www.gds.ro\/Local\/Gorj\/2022-07-01\/ateliere-de-pictura-din-dragoste-pentru-brancusi-ii\/\" target=\"_new\" rel=\"noopener\">Ateliere de pictur\u0103 \u201eDin dragoste pentru Br\u00e2ncu\u0219i II\u201d<\/a>, 01.07.2022<\/li><li><a href=\"https:\/\/www.stirimuntenia24.ro\/2022\/07\/01\/ateliere-de-pictura-din-dragoste-pentru-brancusi-ii\/\" target=\"_new\" rel=\"noopener\">Ateliere de pictur\u0103 \u201eDin dragoste pentru Br\u00e2ncu\u0219i II\u201d<\/a>, 01.07.2022<\/li><li><a href=\"https:\/\/infogorj.ro\/ateliere-de-pictura-din-dragoste-pentru-brancusi-ii\/\" target=\"_new\" rel=\"noopener\">Ateliere de pictur\u0103 \u201eDin dragoste pentru Br\u00e2ncu\u0219i II\u201d<\/a>, 01.07.2022<\/li><li><a href=\"https:\/\/gorjeanul.ro\/ader-superman-e-printre-noi-seminare-interactive-anti-bullying-in-scoli\/\" target=\"_new\" rel=\"noopener\">ADER &#8211; Superman e printre noi, seminare interactive anti-bullying \u00een \u0219coli<\/a>, 01.06.2022<\/li><li><a href=\"https:\/\/www.igj.ro\/social\/146-de-ani-de-la-nasterea-lui-constantin-brancusi.html\" target=\"_new\" rel=\"noopener\">146 de ani de la na\u0219terea lui Constantin Br\u00e2ncu\u0219i<\/a>, 20.02.2022<\/li><li><a href=\"https:\/\/centrulbrancusi.ro\/invitatie-colocviile-brancusi\/\" target=\"_new\" rel=\"noopener\">Invita\u021bie Colocviile Br\u00e2ncu\u0219i<\/a>, 15.02.2022<\/li><li><a href=\"https:\/\/centrulbrancusi.ro\/2022\/02\/\" target=\"_new\" rel=\"noopener\">Colocviile Br\u00e2ncu\u0219i<\/a>, 10.02.2022<\/li><\/ul><h3>2021<\/h3><ul><li><a href=\"https:\/\/www.gorjonline.ro\/60-de-elevi-din-gorj-invata-cum-sa-adopte-un-stil-de-viatasanatos\/\" target=\"_new\" rel=\"noopener\">60 de elevi din Gorj \u00eenva\u021b\u0103 cum s\u0103 adopte un stil de via\u021b\u0103 s\u0103n\u0103tos<\/a>, 15.12.2021<\/li><li><a href=\"https:\/\/gorjeanul.ro\/daruieste-pentru-viitor-un-proiect-club-rotary-si-ader\/\" target=\"_new\" rel=\"noopener\">Daruieste pentru viitor \u2013 un proiect Club Rotary \u0219i ADER<\/a>, 15.09.2021<\/li><li><a href=\"https:\/\/www.radiooltenia.ro\/sabia-lui-tudor-vladimirescu-conducatorul-revolutiei-de-la1821-va-ajunge-la-targu-jiu\/\" target=\"_new\" rel=\"noopener\">Sabia lui Tudor Vladimirescu \u2013 conduc\u0103torul revolu\u021biei de la 1821 va ajunge la T\u00e2rgu Jiu<\/a>, 15.09.2021<\/li><li><a href=\"https:\/\/adevarul.ro\/locale\/targu-jiu\/sabia-tudor-vladimirescu-portretul-revolutionaruluiproclamatia-pades-muzeul-judetean-istorie-1_615414345163ec4271c34dd4\/index.html\" target=\"_new\" rel=\"noopener\">Sabia lui Tudor Vladimirescu \u2013 portretul revolu\u021bionarului \u0219i Proclama\u021bia de la Pade\u0219 expuse la T\u00e2rgu Jiu<\/a>, 15.09.2021<\/li><li><a href=\"https:\/\/www.gorjexpress.ro\/foto-expozitie-sabia-revolutiei-la-muzeul-judetean-gorjalexandru-stefulescu\/\" target=\"_new\" rel=\"noopener\">Expozi\u021bia \u201eSabia Revolu\u021biei\u201d la Muzeul Jude\u021bean Gorj \u201eAlexandru \u0218tefulescu\u201d<\/a>, 15.09.2021<\/li><li><a href=\"https:\/\/www.euroolteniainfo.com\/sabia-lui-tudor-vladimirescu-si-proclamatia-de-lapades-expuse-la-targu-jiu\/\" target=\"_new\" rel=\"noopener\">Sabia lui Tudor Vladimirescu \u0219i Proclama\u021bia de la Pade\u0219 expuse la T\u00e2rgu Jiu<\/a>, 15.09.2021<\/li><li><a href=\"https:\/\/gorjeanul.ro\/concert-de-muzica-clasica-la-festivalul-lavandei-de-la-polata\/\" target=\"_new\" rel=\"noopener\">Concert de muzic\u0103 clasic\u0103 la Festivalul Lavandei de la Polata<\/a>, 10.09.2021<\/li><li><a href=\"https:\/\/gorjeanul.ro\/seminar-despre-revolutia-lui-tudor-vladimirescu-pentru-elevii-cnettargu-jiu\/\" target=\"_new\" rel=\"noopener\">Seminar despre Revolu\u021bia lui Tudor Vladimirescu pentru elevii Liceului de Arte din T\u00e2rgu Jiu<\/a>, 10.09.2021<\/li><li><a target=\"_new\" rel=\"noopener\">Opt zile de festival la Polata, la sf\u00e2r\u0219itul lunii<\/a>, 10.09.2021<\/li><li><a href=\"https:\/\/www.gorjonline.ro\/festivalul-lavandei-organizat-si-in-acest-an-la-targu-jiu\/\" target=\"_new\" rel=\"noopener\">Festivalul Lavandei organizat \u0219i \u00een acest an la T\u00e2rgu Jiu<\/a>, 10.09.2021<\/li><li><a href=\"https:\/\/www.pandurul.ro\/articol\/totul-despre-femei-teatru-caritabil-la-targujiu_141454.html\" target=\"_new\" rel=\"noopener\">Totul despre femei \u2013 teatru caritabil la T\u00e2rgu Jiu<\/a>, 10.09.2021<\/li><li><a href=\"https:\/\/gorjeanul.ro\/concurs-de-eseuri-pentru-liceeni-lansat-de-ader-targu-jiu\/\" target=\"_new\" rel=\"noopener\">Concurs de eseuri pentru liceeni, lansat de ADER T\u00e2rgu Jiu<\/a>, 10.05.2021<\/li><li><a href=\"https:\/\/sudvest.ro\/2021\/05\/200-de-ani-de-la-revolutia-lui-tudor-vladimirescu\/\" target=\"_new\" rel=\"noopener\">200 de ani de la Revolu\u021bia lui Tudor Vladimirescu &#8211; conferin\u021b\u0103<\/a>, 10.05.2021<\/li><li><a href=\"https:\/\/www.facebook.com\/watch\/?v=502955077805822\" target=\"_new\" rel=\"noopener\">200 de ani de la Revolu\u021bia lui Tudor Vladimirescu &#8211; video<\/a>, 10.05.2021<\/li><li><a href=\"https:\/\/gorjeanul.ro\/ader-a-demarat-primele-seminare-interactive-sustinute-in-scoliledin-gorj\/\" target=\"_new\" rel=\"noopener\">ADER a demarat primele seminare interactive sus\u021binute \u00een \u0219colile din Gorj<\/a>, 15.03.2021<\/li><li><a href=\"https:\/\/gorjeanul.ro\/continua-seria-seminarelor-organizate-in-scoli-de-ader-targu-jiu\/\" target=\"_new\" rel=\"noopener\">Continua seria seminarelor organizate \u00een \u0219colile de ADER T\u00e2rgu Jiu<\/a>, 15.03.2021<\/li><li><a href=\"https:\/\/gorjeanul.ro\/maine-conferinta-de-lansare-a-proiectului-de-combatere-abullying-ului-initiat-de-ader\/\" target=\"_new\" rel=\"noopener\">M\u00e2ine conferin\u021b\u0103 de lansare a proiectului de combatere a bullying-ului ini\u021biat de ADER<\/a>, 10.02.2021<\/li><li><a href=\"https:\/\/www.paginaolteniei.ro\/articol\/proiectul-pasivitatea-nu-opreste-bullying-ul!-lans_5322.html\" target=\"_new\" rel=\"noopener\">Proiectul \u201ePasivitatea nu opre\u0219te bullying-ul\u201d<\/a>, 10.02.2021<\/li><li><a href=\"https:\/\/www.brancusi360.ro\/2021\/05\/200-de-ani-de-la-revolutia-lui-tudor-vladimirescu\/\" target=\"_new\" rel=\"noopener\">200 de ani de la Revolu\u021bia lui Tudor Vladimirescu &#8211; articol<\/a>, 10.01.2021<\/li><li><a href=\"https:\/\/gorjeanul.ro\/ader-targu-jiu-a-lansat-un-proiect-de-prevenire-a-bullying-ului\/\" target=\"_new\" rel=\"noopener\">ADER T\u00e2rgu Jiu a lansat un proiect de prevenire a bullying-ului<\/a>, 10.01.2021<\/li><\/ul><h3>2020<\/h3><ul><li><a href=\"https:\/\/gorjeanul.ro\/ader-organizeaza-in-online-secret-santa\/\" target=\"_new\" rel=\"noopener\">ADER organizeaz\u0103 \u00een online \u201eSecret Santa\u201d<\/a>, 18.12.2020<\/li><li><a href=\"https:\/\/infogorj.ro\/noi-ateliere-de-desen-pentru-copii-duminica-in-parcul-coloaneiinfinitului\/\" target=\"_new\" rel=\"noopener\">Noi ateliere de desen pentru copii, duminic\u0103 \u00een Parcul Coloanei Infinitului<\/a>, 15.09.2020<\/li><li><a href=\"https:\/\/www.paginaolteniei.ro\/articol\/din-dragoste-pentru-brancusi-ateliere-de-picturas_4472.html\" target=\"_new\" rel=\"noopener\">\u201eDin dragoste pentru Br\u00e2ncu\u0219i\u201d \u2013 ateliere de pictur\u0103 \u0219i lec\u021bii interactive<\/a>, 15.09.2020<\/li><li><a href=\"https:\/\/www.gorjonline.ro\/atelier-de-pictura-pentru-copii-sambata-in-parcul-centraltargu-jiu\/\" target=\"_new\" rel=\"noopener\">Atelier de pictur\u0103 pentru copii, s\u00e2mb\u0103t\u0103 \u00een Parcul Central T\u00e2rgu-Jiu<\/a>, 15.09.2020<\/li><li><a href=\"https:\/\/www.radioinfinit.ro\/1020-din-dragoste-pentru-brancusi-ateliere-de-pictura-silectii-interactive-in-parcurile-din-targu-jiu\/\" target=\"_new\" rel=\"noopener\">\u201eDin dragoste pentru Br\u00e2ncu\u0219i\u201d \u2013 ateliere de pictur\u0103 \u0219i lec\u021bii interactive \u00een parcurile din T\u00e2rgu Jiu<\/a>, 15.09.2020<\/li><li><a href=\"https:\/\/sudvest.ro\/2020\/09\/din-dragoste-pentru-bramcusi\/\" target=\"_new\" rel=\"noopener\">\u201eDin dragoste pentru Br\u00e2ncu\u0219i\u201d \u2013 ateliere de pictur\u0103 \u0219i lec\u021bii interactive<\/a>, 15.09.2020<\/li><li><a href=\"https:\/\/www.sgorj.ro\/festivalul-lavandei-la-targu-jiu\/\" target=\"_new\" rel=\"noopener\">Festivalul Lavandei la T\u00e2rgu Jiu<\/a>, 16.06.2020<\/li><li><a href=\"https:\/\/gazetadestiri.ro\/festivalul-lavandei-din-judetul-gorj-va-avea-loc-pe-16-iunie-lapolata\/\" target=\"_new\" rel=\"noopener\">Festivalul Lavandei din jude\u021bul Gorj va avea loc pe 16 iunie la Polata<\/a>, 16.06.2020<\/li><li><a href=\"https:\/\/www.radiooltenia.ro\/festivalul-lavandei-la-targu-jiu-prima-editie\/\" target=\"_new\" rel=\"noopener\">Festivalul Lavandei la T\u00e2rgu Jiu \u2013 prima edi\u021bie<\/a>, 16.06.2020<\/li><li><a href=\"https:\/\/www.gorjonline.ro\/prima-editie-a-festivalului-lavandei-de-la-targu-jiu-un-realsucces-atmosfera-de-basm-i-a-incantat-pe-vizitatori\/\" target=\"_new\" rel=\"noopener\">Prima edi\u021bie a Festivalului Lavandei de la T\u00e2rgu Jiu \u2013 un real succes<\/a>, 16.06.2020<\/li><li><a href=\"https:\/\/www.paginaolteniei.ro\/articol\/festivalul-lavandei-ocazia-minunata-de-acunoaste-_4192.html\" target=\"_new\" rel=\"noopener\">Festivalul Lavandei \u2013 ocazia minunat\u0103 de a cunoa\u0219te produc\u0103torii locali<\/a>, 16.06.2020<\/li><li><a href=\"https:\/\/www.gorjonline.ro\/festivalul-lavandei-organizat-pentru-prima-data-la-targu-jiulocatia-este-desprinsa-din-basme\/\" target=\"_new\" rel=\"noopener\">Festivalul Lavandei organizat pentru prima dat\u0103 la T\u00e2rgu Jiu<\/a>, 16.06.2020<\/li><li><a href=\"https:\/\/www.rfi.ro\/mediu-121951-festivalul-lavandei-targu-jiu\" target=\"_new\" rel=\"noopener\">Festivalul Lavandei la T\u00e2rgu Jiu<\/a>, 16.06.2020<\/li><li><a href=\"https:\/\/presshub.ro\/zeci-de-cultivatori-au-participat-la-primul-festival-al-lavandei-gdsro-99510\/\" target=\"_new\" rel=\"noopener\">Zeci de cultivatori au participat la primul Festival al Lavandei<\/a>, 16.06.2020<\/li><li><a href=\"https:\/\/www.pandurul.ro\/articol\/festivalul-lavandei-la-targu-jiu_124636.html\" target=\"_new\" rel=\"noopener\">Festivalul Lavandei la T\u00e2rgu Jiu<\/a>, 16.06.2020<\/li><li><a href=\"https:\/\/www.euroolteniainfo.com\/festivalul-lavandei-la-targu-jiu\/\" target=\"_new\" rel=\"noopener\">Festivalul Lavandei la T\u00e2rgu Jiu<\/a>, 16.06.2020<\/li><li><a href=\"https:\/\/www.igj.ro\/headlines\/primul-festival-al-lavandei-din-gorj-participantii-se-potfotografia-intr-un-decor-de-vis.html\" target=\"_new\" rel=\"noopener\">Primul Festival al Lavandei din Gorj \u2013 participan\u021bii se pot fotografia \u00eentr-un decor de vis<\/a>, 16.06.2020<\/li><li><a href=\"https:\/\/www.gorj24.com\/festivalul-lavandei-in-premiera-la-targu-jiu\/\" target=\"_new\" rel=\"noopener\">Festivalul Lavandei \u00een premier\u0103 la T\u00e2rgu Jiu<\/a>, 16.06.2020<\/li><li><a href=\"https:\/\/www.pandurul.ro\/articol\/pachete-cu-alimente-pentru-batranii-din-doualocal_123099.html\" target=\"_new\" rel=\"noopener\">Pachete cu alimente pentru b\u0103tr\u00e2nii din dou\u0103 localit\u0103\u021bi<\/a>, 15.04.2020<\/li><li><a href=\"https:\/\/gorjeanul.ro\/pachete-cu-alimente-pentru-varstnicii-din-carbunesti-si-dragutesti\/\" target=\"_new\" rel=\"noopener\">Pachete cu alimente pentru v\u00e2rstnicii din C\u0103rbune\u0219ti \u0219i Dr\u0103gu\u021be\u0219ti<\/a>, 15.04.2020<\/li><li><a href=\"https:\/\/sudvest.ro\/author\/oltenianews\/\" target=\"_new\" rel=\"noopener\">Al\u0103turi de bunici \u2013 proiecte pentru v\u00e2rstnici<\/a>, 15.04.2020<\/li><li><a href=\"https:\/\/www.paginaolteniei.ro\/articol\/ader-zeci-de-varstnici-au-primit-produsealimentar_4085.html\" target=\"_new\" rel=\"noopener\">ADER: Zeci de v\u00e2rstnici au primit produse alimentare<\/a>, 15.04.2020<\/li><li><a href=\"https:\/\/infogorj.ro\/foto-pachete-din-partea-ader-pentru-45-de-varstnici-din-targucarbunesti\/\" target=\"_new\" rel=\"noopener\">Pachete din partea ADER pentru 45 de v\u00e2rstnici din T\u00e2rgu C\u0103rbune\u0219ti<\/a>, 15.04.2020<\/li><li><a href=\"https:\/\/sudvest.ro\/2020\/05\/alaturi-de-bunici-in-perioada-dificila\/\" target=\"_new\" rel=\"noopener\">Al\u0103turi de bunici \u00een perioada dificil\u0103<\/a>, 15.04.2020<\/li><li><a href=\"https:\/\/gorjeanul.ro\/ader-a-oferit-pachete-cu-alimente-la-45-de-varstnici-dindragutesti\/\" target=\"_new\" rel=\"noopener\">ADER a oferit pachete cu alimente la 45 de v\u00e2rstnici din Dr\u0103gu\u021be\u0219ti<\/a>, 15.04.2020<\/li><li><a href=\"https:\/\/www.agerpres.ro\/social\/2020\/06\/11\/gorj-prima-editie-a-festivalului-lavandei-seva-desfasura-marti-la-polata--520947\" target=\"_new\" rel=\"noopener\">Prima edi\u021bie a Festivalului Lavandei se va desf\u0103\u0219ura la Polata<\/a>, 11.06.2020<\/li><li><a href=\"https:\/\/www.radiotargujiu.ro\/sondaj-cine-va-fi-primarul-municipiului-targu-jiu-dacaduminica-viitoare-vor-fi-alegeri-ce-partid-prefera-targujienii-in-consiliul-local\/\" target=\"_new\" rel=\"noopener\">Sondaj: Cine va fi primarul municipiului T\u00e2rgu Jiu dac\u0103 duminica viitoare vor fi alegeri?<\/a>, 28.05.2020<\/li><li><a href=\"http:\/\/www.tvsud.ro\/sondaj-de-ultima-ora-cine-ar-putea-candida-la-primaria-targujiu.html\" target=\"_new\" rel=\"noopener\">Sondaj de ultim\u0103 or\u0103: Cine ar putea candida la Prim\u0103ria T\u00e2rgu Jiu?<\/a>, 28.05.2020<\/li><li><a href=\"https:\/\/www.gorj24.com\/se-strang-bani-pentru-a-cumpara-materiale-de-protectiepentru-spitalul-covid-carbunesti\/\" target=\"_new\" rel=\"noopener\">Se str\u00e2ng bani pentru a cump\u0103ra materiale de protec\u021bie pentru Spitalul COVID-C\u0103rbune\u0219ti<\/a>, 01.05.2020<\/li><li><a href=\"https:\/\/infogorj.ro\/ader-a-donat-spitalului-covid-de-la-carbunesti\/\" target=\"_new\" rel=\"noopener\">ADER a donat Spitalului COVID de la C\u0103rbune\u0219ti<\/a>, 01.05.2020<\/li><li><a href=\"https:\/\/gorjeanul.ro\/ader-a-donat-spitalului-covid-de-la-carbunesti\/\" target=\"_new\" rel=\"noopener\">ADER a donat Spitalului COVID de la C\u0103rbune\u0219ti<\/a>, 01.05.2020<\/li><li><a href=\"https:\/\/www.paginaolteniei.ro\/articol\/ader-a-donat-manusi-si-masti-spitalului-targucarb_4049.html\" target=\"_new\" rel=\"noopener\">ADER a donat m\u0103nu\u0219i \u0219i m\u0103\u0219ti Spitalului T\u00e2rgu-C\u0103rbune\u0219ti<\/a>, 01.05.2020<\/li><li><a href=\"https:\/\/gorjeanul.ro\/ader-strange-donatii-pentru-spitalul-targu-carbunesti\/\" target=\"_new\" rel=\"noopener\">ADER str\u00e2nge dona\u021bii pentru Spitalul T\u00e2rgu-C\u0103rbune\u0219ti<\/a>, 01.05.2020<\/li><li><a href=\"https:\/\/www.bursabinelui.ro\/BursaBinelui\/Proiecte\/Salvati-ingerii-albi\" target=\"_new\" rel=\"noopener\">Campania \u201eSalva\u021bi \u00cengerii Albi\u201d \u2013 Bursa Binelui<\/a>, 01.05.2020<\/li><li><a href=\"https:\/\/viatagorjului.ro\/2020\/05\/donatie-pentru-spitalul-covid-19-de-la-targucarbunesti\/\" target=\"_new\" rel=\"noopener\">Dona\u021bie pentru Spitalul COVID-19 de la T\u00e2rgu-C\u0103rbune\u0219ti<\/a>, 01.05.2020<\/li><li><a href=\"https:\/\/gorjeanul.ro\/ader-a-lansat-campania-salvam-ingerii-albi-cu-un-singur-smsajutam-spitalele-din-gorj\/\" target=\"_new\" rel=\"noopener\">ADER a lansat campania \u201eSalv\u0103m \u00cengerii Albi\u201d cu un singur SMS \u2013 Ajut\u0103m spitalele din Gorj<\/a>, 01.05.2020<\/li><li><a href=\"https:\/\/gorjeanul.ro\/lansare-de-carte-la-biblioteca-judeteana\/\" target=\"_new\" rel=\"noopener\">Lansare de carte la Biblioteca Jude\u021bean\u0103<\/a>, 20.02.2020<\/li><\/ul><h3>2019<\/h3><ul><li><a href=\"https:\/\/www.paginaolteniei.ro\/articol\/premiera-de-gala-la-targu-jiu-o-poveste-tulburatoa_3398.html\" target=\"_new\" rel=\"noopener\">Distribuirea volumului \u201eEcaterina Teodoroiu &#8211; Ioana d&#8217;Arc a Rom\u00e2niei\u201d<\/a>, 19.12.2019<\/li><li><a href=\"https:\/\/www.igj.ro\/social\/voluntarii-si-membrii-ader-ajutoarele-lui-mos-craciun.html\" target=\"_new\" rel=\"noopener\">Voluntarii ADER &#8211; Ajutoarele lui Mo\u0219 Cr\u0103ciun<\/a>, 19.12.2019<\/li><li><a href=\"https:\/\/www.igj.ro\/social\/voluntarii-si-membrii-ader-ajutoarele-lui-mos-craciun.html?fbclid=IwAR02xTHWYHC-kGH_BXszc7oQdulHODX7aM73U0fu-Wv2jwZhcHEeNquvioc\" target=\"_new\" rel=\"noopener\">Voluntarii ADER &#8211; ajutoarele lui Mo\u0219 Cr\u0103ciun<\/a>, 19.12.2019<\/li><li><a href=\"https:\/\/gorjeanul.ro\/voluntarii-si-membrii-ader-ajutoarele-lui-mos-craciun\/?fbclid=IwAR1-d4PswccktrR-kfGk7bUxWdRoP4MfyFMxVLHA3ymc53OvTfFDWX7Lz8Q\" target=\"_new\" rel=\"noopener\">Distribu\u021bia cadourilor de Mo\u0219 Cr\u0103ciun la Gr\u0103dini\u021bele din Gorj<\/a>, 19.12.2019<\/li><li><a href=\"https:\/\/gorjeanul.ro\/ziua-voluntariatului-marcata-joi-la-targu-jiu\/?fbclid=IwAR3CUwo8PnyzfeLNvwbcrsD12-aIUnvsP_cDdj-9gmrIjxYl2wnbQpqh4Iw\" target=\"_new\" rel=\"noopener\">Ziua Voluntariatului la T\u00e2rgu-Jiu<\/a>, 05.12.2019<\/li><li><a href=\"https:\/\/www.gorj-domino.ro\/actiune-pentru-voluntari-in-piata-prefecturii-din-targu-jiu\/?fbclid=IwAR19TCguUgIzQUM_ZrLRBMitjrvHw4E78DD3BrTBjisIiRwDtovVYtisN7k\" target=\"_new\" rel=\"noopener\">Ac\u021biune pentru voluntari \u00een Pia\u021ba Prefecturii din T\u00e2rgu-Jiu<\/a>, 05.12.2019<\/li><li><a href=\"https:\/\/www.igj.ro\/social\/s-a-inaugurat-clubul-rezervistului-mai.html\" target=\"_new\" rel=\"noopener\">Inaugurarea \u201eClubul Rezervistului MAI\u201d la T\u00e2rgu-Jiu<\/a>, 14.11.2019<\/li><li><a href=\"https:\/\/www.facebook.com\/ADERTarguJiu\/videos\/3201535036584124\/\" target=\"_new\" rel=\"noopener\">Facebook Video: Inaugurarea \u201eClubului Rezervistului MAI\u201d<\/a>, 14.11.2019<\/li><li><a href=\"https:\/\/www.igj.ro\/actualitate\/premiera-filmului-istoric-in-care-joaca-fata-lui-hagi-va-avea-loc-la-cinematograful-sergiu-nicolaescu-din-targu-jiu.html?fbclid=IwAR3G69ruXiQgcO0-LDSS8X54TTwEjKPo0vgaAk7hezx8Kqfm5tVmSTzwEEE\" target=\"_new\" rel=\"noopener\">Premiera filmului \u201e\u00centre Chin \u0219i Amin\u201d la T\u00e2rgu-Jiu<\/a>, 11.10.2019<\/li><li><a href=\"https:\/\/www.paginaolteniei.ro\/articol\/premiera-de-gala-la-targu-jiu-o-poveste-tulburatoa_3398.html?fbclid=IwAR2nf_sJ-pcqZ3K-MCXBzqhwXmbP07dLujfFCOUm_4TJIng_4Q_2f1TlNrg\" target=\"_new\" rel=\"noopener\">Premiera de gal\u0103 \u201e\u00centre Chin \u0219i Amin\u201d la T\u00e2rgu-Jiu<\/a>, 11.10.2019<\/li><li><a href=\"https:\/\/www.facebook.com\/events\/569972363779472\/?active_tab=discussion\" target=\"_new\" rel=\"noopener\">Facebook Event: Premiera \u201e\u00centre Chin \u0219i Amin\u201d la T\u00e2rgu-Jiu<\/a>, 11.10.2019<\/li><li><a href=\"https:\/\/www.igj.ro\/social\/eveniment-cultural-langa-coloana-lui-brancusi-violonistul-alexandru-tomescu-va-concerta-cu-vioara-stradivarius-elder-voicu.html?fbclid=IwAR29aiLuG6s5raAtvEbt5FKvNQ44d93yRACi9J-FRo6UXxCxojZq1Xx564M\" target=\"_new\" rel=\"noopener\">Eveniment cultural l\u00e2ng\u0103 Coloana Infinitului &#8211; Alexandru Tomescu<\/a>, 14.05.2019<\/li><li><a href=\"https:\/\/pandurul.ro\/articol\/peste-o-mie-de-oameni-la-concertul-de-la-coloana-i_103518.html\" target=\"_new\" rel=\"noopener\">Concert la Coloana Infinitului &#8211; Turneul Stradivarius<\/a>, 14.05.2019<\/li><li><a href=\"https:\/\/adevarul.ro\/locale\/targu-jiu\/turneul-stradivarius-poposi-nou-orasul-brancusi-concertul-loc-coloana-fara-sfarsit-1_5cdb9f0b445219c57ea5ce3b\/index.html\" target=\"_new\" rel=\"noopener\">Turneul Stradivarius la Coloana Infinitului<\/a>, 14.05.2019<\/li><li><a href=\"http:\/\/radioaccent.ro\/2019\/05\/14\/turneul-stradivarius-ajunge-pentru-patra-oara-la-targu-jiu\/?fbclid=IwAR26YGjNNUfv48LgaZuerR5eYU2OXnaH2wu95ii2_QdYhUTvvH34ytyDn5o\" target=\"_new\" rel=\"noopener\">Turneul Stradivarius la T\u00e2rgu-Jiu pentru a patra oar\u0103<\/a>, 14.05.2019<\/li><li><a href=\"https:\/\/gorjeanul.ro\/turneul-stradivarius-la-targu-jiu-o-reusita\/\" target=\"_new\" rel=\"noopener\">Turneul Stradivarius la T\u00e2rgu-Jiu &#8211; O reu\u0219it\u0103<\/a>, 14.05.2019<\/li><li><a href=\"https:\/\/gorjeanul.ro\/alexandru-tomescu-si-vioara-stradivarius-revin-la-targu-jiu\/?fbclid=IwAR3YAO3qrD4DwprMd4fUkluIzeiSCNT52yGvXzooHAfGtV6TgiMhiv5145E\" target=\"_new\" rel=\"noopener\">Alexandru Tomescu \u0219i vioara Stradivarius revin la T\u00e2rgu-Jiu<\/a>, 14.05.2019<\/li><li><a href=\"https:\/\/www.youtube.com\/watch?v=vWQpjSpjuUU&amp;feature=player_embedded\" target=\"_new\" rel=\"noopener\">Video &#8211; Turneul Stradivarius la T\u00e2rgu-Jiu<\/a>, 14.05.2019<\/li><li><a href=\"https:\/\/www.facebook.com\/events\/403113663732083\/\" target=\"_new\" rel=\"noopener\">Facebook Event: Concert Turneul Stradivarius<\/a>, 14.05.2019<\/li><li><a href=\"https:\/\/www.igj.ro\/social\/importanta-alegerilor-europene-din-26-mai-2019-prezentata-elevilor.html?fbclid=IwAR3Ikr_1iTnbR9090qFOzLhGB_JC1i5aE9oivZxjk-HMKIml8ngKys_vQwo\" target=\"_new\" rel=\"noopener\">Importan\u021ba alegerilor europene din 26 mai 2019 prezentat\u0103 elevilor<\/a>, 17.05.2019<\/li><li><a href=\"https:\/\/www.gorj24.com\/elevii-invata-despre-importanta-votului-si-a-alegerilor-europarlamentare\/?fbclid=IwAR2rFVV8hX1Lh7txttNNUfbiF0qe-einLCxqltTe0WQjXr84fd9k-9ZnuRI\" target=\"_new\" rel=\"noopener\">Elevii \u00eenva\u021b\u0103 despre importan\u021ba votului<\/a>, 17.05.2019<\/li><li><a href=\"https:\/\/gorjeanul.ro\/conferinte-lansate-de-ader-in-sprijinul-alegerilor-europene\/?fbclid=IwAR2BYZMVXzwoQuTdcJapPKI3kyOms_R5oSDGP0MErgidNktE0oaQmCxL6lM\" target=\"_new\" rel=\"noopener\">Conferin\u021be lansate de ADER \u00een sprijinul alegerilor europene<\/a>, 17.05.2019<\/li><li><a href=\"https:\/\/infogorj.ro\/gorj-conferinta-pe-tema-importantei-votului-adresata-elevilor-de-clasa-a-xii-a\/?fbclid=IwAR30u8lIPtPYCkqb5CJ3mb-FwN2lThK7VbPpBMiQQoanux0N0QRhr3wQozo\" target=\"_new\" rel=\"noopener\">Importan\u021ba votului prezentat\u0103 elevilor de clasa a XII-a<\/a>, 17.05.2019<\/li><li><a href=\"https:\/\/gorjeanul.ro\/volum-semnat-de-andrei-stefan-ghimisi-lansat-joi-la-targu-jiu\/?fbclid=IwAR0HJURYVbkRAav8fMLcjdhquVkAjHbXtiZunynpjs90zYmmpnojdvf6Ta0\" target=\"_new\" rel=\"noopener\">Volum lansat de Andrei \u0218tefan Ghimi\u0219i la T\u00e2rgu-Jiu<\/a>, 18.04.2019<\/li><li><a href=\"https:\/\/gorjeanul.ro\/astazi-lansare-de-carte-la-biblioteca-christian-tell\/?fbclid=IwAR028vtzL8-1olbLpHEaBSSrmgG7jqsfMpQAx2F5EDADVe07ZzM0cXnrI_8\" target=\"_new\" rel=\"noopener\">Lansare de carte la Biblioteca Christian Tell<\/a>, 18.04.2019<\/li><li><a href=\"https:\/\/www.gorj24.com\/lansare-de-carte-in-domeniul-diplomatiei\/?fbclid=IwAR2WA105PBbaZOZojraOP07VzFN4bRVEFUWLoGZB_RGyW4j6hiibrzvEpKo\" target=\"_new\" rel=\"noopener\">Lansare de carte \u00een domeniul diploma\u021biei<\/a>, 18.04.2019<\/li><li><a href=\"https:\/\/www.paginaolteniei.ro\/articol\/lansare-de-carte-la-biblioteca-judeteana-gorj-este_2808.html?fbclid=IwAR0bN1rrtbzJV6Mrymu44VAOJLoGG-WHXQjBNoIcts98HxPFRNBgK1masaI\" target=\"_new\" rel=\"noopener\">Lansare de carte la Biblioteca Jude\u021bean\u0103 Gorj<\/a>, 18.04.2019<\/li><li><a href=\"https:\/\/www.facebook.com\/events\/353655815287927\/\" target=\"_new\" rel=\"noopener\">Facebook Event: Lansare de carte<\/a>, 2019<\/li><li><a href=\"https:\/\/www.facebook.com\/IntellNews.Romania\/videos\/327413134571172\/UzpfSTU1NjY0NDAzMTA5MjY4NDoyMTI5NTM1MTUwNDcwMjIz\/?redirect=false\" target=\"_new\" rel=\"noopener\">Video &#8211; IntellNews<\/a>, 2019<\/li><li><a href=\"https:\/\/www.facebook.com\/IntellNews.Romania\/videos\/327413134571172\/UzpfSTU1NjY0NDAzMTA5MjY4NDoyMTI5NTM1MTUwNDcwMjIz\/?redirect=false\" target=\"_new\" rel=\"noopener\">Video &#8211; Colocviile Br\u00e2ncu\u0219i<\/a>, 2019<\/li><li><a href=\"https:\/\/www.facebook.com\/events\/2067815529933471\/\" target=\"_new\" rel=\"noopener\">Colocviile Br\u00e2ncu\u0219i &#8211; Facebook Event<\/a>, 18.02.2019<\/li><li><a href=\"https:\/\/www.intellnews.ro\/intell-news-pe-drumurile-patriei-colocviile-brancusi-2019-la-targu-jiu\/?fbclid=IwAR0RaZ8KvcttbEZOG3KNRiOXNOvxUipKSMVDJ87i8WRevuPRnFnz9YSOPR4\" target=\"_new\" rel=\"noopener\">IntellNews &#8211; Colocviile Br\u00e2ncu\u0219i 2019 la T\u00e2rgu-Jiu<\/a>, 19.02.2019<\/li><li><a href=\"https:\/\/www.brancusi360.ro\/2019\/03\/colocviile-brancusi-18-19-februarie-2019\/?fbclid=IwAR2vm1QPFHmnjb4hXJEWFLv8QW12O84SKDXyLuPtgkN5oBNrH-XQf8QQb8s\" target=\"_new\" rel=\"noopener\">Colocviile Br\u00e2ncu\u0219i 18-19 februarie 2019<\/a>, 19.02.2019<\/li><li><a href=\"https:\/\/www.facebook.com\/events\/2342152832721445\/\" target=\"_new\" rel=\"noopener\">Facebook Event: Colocviile Br\u00e2ncu\u0219i<\/a>, 2019<\/li><li><a href=\"https:\/\/www.facebook.com\/events\/541457073048039\/\" target=\"_new\" rel=\"noopener\">Facebook Event: Turneul Stradivarius<\/a>, 14.05.2019<\/li><li><a href=\"https:\/\/castbox.fm\/episode\/Turneul-Stradivarius-ajunge-pentru-a-patra-oara-la-T%C3%A2rgu-Jiu-id1712769-id153936288?country=ro\" target=\"_new\" rel=\"noopener\">Turneul Stradivarius la T\u00e2rgu-Jiu<\/a>, 14.05.2019<\/li><li><a href=\"http:\/\/jriss.4ader.ro\/\" target=\"_new\" rel=\"noopener\">Journal of Research and Innovation for Sustainable Society &#8211; JRISS<\/a>, 2019<\/li><li><a href=\"https:\/\/www.facebook.com\/editura.thoth\/?modal=admin_todo_tour\" target=\"_new\" rel=\"noopener\">Editura Thoth &#8211; Apari\u021bii editoriale 2019<\/a>, 2019<\/li><li><a href=\"https:\/\/www.facebook.com\/events\/403113663732083\/\" target=\"_new\" rel=\"noopener\">Facebook Event: Concert Turneul Stradivarius<\/a>, 14.05.2019<\/li><li>\u00a0<\/li><\/ul><h3>2014-2018<\/h3><ul><li><a href=\"https:\/\/gorjeanul.ro\/prezentare-de-carte-organizata-de-ader\/?fbclid=IwAR1BYT_ZLyT9QweX4eTjHnCXM65e9ypzGqKI2QBV12ac6iWT_XPwjoC-p1I\" target=\"_new\" rel=\"noopener\">Prezentare de carte, organizat\u0103 de ADER<\/a>, 13.12.2018<\/li><li><a href=\"https:\/\/www.sgorj.ro\/adera-la-centenarul-marii-uniri-cu-tinerii-targujieni-proiect-finantat-de-primaria-municipiului-targu-jiu\/?fbclid=IwAR0KgwWzbTB0fqev8SieSzIZRiuRdcBHUXJSLih4vIFfwhoVkXasQrzLYrE\" target=\"_new\" rel=\"noopener\">\u201cADER\u0102 LA CENTENARUL MARII UNIRI CU TINERII T\u00c2RGUJIENI \u201c, proiect finan\u0163at de Prim\u0103ria Municipiului T\u00e2rgu Jiu\u201d<\/a>, 11.12.2018<\/li><li><a href=\"https:\/\/gorjeanul.ro\/zeci-de-elevi-din-gorj-si-mehedinti-la-alba-iulia\/?fbclid=IwAR06TuxR4I_66kIRE_OVtRkKDGO4hzhySZVFARpa5z4TE5RrPF_UShJwDZo\" target=\"_new\" rel=\"noopener\">Zeci de elevi din Gorj \u0219i Mehedin\u021bi, la Alba Iulia<\/a>, 11.12.2018<\/li><li><a href=\"https:\/\/www.gds.ro\/Local\/2018-12-05\/ziua-internationala-a-voluntariatului,-marcata-la-targu-jiu\/?fbclid=IwAR2_ljMRAREYwOK5L7ontNDkvHFyoV5sTh7wliqABCzWbo6Uw1olKLcVkb8\" target=\"_new\" rel=\"noopener\">Ziua Interna\u0163ional\u0103 a Voluntariatului, marcat\u0103 la T\u00e2rgu Jiu<\/a>, 05.12.2018<\/li><li><a href=\"https:\/\/www.paginaolteniei.ro\/articol\/zeci-de-elevi-din-targu-jiu-castigatori-ai-unui-co_2293.html\" target=\"_new\" rel=\"noopener\">Zeci de elevi din T\u00e2rgu-Jiu, c\u00e2\u0219tig\u0103tori ai unui concurs de eseuri, merg \u00een excursie la Alba-Iulia!<\/a>, 03.12.2018<\/li><li><a href=\"https:\/\/igj.ro\/social\/concurs-de-fotografie-100-de-ani-intr-o-fotografie.html\" target=\"_new\" rel=\"noopener\">Concurs de fotografie: \u201e100 de ani \u00eentr-o fotografie\u201d<\/a>, 22.11.2018<\/li><li><a href=\"https:\/\/www.gds.ro\/Local\/2018-11-12\/concurs-pentru-liceeni-100-de-ani-intr-o-fotografie\/?fbclid=IwAR1bmBX_uC-3M0WM8cj9lMehwWLb5nKxJDbGAZ-uh935V19Wjm4gRIlbtW0\" target=\"_new\" rel=\"noopener\">Concurs pentru liceeni \u201e100 de ani \u00eentr-o fotografie\u201c<\/a>, 12.11.2018<\/li><li><a href=\"https:\/\/www.paginaolteniei.ro\/articol\/ultimul-seminar-interactiv-al-ader-a-avut-loc-la-c_2116.html\" target=\"_new\" rel=\"noopener\">Ultimul seminar interactiv al ADER a avut loc la CNSH T\u00e2rgu-Jiu<\/a>, 24.10.2018<\/li><li><a href=\"https:\/\/gorjeanul.ro\/seminar-interactiv-marea-unire-de-la-1-decembrie-2018-in-cadrul-adera-la-centenarul-marii-uniri\/\" target=\"_new\" rel=\"noopener\">Seminar Interactiv Marea Unire de la 1 decembrie 2018, \u00een cadrul ADER\u0103 la Centenarul Marii Uniri<\/a>, 12.10.2018<\/li><li><a href=\"https:\/\/www.paginaolteniei.ro\/articol\/seminar-interactiv-despre-eroii-marii-uniri-organi_2066.html\" target=\"_new\" rel=\"noopener\">Seminar interactiv despre eroii Marii Uniri organizat la T\u00e2rgu Jiu<\/a>, 11.10.2018<\/li><li><a href=\"https:\/\/igj.ro\/social\/seminar-de-istorie-locala-la-cntv.html\" target=\"_new\" rel=\"noopener\">Seminar de istorie local\u0103, la CNTV<\/a>, 11.10.2018<\/li><li><a href=\"https:\/\/cult-ura.ro\/elevii-si-studentii-pot-participa-la-un-concurs-de-fotografie\/\" target=\"_new\" rel=\"noopener\">Elevii \u0219i studen\u021bii pot participa la un concurs de fotografie<\/a>, 05.10.2018<\/li><li><a href=\"https:\/\/gorjeanul.ro\/100-de-ani-intr-o-fotografie-concurs-pentru-elevi-si-studenti\/\" target=\"_new\" rel=\"noopener\">\u201c100 DE ANI \u00ceNTR-O FOTOGRAFIE\u201c, concurs pentru elevi \u0219i studen\u021bi<\/a>, 05.10.2018<\/li><li><a href=\"https:\/\/gorjeanul.ro\/primul-seminar-interactiv-in-cadrul-proiectului-adera-la-centenarul-marii-uniri-cu-tinerii-targujieni\/\" target=\"_new\" rel=\"noopener\">Primul Seminar Interactiv \u00een cadrul Proiectului ADER\u0103 la Centenarul Marii Uniri cu Tinerii T\u00e2rgujieni<\/a>, 05.10.2018<\/li><li><a href=\"https:\/\/www.pandurul.ro\/articol\/concurs-de-fotografie-pentru-elevi-si-studenti_107422.html\" target=\"_new\" rel=\"noopener\">Concurs de fotografie pentru elevi \u0219i studen\u021bi<\/a>, 03.10.2018<\/li><li><a href=\"https:\/\/gorjeanul.ro\/ader-cauta-voluntari\/\" target=\"_new\" rel=\"noopener\">ADER caut\u0103 voluntari<\/a>, 20.09.2018<\/li><li><a href=\"https:\/\/gorjeanul.ro\/300-de-elevi-in-proiectul-adera-la-centenarul-marii-uniri-cu-tinerii-targu-jieni\/\" target=\"_new\" rel=\"noopener\">300 de elevi, \u00een proiectul \u201cADER\u0102 LA CENTENARUL MARII UNIRI CU TINERII T\u00c2RGU-JIENI\u201d<\/a>, 31.08.2018<\/li><li><a href=\"https:\/\/www.pandurul.ro\/articol\/proiect-finantat-de-primarie-pentru-elevii-de-lice_106395.html\" target=\"_new\" rel=\"noopener\">Proiect finan\u021bat de prim\u0103rie pentru elevii de liceu<\/a>, 30.08.2018<\/li><li><a href=\"https:\/\/www.gds.ro\/Actualitate\/2018-08-30\/gorj-proiect-dedicat-centenarului-marii-uniri,-in-care-sunt-implicati-300-de-liceeni\/\" target=\"_new\" rel=\"noopener\">Gorj: Proiect dedicat Centenarului Marii Uniri, \u00een care sunt implica\u0163i 300 de liceeni<\/a>, 30.08.2018<\/li><li><a href=\"https:\/\/sportingorj.ro\/2014\/05\/19\/salba-de-medalii-pentru-karatistii-gorjeni\/\" target=\"_new\" rel=\"noopener\">Desf\u0103\u0219urat la Sibiu, Campionatul Na\u021bional de Karate Kyokushinkai Tradi\u021bional al Rom\u00e2niei<\/a>, 19.05.2014<\/li><\/ul>\t\t\t\t\t\t\t\t<\/div>\n\t\t\t\t<\/div>\n\t\t\t\t<div class=\"elementor-element elementor-element-cdaba88 elementor-widget elementor-widget-spacer\" data-id=\"cdaba88\" data-element_type=\"widget\" data-widget_type=\"spacer.default\">\n\t\t\t\t<div class=\"elementor-widget-container\">\n\t\t\t\t\t\t\t<div class=\"elementor-spacer\">\n\t\t\t<div class=\"elementor-spacer-inner\"><\/div>\n\t\t<\/div>\n\t\t\t\t\t\t<\/div>\n\t\t\t\t<\/div>\n\t\t\t\t<\/div>\n\t\t\t\t<\/div>\n\t\t\t\t<\/div>\n\t\t","protected":false},"excerpt":{"rendered":"<p>ADER \u00ceN PRES\u0102 2023 Mo\u0219 Nicolae a ajuns la copiii dintr-o comun\u0103 din partea ADER T\u00e2rgu Jiu, 06.12.2023 Cadouri pentru copiii dintr-o comun\u0103 din partea ADER T\u00e2rgu Jiu, 06.12.2023 Asocia\u021bia pentru Democra\u021bie, Educa\u021bie, Respect s\u0103rb\u0103tore\u0219te 10 ani de la \u00eenfiin\u021bare, 06.12.2023 ADER T\u00e2rgu Jiu, la 10 ani de la \u00eenfiin\u021bare &#8211; proiecte trecute \u0219i viitoare,&#8230;<\/p>\n","protected":false},"author":2,"featured_media":0,"parent":0,"menu_order":0,"comment_status":"closed","ping_status":"closed","template":"","meta":{"_kad_post_transparent":"","_kad_post_title":"hide","_kad_post_layout":"fullwidth","_kad_post_sidebar_id":"","_kad_post_content_style":"unboxed","_kad_post_vertical_padding":"hide","_kad_post_feature":"hide","_kad_post_feature_position":"","_kad_post_header":false,"_kad_post_footer":false,"_kad_post_classname":"","footnotes":""},"class_list":["post-130","page","type-page","status-publish","hentry"],"rttpg_featured_image_url":null,"rttpg_author":{"display_name":"Calina Denis","author_link":"https:\/\/4ader.ro\/index.php\/author\/denis_1\/"},"rttpg_comment":0,"rttpg_category":null,"rttpg_excerpt":"ADER \u00ceN PRES\u0102 2023 Mo\u0219 Nicolae a ajuns la copiii dintr-o comun\u0103 din partea ADER T\u00e2rgu Jiu, 06.12.2023 Cadouri pentru copiii dintr-o comun\u0103 din partea ADER T\u00e2rgu Jiu, 06.12.2023 Asocia\u021bia pentru Democra\u021bie, Educa\u021bie, Respect s\u0103rb\u0103tore\u0219te 10 ani de la \u00eenfiin\u021bare, 06.12.2023 ADER T\u00e2rgu Jiu, la 10 ani de la \u00eenfiin\u021bare &#8211; proiecte trecute \u0219i viitoare,...","_links":{"self":[{"href":"https:\/\/4ader.ro\/index.php\/wp-json\/wp\/v2\/pages\/130","targetHints":{"allow":["GET"]}}],"collection":[{"href":"https:\/\/4ader.ro\/index.php\/wp-json\/wp\/v2\/pages"}],"about":[{"href":"https:\/\/4ader.ro\/index.php\/wp-json\/wp\/v2\/types\/page"}],"author":[{"embeddable":true,"href":"https:\/\/4ader.ro\/index.php\/wp-json\/wp\/v2\/users\/2"}],"replies":[{"embeddable":true,"href":"https:\/\/4ader.ro\/index.php\/wp-json\/wp\/v2\/comments?post=130"}],"version-history":[{"count":32,"href":"https:\/\/4ader.ro\/index.php\/wp-json\/wp\/v2\/pages\/130\/revisions"}],"predecessor-version":[{"id":1652,"href":"https:\/\/4ader.ro\/index.php\/wp-json\/wp\/v2\/pages\/130\/revisions\/1652"}],"wp:attachment":[{"href":"https:\/\/4ader.ro\/index.php\/wp-json\/wp\/v2\/media?parent=130"}],"curies":[{"name":"wp","href":"https:\/\/api.w.org\/{rel}","templated":true}]}}