{"id":12,"date":"2024-05-14T05:51:53","date_gmt":"2024-05-14T05:51:53","guid":{"rendered":"https:\/\/4ader.ro\/index.php\/homepage\/"},"modified":"2024-09-30T14:06:36","modified_gmt":"2024-09-30T11:06:36","slug":"homepage","status":"publish","type":"page","link":"https:\/\/4ader.ro\/","title":{"rendered":"HomePage"},"content":{"rendered":"\t\t<div data-elementor-type=\"wp-page\" data-elementor-id=\"12\" class=\"elementor elementor-12\">\n\t\t\t\t<div class=\"elementor-element elementor-element-4c2a2066 e-flex e-con-boxed e-con e-parent\" data-id=\"4c2a2066\" data-element_type=\"container\">\n\t\t\t\t\t<div class=\"e-con-inner\">\n\t\t\t\t<div class=\"elementor-element elementor-element-e11662d elementor-widget elementor-widget-depicter_slider\" data-id=\"e11662d\" data-element_type=\"widget\" data-widget_type=\"depicter_slider.default\">\n\t\t\t\t<div class=\"elementor-widget-container\">\n\t\t\t\t\t<style id=\"depicter-94-inline-pre-css\">\n\n.depicter-revert.depicter-94{\n\tbackground-color:#FFFFFF;\n}\n.depicter-94:not(.depicter-ready){\n\theight:700px;\n}\n\n\/***** Tablet *****\/\n@media screen and (max-width: 1024px){\n\n.depicter-94:not(.depicter-ready){\n\theight:700px;\n}\n\n}\n\/***** Mobile *****\/\n@media screen and (max-width: 767px){\n\n.depicter-94:not(.depicter-ready){\n\theight:740px;\n}\n\n}\n<\/style>\n<div id=\"depicter-94\" class=\"depicter depicter-document depicter-revert depicter-94 depicter-layout-fullwidth\">\n\n<div class=\"depicter-loading-container depicter-loading dotFlashing-dark\"><div class=\"depicter-loading-dark depicter-dot-flashing\">\n   <span><\/span>\n   <span><\/span>\n   <span><\/span>\n<\/div>\n<\/div>\n\n<div class=\"depicter-overlay-layers\">\n<div data-animation-in=\"{'direction':'bottom','easing':'easeOutExpo','duration':2000,'movement':{'value':80,'unit':'px'},'delay':750,'type':'move'}\" data-between-in-out=\"false\" id=\"depicter-94-element-8\" class=\"depicter-element depicter-layer depicter-94-element-8\" data-type=\"symbol\" data-wrap=\"true\" data-name=\"Arrow 1\" data-local-id=\"element-8\" data-offset=\"x:1192px;y:482px;origin:tl\" data-tablet-offset=\"x:948px;y:621px;origin:tl\" data-mobile-offset=\"x:264px;y:255px;origin:tl\" data-actions=\"[['gotoSection','click',0,{'type':'next','to':''}]]\" data-width=\"40px,40px,27px\" data-height=\"40px,40px,27px\" data-responsive-scale=\"true,,\">\n\t<svg width=\"8px\" height=\"14px\" viewBox=\"0 0 15.557 26.871\" style=\"position:relative;right:-1px\"><path id=\"arrow_10R\" d=\"M0,24.752,11.317,13.437,0,2.121,2.121,0,15.557,13.435h0l0,0L2.122,26.872Z\" transform=\"translate(-0.001 -0.001)\" \/><\/svg>\n<\/div>\n\n<div data-animation-in=\"{'direction':'bottom','easing':'easeOutExpo','duration':2000,'movement':{'value':80,'unit':'px'},'delay':600,'type':'move'}\" data-between-in-out=\"false\" id=\"depicter-94-element-9\" class=\"depicter-element depicter-layer depicter-94-element-9\" data-type=\"symbol\" data-wrap=\"true\" data-name=\"Arrow 2\" data-local-id=\"element-9\" data-offset=\"x:1133px;y:482px;origin:tl\" data-tablet-offset=\"x:948px;y:571px;origin:tl\" data-mobile-offset=\"x:68px;y:255px;origin:tl\" data-actions=\"[['gotoSection','click',0,{'type':'previous','to':''}]]\" data-width=\"40px,40px,27px\" data-height=\"40px,40px,27px\" data-responsive-scale=\"true,,\">\n\t<svg width=\"8px\" height=\"14px\" viewBox=\"0 0 15.556 26.871\" style=\"position:relative;left:-1px\"><path id=\"arrow_10L\" d=\"M0,13.438H0L13.436,0l2.12,2.12L4.24,13.437,15.557,24.752l-2.121,2.12Z\" transform=\"translate(0 -0.001)\" \/><\/svg>\n<\/div>\n\n<\/div>\n\n<div id=\"depicter-94-section-1\" class=\"depicter-section depicter-94-section-1\" data-name=\"Slide 1\" data-type=\"section\" data-local-id=\"section-1\">\n<picture class=\"depicter-bg\">\n<source data-depicter-srcset=\"https:\/\/4ader.ro\/wp-content\/uploads\/2024\/05\/business-people-shaking-hands-together-scaled-1-768x555.jpg, https:\/\/4ader.ro\/wp-content\/uploads\/2024\/05\/business-people-shaking-hands-together-scaled-1.jpg 2x\" srcset=\"data:image\/gif;base64,R0lGODlhAQABAIAAAAAAAP\/\/\/yH5BAEAAAAALAAAAAABAAEAAAIBRAA7\" media=\"(max-width: 1024px)\" \/>\n\n<source data-depicter-srcset=\"https:\/\/4ader.ro\/wp-content\/uploads\/2024\/05\/business-people-shaking-hands-together-scaled-1.jpg, https:\/\/4ader.ro\/wp-content\/uploads\/2024\/05\/business-people-shaking-hands-together-scaled-1-2560x1849.jpg 2x\" srcset=\"data:image\/gif;base64,R0lGODlhAQABAIAAAAAAAP\/\/\/yH5BAEAAAAALAAAAAABAAEAAAIBRAA7\" media=\"(min-width: 1025px)\" \/>\n<img decoding=\"async\" src=\"data:image\/gif;base64,R0lGODlhAQABAIAAAAAAAP\/\/\/yH5BAEAAAAALAAAAAABAAEAAAIBRAA7\" alt=\"\" data-depicter-src=\"https:\/\/4ader.ro\/wp-content\/uploads\/2024\/05\/business-people-shaking-hands-together-scaled-1.jpg\" data-object-fit=\"cover,,\" \/>\n<\/picture>\n\n\n<div data-animation-in=\"{'direction':'left','easing':'easeOutExpo','duration':2000,'movement':0,'scale':1.1999999999999999555910790149937383830547332763671875,'delay':0,'fade':false,'type':'move'}\" data-between-in-out=\"false\" id=\"depicter-94-element-3\" class=\"depicter-element depicter-layer depicter-94-element-3\" data-type=\"shape\" data-wrap=\"true\" data-name=\"Shape 1\" data-local-id=\"element-3\" data-offset=\"x:173px;y:68px;origin:tl\" data-tablet-offset=\"x:64px;y:176px;origin:tl\" data-mobile-offset=\"x:17px;y:67px;origin:tl\" data-width=\"326px,394px,323px\" data-height=\"345px,372px,208px\" data-responsive-scale=\"true,,\"><\/div>\n\n<h2 data-animation-in=\"{'direction':'left','easing':'easeOutQuart','duration':2500,'movement':80,'type':'move'}\" data-between-in-out=\"false\" id=\"depicter-94-element-4\" class=\"depicter-element depicter-layer depicter-94-element-4\" data-type=\"text\" data-wrap=\"true\" data-name=\"Text 1\" data-local-id=\"element-4\" data-offset=\"x:195px;y:68px;origin:tl\" data-tablet-offset=\"x:95px;y:211px;origin:tl\" data-mobile-offset=\"x:43px;y:91px;origin:tl\" data-width=\"286px,324px,273px\" data-height=\"auto,auto,auto\" data-responsive-scale=\"true,,\">Asocia\u021bia pentru Democra\u021bie, Educa\u021bie, Respect<\/h2>\n\n<button data-animation-in=\"{'direction':'right','easing':'easeOutQuart','duration':2500,'movement':80,'type':'move'}\" data-between-in-out=\"false\" id=\"depicter-94-element-26\" class=\"depicter-element depicter-layer depicter-94-element-26\" data-type=\"button\" data-wrap=\"true\" data-name=\"Button 4\" data-local-id=\"element-26\" data-offset=\"x:258px;y:340px;origin:tl\" data-tablet-offset=\"x:95px;y:464px;origin:tl\" data-mobile-offset=\"x:125px;y:255px;origin:tl\" data-actions=\"[['openURL','click',0,{'path':'https:\\\/\\\/4ader.ro\\\/index.php\\\/despre-noi\\\/','target':'_blank'}]]\" data-width=\"160px,,109px\" data-height=\"50px,,34px\" data-responsive-scale=\"true,,\"><span class=\"dp-inner-content\">Mai muLT...<\/span><\/button><\/div>\n\n<div id=\"depicter-94-section-11\" class=\"depicter-section depicter-94-section-11\" data-name=\"Slide 2\" data-type=\"section\" data-local-id=\"section-11\">\n<picture class=\"depicter-bg\">\n<source data-depicter-srcset=\"https:\/\/4ader.ro\/wp-content\/uploads\/2024\/05\/group-young-business-people-working-office-scaled-1-768x512.jpg, https:\/\/4ader.ro\/wp-content\/uploads\/2024\/05\/group-young-business-people-working-office-scaled-1.jpg 2x\" srcset=\"data:image\/gif;base64,R0lGODlhAQABAIAAAAAAAP\/\/\/yH5BAEAAAAALAAAAAABAAEAAAIBRAA7\" media=\"(max-width: 1024px)\" \/>\n\n<source data-depicter-srcset=\"https:\/\/4ader.ro\/wp-content\/uploads\/2024\/05\/group-young-business-people-working-office-scaled-1.jpg, https:\/\/4ader.ro\/wp-content\/uploads\/2024\/05\/group-young-business-people-working-office-scaled-1-2560x1707.jpg 2x\" srcset=\"data:image\/gif;base64,R0lGODlhAQABAIAAAAAAAP\/\/\/yH5BAEAAAAALAAAAAABAAEAAAIBRAA7\" media=\"(min-width: 1025px)\" \/>\n<img decoding=\"async\" src=\"data:image\/gif;base64,R0lGODlhAQABAIAAAAAAAP\/\/\/yH5BAEAAAAALAAAAAABAAEAAAIBRAA7\" data-ken-burns=\"false\" data-tablet-ken-burns=\"false\" data-mobile-ken-burns=\"{'scale':1,'duration':'5000','focalPoint':{'x':0.5,'y':0.5},'easing':'linear'}\" alt=\"\" data-depicter-src=\"https:\/\/4ader.ro\/wp-content\/uploads\/2024\/05\/group-young-business-people-working-office-scaled-1.jpg\" data-object-fit=\"cover,,\" \/>\n<\/picture>\n\n\n<div data-animation-in=\"{'direction':'left','easing':'easeOutExpo','duration':2000,'movement':0,'scale':1.1999999999999999555910790149937383830547332763671875,'delay':0,'fade':false,'type':'move'}\" data-between-in-out=\"false\" id=\"depicter-94-element-29\" class=\"depicter-element depicter-layer depicter-94-element-29\" data-type=\"shape\" data-wrap=\"true\" data-name=\"Shape 5\" data-local-id=\"element-29\" data-offset=\"x:173px;y:138px;origin:tl\" data-tablet-offset=\"x:64px;y:176px;origin:tl\" data-mobile-offset=\"x:13px;y:73px;origin:tl\" data-width=\"326px,,326px\" data-height=\"195px,,195px\" data-responsive-scale=\"true,,\"><\/div>\n\n<h2 data-animation-in=\"{'direction':'left','easing':'easeOutQuart','duration':2500,'movement':80,'type':'move'}\" data-between-in-out=\"false\" id=\"depicter-94-element-30\" class=\"depicter-element depicter-layer depicter-94-element-30\" data-type=\"text\" data-wrap=\"true\" data-name=\"Text 10\" data-local-id=\"element-30\" data-offset=\"x:206px;y:153px;origin:tl\" data-tablet-offset=\"x:95px;y:211px;origin:tl\" data-mobile-offset=\"x:39px;y:104px;origin:tl\" data-width=\"260px,324px,273px\" data-height=\"auto,auto,auto\" data-responsive-scale=\"true,,\">Rapoarte de activitate<\/h2>\n\n<button data-animation-in=\"{'direction':'right','easing':'easeOutQuart','duration':2500,'movement':140,'type':'move'}\" data-between-in-out=\"false\" id=\"depicter-94-element-34\" class=\"depicter-element depicter-layer depicter-94-element-34\" data-type=\"button\" data-wrap=\"true\" data-name=\"Button 6\" data-local-id=\"element-34\" data-offset=\"x:256px;y:269px;origin:tl\" data-tablet-offset=\"x:95px;y:464px;origin:tl\" data-mobile-offset=\"x:125px;y:251px;origin:tl\" data-actions=\"[['openURL','click',0,{'path':'https:\\\/\\\/4ader.ro\\\/index.php\\\/rapoarte-de-activitate\\\/','target':'_blank'}]]\" data-width=\"160px,,109px\" data-height=\"50px,,34px\" data-responsive-scale=\"true,,\"><span class=\"dp-inner-content\">Mai muLT...<\/span><\/button><\/div>\n\n<div id=\"depicter-94-section-19\" class=\"depicter-section depicter-94-section-19\" data-name=\"Slide 3\" data-type=\"section\" data-local-id=\"section-19\">\n<picture class=\"depicter-bg\">\n<source data-depicter-srcset=\"https:\/\/4ader.ro\/wp-content\/uploads\/2024\/05\/strength-people-hands-success-meeting-scaled-1-768x513.jpg, https:\/\/4ader.ro\/wp-content\/uploads\/2024\/05\/strength-people-hands-success-meeting-scaled-1.jpg 2x\" srcset=\"data:image\/gif;base64,R0lGODlhAQABAIAAAAAAAP\/\/\/yH5BAEAAAAALAAAAAABAAEAAAIBRAA7\" media=\"(max-width: 1024px)\" \/>\n\n<source data-depicter-srcset=\"https:\/\/4ader.ro\/wp-content\/uploads\/2024\/05\/strength-people-hands-success-meeting-scaled-1.jpg, https:\/\/4ader.ro\/wp-content\/uploads\/2024\/05\/strength-people-hands-success-meeting-scaled-1-2560x1709.jpg 2x\" srcset=\"data:image\/gif;base64,R0lGODlhAQABAIAAAAAAAP\/\/\/yH5BAEAAAAALAAAAAABAAEAAAIBRAA7\" media=\"(min-width: 1025px)\" \/>\n<img decoding=\"async\" src=\"data:image\/gif;base64,R0lGODlhAQABAIAAAAAAAP\/\/\/yH5BAEAAAAALAAAAAABAAEAAAIBRAA7\" data-ken-burns=\"false\" data-tablet-ken-burns=\"false\" data-mobile-ken-burns=\"{'scale':1,'duration':'5000','focalPoint':{'x':0.5,'y':0.5},'easing':'linear'}\" alt=\"\" data-depicter-src=\"https:\/\/4ader.ro\/wp-content\/uploads\/2024\/05\/strength-people-hands-success-meeting-scaled-1.jpg\" data-object-fit=\"cover,,\" \/>\n<\/picture>\n\n\n<div data-animation-in=\"{'direction':'left','easing':'easeOutExpo','duration':2000,'movement':0,'scale':1.1999999999999999555910790149937383830547332763671875,'delay':0,'fade':false,'type':'move'}\" data-between-in-out=\"false\" id=\"depicter-94-element-44\" class=\"depicter-element depicter-layer depicter-94-element-44\" data-type=\"shape\" data-wrap=\"true\" data-name=\"Shape 8\" data-local-id=\"element-44\" data-offset=\"x:173px;y:138px;origin:tl\" data-tablet-offset=\"x:64px;y:176px;origin:tl\" data-mobile-offset=\"x:13px;y:73px;origin:tl\" data-width=\"326px,,\" data-height=\"195px,,\" data-responsive-scale=\"true,,\"><\/div>\n\n<h2 data-animation-in=\"{'direction':'left','easing':'easeOutQuart','duration':2500,'movement':140,'type':'move'}\" data-between-in-out=\"false\" id=\"depicter-94-element-38\" class=\"depicter-element depicter-layer depicter-94-element-38\" data-type=\"text\" data-wrap=\"true\" data-name=\"Text 14\" data-local-id=\"element-38\" data-offset=\"x:179px;y:168px;origin:tl\" data-tablet-offset=\"x:95px;y:211px;origin:tl\" data-mobile-offset=\"x:43px;y:136px;origin:tl\" data-width=\"314px,324px,273px\" data-height=\"auto,auto,auto\" data-responsive-scale=\"true,,\">Journal JRISS<\/h2>\n\n<button data-animation-in=\"{'direction':'right','easing':'easeOutQuart','duration':2500,'movement':140,'type':'move'}\" data-between-in-out=\"false\" id=\"depicter-94-element-39\" class=\"depicter-element depicter-layer depicter-94-element-39\" data-type=\"button\" data-wrap=\"true\" data-name=\"Button 8\" data-local-id=\"element-39\" data-offset=\"x:256px;y:241px;origin:tl\" data-tablet-offset=\"x:95px;y:464px;origin:tl\" data-mobile-offset=\"x:125px;y:251px;origin:tl\" data-actions=\"[['openURL','click',0,{'path':'https:\\\/\\\/jriss.4ader.ro\\\/','target':'_blank'}]]\" data-width=\"160px,,109px\" data-height=\"50px,,34px\" data-responsive-scale=\"true,,\"><span class=\"dp-inner-content\">Mai muLT...<\/span><\/button><\/div>\n<\/div>\n<script>\n(window.depicterSetups = window.depicterSetups || []).push(function(){\n\tDepicter.basePath = 'https:\/\/4ader.ro\/wp-content\/plugins\/depicter\/resources\/scripts\/player\/';\n\tconst dpPlayer = Depicter.setup('.depicter-94',\n\t\t{\"width\":[\"1300\",\"1024\",\"360\"],\"height\":[\"700\",\"700\",\"740\"],\"view\":\"basic\",\"keepAspectRatio\":true,\"preload\":0,\"layout\":\"fullwidth\",\"rtl\":false,\"initAfterAppear\":false,\"ajaxApiUrl\":\"https:\\\/\\\/4ader.ro\\\/wp-admin\\\/admin-ajax.php\",\"viewOptions\":{\"loop\":true},\"mouseSwipe\":true,\"touchSwipe\":true,\"keyboard\":true,\"navigator\":{\"easing\":\"easeOutQuint\"},\"useWatermark\":false}\n\t);\n});\n<\/script>\t\t\t\t<\/div>\n\t\t\t\t<\/div>\n\t\t\t\t\t<\/div>\n\t\t\t\t<\/div>\n\t\t<div class=\"elementor-element elementor-element-d8cbae1 e-flex e-con-boxed e-con e-parent\" data-id=\"d8cbae1\" data-element_type=\"container\" data-settings=\"{&quot;background_background&quot;:&quot;classic&quot;}\">\n\t\t\t\t\t<div class=\"e-con-inner\">\n\t\t<div class=\"elementor-element elementor-element-110c1c20 e-con-full e-flex e-con e-child\" data-id=\"110c1c20\" data-element_type=\"container\">\n\t\t\t\t<div class=\"elementor-element elementor-element-e0c936a elementor-widget elementor-widget-heading\" data-id=\"e0c936a\" data-element_type=\"widget\" data-widget_type=\"heading.default\">\n\t\t\t\t<div class=\"elementor-widget-container\">\n\t\t\t\t\t<h2 class=\"elementor-heading-title elementor-size-default\">Acas\u0103<\/h2>\t\t\t\t<\/div>\n\t\t\t\t<\/div>\n\t\t\t\t<\/div>\n\t\t<div class=\"elementor-element elementor-element-171b4fac e-con-full e-flex e-con e-child\" data-id=\"171b4fac\" data-element_type=\"container\">\n\t\t\t\t<div class=\"elementor-element elementor-element-62ce9b9c elementor-widget elementor-widget-text-editor\" data-id=\"62ce9b9c\" data-element_type=\"widget\" data-widget_type=\"text-editor.default\">\n\t\t\t\t<div class=\"elementor-widget-container\">\n\t\t\t\t\t\t\t\t\t<p>Asocia\u021bia pentru Democra\u021bie Educa\u021bie Respect (ADER) promoveaz\u0103 valori fundamentale precum democra\u021bia, educa\u021bia de calitate \u0219i respectul \u00een comunit\u0103\u021bile locale \u0219i na\u021bionale. Prin ini\u021biative inovative \u0219i parteneriate strategice, ADER contribuie la dezvoltarea unui mediu social incluziv, sus\u021bin\u00e2nd egalitatea de \u0219anse \u0219i participarea activ\u0103 a cet\u0103\u021benilor \u00een via\u021ba public\u0103.&nbsp;<\/p><p>Ne dedic\u0103m educa\u021biei \u0219i form\u0103rii continue, cre\u00e2nd proiecte menite s\u0103 \u00eembun\u0103t\u0103\u021beasc\u0103 calitatea \u00eenv\u0103\u021b\u0103m\u00e2ntului \u0219i s\u0103 \u00eencurajeze g\u00e2ndirea critic\u0103.&nbsp;<\/p><p>Valorific\u0103m colabor\u0103rile cu diverse organiza\u021bii pentru a construi o societate bazat\u0103 pe respect reciproc, progres \u0219i responsabilitate social\u0103.<\/p>\t\t\t\t\t\t\t\t<\/div>\n\t\t\t\t<\/div>\n\t\t\t\t<\/div>\n\t\t\t\t\t<\/div>\n\t\t\t\t<\/div>\n\t\t<div class=\"elementor-element elementor-element-5cadb8d0 e-flex e-con-boxed e-con e-parent\" data-id=\"5cadb8d0\" data-element_type=\"container\" data-settings=\"{&quot;background_background&quot;:&quot;classic&quot;,&quot;shape_divider_bottom&quot;:&quot;tilt&quot;}\">\n\t\t\t\t\t<div class=\"e-con-inner\">\n\t\t\t\t<div class=\"elementor-shape elementor-shape-bottom\" aria-hidden=\"true\" data-negative=\"false\">\n\t\t\t<svg xmlns=\"http:\/\/www.w3.org\/2000\/svg\" viewBox=\"0 0 1000 100\" preserveAspectRatio=\"none\">\n\t<path class=\"elementor-shape-fill\" d=\"M0,6V0h1000v100L0,6z\"\/>\n<\/svg>\t\t<\/div>\n\t\t\t\t<div class=\"elementor-element elementor-element-9eea46c elementor-widget elementor-widget-spacer\" data-id=\"9eea46c\" data-element_type=\"widget\" data-widget_type=\"spacer.default\">\n\t\t\t\t<div class=\"elementor-widget-container\">\n\t\t\t\t\t\t\t<div class=\"elementor-spacer\">\n\t\t\t<div class=\"elementor-spacer-inner\"><\/div>\n\t\t<\/div>\n\t\t\t\t\t\t<\/div>\n\t\t\t\t<\/div>\n\t\t\t\t<div class=\"elementor-element elementor-element-767088d0 elementor-widget elementor-widget-spacer\" data-id=\"767088d0\" data-element_type=\"widget\" data-widget_type=\"spacer.default\">\n\t\t\t\t<div class=\"elementor-widget-container\">\n\t\t\t\t\t\t\t<div class=\"elementor-spacer\">\n\t\t\t<div class=\"elementor-spacer-inner\"><\/div>\n\t\t<\/div>\n\t\t\t\t\t\t<\/div>\n\t\t\t\t<\/div>\n\t\t\t\t\t<\/div>\n\t\t\t\t<\/div>\n\t\t<div class=\"elementor-element elementor-element-5deb5544 e-flex e-con-boxed e-con e-parent\" data-id=\"5deb5544\" data-element_type=\"container\" data-settings=\"{&quot;background_background&quot;:&quot;classic&quot;}\">\n\t\t\t\t\t<div class=\"e-con-inner\">\n\t\t<div class=\"elementor-element elementor-element-40301993 e-con-full e-flex e-con e-child\" data-id=\"40301993\" data-element_type=\"container\">\n\t\t\t\t<div class=\"elementor-element elementor-element-379b5057 elementor-widget elementor-widget-heading\" data-id=\"379b5057\" data-element_type=\"widget\" data-widget_type=\"heading.default\">\n\t\t\t\t<div class=\"elementor-widget-container\">\n\t\t\t\t\t<h2 class=\"elementor-heading-title elementor-size-default\">Ce facem<\/h2>\t\t\t\t<\/div>\n\t\t\t\t<\/div>\n\t\t\t\t<\/div>\n\t\t<div class=\"elementor-element elementor-element-7fa3f51c e-con-full e-flex e-con e-child\" data-id=\"7fa3f51c\" data-element_type=\"container\">\n\t\t\t\t<div class=\"elementor-element elementor-element-10169c4b elementor-widget elementor-widget-text-editor\" data-id=\"10169c4b\" data-element_type=\"widget\" data-widget_type=\"text-editor.default\">\n\t\t\t\t<div class=\"elementor-widget-container\">\n\t\t\t\t\t\t\t\t\t<p>Scopul Asocia\u0163iei ADER\u00a0 \u00eel constituie: conceperea, organizarea, promovarea \u015fi desf\u0103\u015furarea de activit\u0103\u021bi \u015fi proiecte de educa\u021bie formal\u0103 \u0219i nonformal\u0103 \u00een Rom\u00e2nia \u015fi \u00een str\u0103in\u0103tate ce urm\u0103resc preg\u0103tirea, formarea \u015fi dezvoltarea continu\u0103 a tinerilor \u015fi a adul\u021bilor la nivel personal \u015fi profesional, \u00een vederea atingerii obiectivelor personale \u015fi profesionale propuse de c\u0103tre ace\u015ftia. Asocia\u021bia promoveaz\u0103 valorile care \u021bin de egalitatea de \u015fans\u0103 a membrilor comunit\u0103\u021bii \u015fi, \u00een acela\u015fi timp, promoveaz\u0103 activit\u0103\u021bi de combatere a excluziunii sociale Asocia\u021bia sus\u021bine ini\u0163iativele inovative \u00een \u00eenv\u0103\u0163\u0103m\u00e2nt \u015fi cercetare, \u00eencurajarea excelen\u0163ei \u00een educa\u0163ie, realizarea de programe destinate elevilor \u015fi studen\u0163ilor, consilierea studen\u0163ilor privind dezvoltarea carierei \u015fi sprijinirea integr\u0103rii proaspe\u0163ilor absolven\u0163i \u00een mediul socio-economic<\/p>\t\t\t\t\t\t\t\t<\/div>\n\t\t\t\t<\/div>\n\t\t\t\t<div class=\"elementor-element elementor-element-6532f81c elementor-align-center elementor-widget elementor-widget-button\" data-id=\"6532f81c\" data-element_type=\"widget\" data-widget_type=\"button.default\">\n\t\t\t\t<div class=\"elementor-widget-container\">\n\t\t\t\t\t\t\t\t\t<div class=\"elementor-button-wrapper\">\n\t\t\t\t\t<a class=\"elementor-button elementor-button-link elementor-size-sm\" href=\"https:\/\/4ader.ro\/index.php\/ce-facem\/\">\n\t\t\t\t\t\t<span class=\"elementor-button-content-wrapper\">\n\t\t\t\t\t\t\t\t\t<span class=\"elementor-button-text\">Mai mult...<\/span>\n\t\t\t\t\t<\/span>\n\t\t\t\t\t<\/a>\n\t\t\t\t<\/div>\n\t\t\t\t\t\t\t\t<\/div>\n\t\t\t\t<\/div>\n\t\t\t\t<\/div>\n\t\t\t\t\t<\/div>\n\t\t\t\t<\/div>\n\t\t<div class=\"elementor-element elementor-element-2be8c9d1 e-flex e-con-boxed e-con e-parent\" data-id=\"2be8c9d1\" data-element_type=\"container\" data-settings=\"{&quot;background_background&quot;:&quot;classic&quot;,&quot;shape_divider_bottom&quot;:&quot;tilt&quot;}\">\n\t\t\t\t\t<div class=\"e-con-inner\">\n\t\t\t\t<div class=\"elementor-shape elementor-shape-bottom\" aria-hidden=\"true\" data-negative=\"false\">\n\t\t\t<svg xmlns=\"http:\/\/www.w3.org\/2000\/svg\" viewBox=\"0 0 1000 100\" preserveAspectRatio=\"none\">\n\t<path class=\"elementor-shape-fill\" d=\"M0,6V0h1000v100L0,6z\"\/>\n<\/svg>\t\t<\/div>\n\t\t\t\t<div class=\"elementor-element elementor-element-35b6a32f elementor-widget elementor-widget-spacer\" data-id=\"35b6a32f\" data-element_type=\"widget\" data-widget_type=\"spacer.default\">\n\t\t\t\t<div class=\"elementor-widget-container\">\n\t\t\t\t\t\t\t<div class=\"elementor-spacer\">\n\t\t\t<div class=\"elementor-spacer-inner\"><\/div>\n\t\t<\/div>\n\t\t\t\t\t\t<\/div>\n\t\t\t\t<\/div>\n\t\t\t\t\t<\/div>\n\t\t\t\t<\/div>\n\t\t<div class=\"elementor-element elementor-element-4ca895af e-flex e-con-boxed e-con e-parent\" data-id=\"4ca895af\" data-element_type=\"container\" data-settings=\"{&quot;background_background&quot;:&quot;classic&quot;}\">\n\t\t\t\t\t<div class=\"e-con-inner\">\n\t\t\t\t<div class=\"elementor-element elementor-element-609c7446 elementor-widget elementor-widget-spacer\" data-id=\"609c7446\" data-element_type=\"widget\" data-widget_type=\"spacer.default\">\n\t\t\t\t<div class=\"elementor-widget-container\">\n\t\t\t\t\t\t\t<div class=\"elementor-spacer\">\n\t\t\t<div class=\"elementor-spacer-inner\"><\/div>\n\t\t<\/div>\n\t\t\t\t\t\t<\/div>\n\t\t\t\t<\/div>\n\t\t\t\t\t<\/div>\n\t\t\t\t<\/div>\n\t\t<div class=\"elementor-element elementor-element-7f09e974 e-flex e-con-boxed e-con e-parent\" data-id=\"7f09e974\" data-element_type=\"container\" data-settings=\"{&quot;background_background&quot;:&quot;classic&quot;}\">\n\t\t\t\t\t<div class=\"e-con-inner\">\n\t\t\t\t<div class=\"elementor-element elementor-element-4d290c04 meta-visibility-show section-title-style-style1 title_position_default title_hover_border_default title-default img_hover_animation_default meta_position_default readmore-btn-default-style grid-hover-overlay-type-always tpg-el-box-border-enable tpg-border-bottom-disable elementor-widget elementor-widget-tpg-grid-layout\" data-id=\"4d290c04\" data-element_type=\"widget\" data-widget_type=\"tpg-grid-layout.default\">\n\t\t\t\t<div class=\"elementor-widget-container\">\n\t\t\t\t\t\t\t<div class=\"rt-container-fluid rt-tpg-container tpg-el-main-wrapper clearfix grid-layout3-main \"\n\t\t\t id=\"rt-tpg-container-1187734228\"\n\t\t\t data-layout=\"grid-layout3\"\n\t\t\t data-grid-style=\"tpg-full-height\"\n\t\t\t data-sc-id=\"elementor\"\n\t\t\t data-el-settings=''\n\t\t\t data-el-query=''\n\t\t\t data-el-path=''\n\t\t>\n\t\t\t\t\t\t<div class='tpg-header-wrapper '>\n\t\t\t\t\n        <div class=\"tpg-widget-heading-wrapper rt-clear heading-style1 \">\n            <span class=\"tpg-widget-heading-line line-left\"><\/span>\n\t\t\t<h2 class='tpg-widget-heading'>\n\t\t\t\n\t\t\t\t                    <span>\n\t\t\t\t\t\tNout\u0103\u021bi\t\t\t\t\t<\/span>\n\t\t\t\t\t\n\t\t\t\t\t\t\t<\/h2>            <span class=\"tpg-widget-heading-line line-right\"><\/span>\n\n\t\t\t\n        <\/div>\n\n\t\t\n\t\t\t\t\t<\/div>\n\n\t\t\t<div data-title=\"Loading ...\" class=\"rt-row rt-content-loader grid-layout3 grid-behaviour tpg-full-height grid_layout_wrapper\">\n\t\t\t\t\n<div class=\"rt-col-md-4 rt-col-sm-6 rt-col-xs-12 default rt-grid-item\" data-id=\"1619\">\n\t<div class=\"rt-holder tpg-post-holder \">\n\t\t<div class=\"rt-detail rt-el-content-wrapper\">\n\t\t\t\t\t\t\t<div class=\"rt-img-holder tpg-el-image-wrap has-no-thumbnail\">\n\t\t\t\t\t<a data-id=\"1619\" href=\"https:\/\/4ader.ro\/index.php\/2024\/09\/26\/educatie-pentru-media-informare-si-constientizare\/\" class=\"tpg-post-link\" target=\"_self\">\t\t\n\t\t<\/a>\n\t\t        <div class=\"overlay grid-hover-content\"><\/div>\n\t\t\t\t\t\t<\/div>\n\t\t\t\n\n\t\t\t<div class=\"entry-title-wrapper\"><h3 class=\"entry-title\"><a data-id=\"1619\" href=\"https:\/\/4ader.ro\/index.php\/2024\/09\/26\/educatie-pentru-media-informare-si-constientizare\/\" class=\"tpg-post-link\" target=\"_self\">EDUCA\u021aIE pentru MEDIA: informare \u0219i con\u0219tientizare<\/a><\/h3><\/div>\n\t\t\t\t\t\t\t<div class=\"post-meta-tags rt-el-post-meta\">\n\t\t\t\t\t            <span class='date'>\n\t\t\t\t<i class='far fa-calendar-alt '><\/i>\t\t\t\t                    <a href=\"https:\/\/4ader.ro\/index.php\/2024\/09\/26\/\">\n\t\t\t\t\tSeptember 26, 2024\t\t\t\t<\/a>\n\t\t\t\t\t\t\t<\/span>\n\t\t\t\t\t\t\t<\/div>\n\t\t\t\n\t\t\t\t\t\t\t<div class=\"tpg-excerpt tpg-el-excerpt\">\n\t\t\t\t\t\t\t\t\t\t\t<div class=\"tpg-excerpt-inner\">\n\t\t\t\t\t\t\tProiectul \u201eEDUCA\u021aIE pentru MEDIA: informare \u0219i con\u0219tientizare\u201d* a continuat ast\u0103zi, 16 octombrie 2023,la Liceul de Arte \u201cConstantin Br\u0103iloiu\u201d T\u00e2rgu Jiu unde echipa ADER a sus\u021binut un WORKSHOP...\t\t\t\t\t\t<\/div>\n\t\t\t\t\t\t\t\t\t\t\t\t\t\t<\/div>\n\t\t\t\n\t\t\t        <div class=\"post-footer\">\n            <div class=\"post-footer\">\n                <div class=\"read-more\">\n\t\t\t\t\t<a data-id=\"1619\" href=\"https:\/\/4ader.ro\/index.php\/2024\/09\/26\/educatie-pentru-media-informare-si-constientizare\/\" class=\"tpg-post-link\" target=\"_self\">Read More<\/a>                <\/div>\n            <\/div>\n        <\/div>\n\t\t\t\t<\/div>\n\t<\/div>\n<\/div>\n\n<div class=\"rt-col-md-4 rt-col-sm-6 rt-col-xs-12 default rt-grid-item\" data-id=\"1618\">\n\t<div class=\"rt-holder tpg-post-holder \">\n\t\t<div class=\"rt-detail rt-el-content-wrapper\">\n\t\t\t\t\t\t\t<div class=\"rt-img-holder tpg-el-image-wrap has-no-thumbnail\">\n\t\t\t\t\t<a data-id=\"1618\" href=\"https:\/\/4ader.ro\/index.php\/2024\/09\/26\/voluntar-in-targu-jiu-editia-2\/\" class=\"tpg-post-link\" target=\"_self\">\t\t\n\t\t<\/a>\n\t\t        <div class=\"overlay grid-hover-content\"><\/div>\n\t\t\t\t\t\t<\/div>\n\t\t\t\n\n\t\t\t<div class=\"entry-title-wrapper\"><h3 class=\"entry-title\"><a data-id=\"1618\" href=\"https:\/\/4ader.ro\/index.php\/2024\/09\/26\/voluntar-in-targu-jiu-editia-2\/\" class=\"tpg-post-link\" target=\"_self\">Voluntar \u00een T\u00e2rgu-Jiu, Edi\u021bia 2<\/a><\/h3><\/div>\n\t\t\t\t\t\t\t<div class=\"post-meta-tags rt-el-post-meta\">\n\t\t\t\t\t            <span class='date'>\n\t\t\t\t<i class='far fa-calendar-alt '><\/i>\t\t\t\t                    <a href=\"https:\/\/4ader.ro\/index.php\/2024\/09\/26\/\">\n\t\t\t\t\tSeptember 26, 2024\t\t\t\t<\/a>\n\t\t\t\t\t\t\t<\/span>\n\t\t\t\t\t\t\t<\/div>\n\t\t\t\n\t\t\t\t\t\t\t<div class=\"tpg-excerpt tpg-el-excerpt\">\n\t\t\t\t\t\t\t\t\t\t\t<div class=\"tpg-excerpt-inner\">\n\t\t\t\t\t\t\tADER-Asociatia pentru Democratie Educatie Respect a implementat \u00een perioada Septembrie \u2013 Decembrie 2022 proiectul \u201cVOLUNTAR \u00ceN T\u00c2RGU-JIU\u201d.Scopul proiectului a fost promovarea voluntariatului \u00een...\t\t\t\t\t\t<\/div>\n\t\t\t\t\t\t\t\t\t\t\t\t\t\t<\/div>\n\t\t\t\n\t\t\t        <div class=\"post-footer\">\n            <div class=\"post-footer\">\n                <div class=\"read-more\">\n\t\t\t\t\t<a data-id=\"1618\" href=\"https:\/\/4ader.ro\/index.php\/2024\/09\/26\/voluntar-in-targu-jiu-editia-2\/\" class=\"tpg-post-link\" target=\"_self\">Read More<\/a>                <\/div>\n            <\/div>\n        <\/div>\n\t\t\t\t<\/div>\n\t<\/div>\n<\/div>\n\n<div class=\"rt-col-md-4 rt-col-sm-6 rt-col-xs-12 default rt-grid-item\" data-id=\"15\">\n\t<div class=\"rt-holder tpg-post-holder \">\n\t\t<div class=\"rt-detail rt-el-content-wrapper\">\n\t\t\t\t\t\t\t<div class=\"rt-img-holder tpg-el-image-wrap has-no-thumbnail\">\n\t\t\t\t\t<a data-id=\"15\" href=\"https:\/\/4ader.ro\/index.php\/2024\/05\/14\/hello-world-2\/\" class=\"tpg-post-link\" target=\"_self\">\t\t\n\t\t<\/a>\n\t\t        <div class=\"overlay grid-hover-content\"><\/div>\n\t\t\t\t\t\t<\/div>\n\t\t\t\n\n\t\t\t<div class=\"entry-title-wrapper\"><h3 class=\"entry-title\"><a data-id=\"15\" href=\"https:\/\/4ader.ro\/index.php\/2024\/05\/14\/hello-world-2\/\" class=\"tpg-post-link\" target=\"_self\">D\u0103ruie\u0219te pentru viitor<\/a><\/h3><\/div>\n\t\t\t\t\t\t\t<div class=\"post-meta-tags rt-el-post-meta\">\n\t\t\t\t\t            <span class='date'>\n\t\t\t\t<i class='far fa-calendar-alt '><\/i>\t\t\t\t                    <a href=\"https:\/\/4ader.ro\/index.php\/2024\/05\/14\/\">\n\t\t\t\t\tMay 14, 2024\t\t\t\t<\/a>\n\t\t\t\t\t\t\t<\/span>\n\t\t\t\t\t\t\t<\/div>\n\t\t\t\n\t\t\t\t\t\t\t<div class=\"tpg-excerpt tpg-el-excerpt\">\n\t\t\t\t\t\t\t\t\t\t\t<div class=\"tpg-excerpt-inner\">\n\t\t\t\t\t\t\tADER-Asociatia pentru Democratie Educatie Respect a fost ast\u0103zi, cu Mo\u0219 Craciun, la \u0219colile din Carbunesti Sat \u0219i Stefanesti, cu daruri pentru copiii cumin\u021bi.Multumim Primaria Targu Carbunesti pentru...\t\t\t\t\t\t<\/div>\n\t\t\t\t\t\t\t\t\t\t\t\t\t\t<\/div>\n\t\t\t\n\t\t\t        <div class=\"post-footer\">\n            <div class=\"post-footer\">\n                <div class=\"read-more\">\n\t\t\t\t\t<a data-id=\"15\" href=\"https:\/\/4ader.ro\/index.php\/2024\/05\/14\/hello-world-2\/\" class=\"tpg-post-link\" target=\"_self\">Read More<\/a>                <\/div>\n            <\/div>\n        <\/div>\n\t\t\t\t<\/div>\n\t<\/div>\n<\/div>\n\t\t\t<\/div>\n\t\t\t\n\t\t<\/div>\n\t\t\t\t\t\t<\/div>\n\t\t\t\t<\/div>\n\t\t\t\t\t<\/div>\n\t\t\t\t<\/div>\n\t\t<div class=\"elementor-element elementor-element-4e528ab9 e-flex e-con-boxed e-con e-parent\" data-id=\"4e528ab9\" data-element_type=\"container\" data-settings=\"{&quot;background_background&quot;:&quot;classic&quot;,&quot;shape_divider_bottom&quot;:&quot;tilt&quot;}\">\n\t\t\t\t\t<div class=\"e-con-inner\">\n\t\t\t\t<div class=\"elementor-shape elementor-shape-bottom\" aria-hidden=\"true\" data-negative=\"false\">\n\t\t\t<svg xmlns=\"http:\/\/www.w3.org\/2000\/svg\" viewBox=\"0 0 1000 100\" preserveAspectRatio=\"none\">\n\t<path class=\"elementor-shape-fill\" d=\"M0,6V0h1000v100L0,6z\"\/>\n<\/svg>\t\t<\/div>\n\t\t\t\t<div class=\"elementor-element elementor-element-2cfa9cdb elementor-widget elementor-widget-spacer\" data-id=\"2cfa9cdb\" data-element_type=\"widget\" data-widget_type=\"spacer.default\">\n\t\t\t\t<div class=\"elementor-widget-container\">\n\t\t\t\t\t\t\t<div class=\"elementor-spacer\">\n\t\t\t<div class=\"elementor-spacer-inner\"><\/div>\n\t\t<\/div>\n\t\t\t\t\t\t<\/div>\n\t\t\t\t<\/div>\n\t\t\t\t\t<\/div>\n\t\t\t\t<\/div>\n\t\t<div class=\"elementor-element elementor-element-1b50361c e-flex e-con-boxed e-con e-parent\" data-id=\"1b50361c\" data-element_type=\"container\" data-settings=\"{&quot;background_background&quot;:&quot;classic&quot;}\">\n\t\t\t\t\t<div class=\"e-con-inner\">\n\t\t\t\t<div class=\"elementor-element elementor-element-1e3bd5b4 elementor-widget elementor-widget-spacer\" data-id=\"1e3bd5b4\" data-element_type=\"widget\" data-widget_type=\"spacer.default\">\n\t\t\t\t<div class=\"elementor-widget-container\">\n\t\t\t\t\t\t\t<div class=\"elementor-spacer\">\n\t\t\t<div class=\"elementor-spacer-inner\"><\/div>\n\t\t<\/div>\n\t\t\t\t\t\t<\/div>\n\t\t\t\t<\/div>\n\t\t\t\t\t<\/div>\n\t\t\t\t<\/div>\n\t\t<div class=\"elementor-element elementor-element-44d66cd9 e-flex e-con-boxed e-con e-parent\" data-id=\"44d66cd9\" data-element_type=\"container\" data-settings=\"{&quot;background_background&quot;:&quot;classic&quot;}\">\n\t\t\t\t\t<div class=\"e-con-inner\">\n\t\t<div class=\"elementor-element elementor-element-1cb9897 e-con-full e-flex e-con e-child\" data-id=\"1cb9897\" data-element_type=\"container\">\n\t\t\t\t<div class=\"elementor-element elementor-element-56aafc0d elementor-widget elementor-widget-heading\" data-id=\"56aafc0d\" data-element_type=\"widget\" data-widget_type=\"heading.default\">\n\t\t\t\t<div class=\"elementor-widget-container\">\n\t\t\t\t\t<h2 class=\"elementor-heading-title elementor-size-default\">Fii al\u0103turi de noi!<\/h2>\t\t\t\t<\/div>\n\t\t\t\t<\/div>\n\t\t\t\t<\/div>\n\t\t<div class=\"elementor-element elementor-element-24ad53de e-con-full e-flex e-con e-child\" data-id=\"24ad53de\" data-element_type=\"container\">\n\t\t\t\t<div class=\"elementor-element elementor-element-7b937bae elementor-widget elementor-widget-text-editor\" data-id=\"7b937bae\" data-element_type=\"widget\" data-widget_type=\"text-editor.default\">\n\t\t\t\t<div class=\"elementor-widget-container\">\n\t\t\t\t\t\t\t\t\t<p>\u00ce\u021bi dore\u0219ti s\u0103 faci parte dintr-o comunitate care sus\u021bine democra\u021bia, educa\u021bia de calitate \u0219i respectul? Asocia\u021bia pentru Democra\u021bie Educa\u021bie Respect (ADER) te invit\u0103 s\u0103 te al\u0103turi echipei noastre de voluntari \u0219i membri! \u00cempreun\u0103, putem contribui la schimbarea pozitiv\u0103 a societ\u0103\u021bii prin proiecte educa\u021bionale, ac\u021biuni comunitare \u0219i ini\u021biative care promoveaz\u0103 egalitatea de \u0219anse \u0219i participarea activ\u0103.<\/p><p>Al\u0103tur\u00e2ndu-te nou\u0103, vei avea oportunitatea de a \u00eenv\u0103\u021ba, de a te dezvolta personal \u0219i profesional \u0219i de a face o diferen\u021b\u0103 real\u0103 \u00een comunitate. Fie c\u0103 \u00ee\u021bi dore\u0219ti s\u0103 participi la proiecte inovative, s\u0103 sprijini activit\u0103\u021bile noastre sau s\u0103 aduci noi idei \u0219i solu\u021bii, la ADER vei g\u0103si locul potrivit pentru a-\u021bi valorifica poten\u021bialul.<\/p><p>Te a\u0219tept\u0103m s\u0103 faci parte din echipa noastr\u0103! \u00cempreun\u0103, putem construi un viitor mai bun, bazat pe respect, educa\u021bie\u00a0\u0219i\u00a0democra\u021bie.<\/p><p><strong>&#8211; <a href=\"https:\/\/4ader.ro\/index.php\/voluntariat\/\" target=\"_blank\" rel=\"noopener\">Voluntariat<\/a><\/strong><\/p><p><strong>&#8211; <a href=\"https:\/\/4ader.ro\/index.php\/directioneaza-35-din-impozitul-pe-venit\/\" target=\"_blank\" rel=\"noopener\">Direc\u021bioneaz\u0103 3,5% din impozitul pe venit<\/a><\/strong><\/p><p><strong>&#8211; <a href=\"https:\/\/4ader.ro\/index.php\/sponsorizari\/\" target=\"_blank\" rel=\"noopener\">Sponsoriz\u0103ri<\/a><\/strong><\/p><p><strong>&#8211; <a href=\"https:\/\/4ader.ro\/index.php\/propunere-proiect\/\" target=\"_blank\" rel=\"noopener\">Propunere proiect<\/a><\/strong><\/p><p><strong>&#8211; <a href=\"https:\/\/4ader.ro\/index.php\/promovare-actiuni\/\" target=\"_blank\" rel=\"noopener\">Promovare ac\u021biuni<\/a><\/strong><\/p>\t\t\t\t\t\t\t\t<\/div>\n\t\t\t\t<\/div>\n\t\t\t\t<\/div>\n\t\t\t\t\t<\/div>\n\t\t\t\t<\/div>\n\t\t<div class=\"elementor-element elementor-element-6ed5573 e-flex e-con-boxed e-con e-parent\" data-id=\"6ed5573\" data-element_type=\"container\" data-settings=\"{&quot;background_background&quot;:&quot;classic&quot;,&quot;shape_divider_bottom&quot;:&quot;tilt&quot;}\">\n\t\t\t\t\t<div class=\"e-con-inner\">\n\t\t\t\t<div class=\"elementor-shape elementor-shape-bottom\" aria-hidden=\"true\" data-negative=\"false\">\n\t\t\t<svg xmlns=\"http:\/\/www.w3.org\/2000\/svg\" viewBox=\"0 0 1000 100\" preserveAspectRatio=\"none\">\n\t<path class=\"elementor-shape-fill\" d=\"M0,6V0h1000v100L0,6z\"\/>\n<\/svg>\t\t<\/div>\n\t\t\t\t<div class=\"elementor-element elementor-element-d9efbae elementor-widget elementor-widget-spacer\" data-id=\"d9efbae\" data-element_type=\"widget\" data-widget_type=\"spacer.default\">\n\t\t\t\t<div class=\"elementor-widget-container\">\n\t\t\t\t\t\t\t<div class=\"elementor-spacer\">\n\t\t\t<div class=\"elementor-spacer-inner\"><\/div>\n\t\t<\/div>\n\t\t\t\t\t\t<\/div>\n\t\t\t\t<\/div>\n\t\t\t\t\t<\/div>\n\t\t\t\t<\/div>\n\t\t<div class=\"elementor-element elementor-element-58915c03 e-flex e-con-boxed e-con e-parent\" data-id=\"58915c03\" data-element_type=\"container\" data-settings=\"{&quot;background_background&quot;:&quot;classic&quot;}\">\n\t\t\t\t\t<div class=\"e-con-inner\">\n\t\t<div class=\"elementor-element elementor-element-6e1e863 e-con-full e-flex e-con e-child\" data-id=\"6e1e863\" data-element_type=\"container\">\n\t\t\t\t<div class=\"elementor-element elementor-element-78f149ba elementor-widget elementor-widget-heading\" data-id=\"78f149ba\" data-element_type=\"widget\" data-widget_type=\"heading.default\">\n\t\t\t\t<div class=\"elementor-widget-container\">\n\t\t\t\t\t<h2 class=\"elementor-heading-title elementor-size-default\">Ader in presa<\/h2>\t\t\t\t<\/div>\n\t\t\t\t<\/div>\n\t\t\t\t<\/div>\n\t\t<div class=\"elementor-element elementor-element-12fb36eb e-con-full e-flex e-con e-child\" data-id=\"12fb36eb\" data-element_type=\"container\">\n\t\t\t\t<div class=\"elementor-element elementor-element-5b2c1bd0 elementor-widget elementor-widget-text-editor\" data-id=\"5b2c1bd0\" data-element_type=\"widget\" data-widget_type=\"text-editor.default\">\n\t\t\t\t<div class=\"elementor-widget-container\">\n\t\t\t\t\t\t\t\t\t<ol><li><p><a href=\"https:\/\/sportingorj.ro\/2014\/05\/19\/salba-de-medalii-pentru-karatistii-gorjeni\/\" target=\"_new\" rel=\"noopener\">Desf\u0103\u0219urat la Sibiu, Campionatul Na\u021bional de Karate Kyokushinkai Tradi\u021bional al Rom\u00e2niei<\/a>, 19.05.2014<\/p><\/li><li><p><a href=\"https:\/\/www.gds.ro\/Actualitate\/2018-08-30\/gorj-proiect-dedicat-centenarului-marii-uniri,-in-care-sunt-implicati-300-de-liceeni\/\" target=\"_new\" rel=\"noopener\">Gorj: Proiect dedicat Centenarului Marii Uniri, \u00een care sunt implica\u0163i 300 de liceeni<\/a>, 30.08.2018<\/p><\/li><li><p><a href=\"https:\/\/www.pandurul.ro\/articol\/proiect-finantat-de-primarie-pentru-elevii-de-lice_106395.html\" target=\"_new\" rel=\"noopener\">Proiect finan\u021bat de prim\u0103rie pentru elevii de liceu<\/a>, 30.08.2018<\/p><\/li><li><p><a href=\"https:\/\/gorjeanul.ro\/300-de-elevi-in-proiectul-adera-la-centenarul-marii-uniri-cu-tinerii-targu-jieni\/\" target=\"_new\" rel=\"noopener\">300 de elevi, \u00een proiectul \u201cADER\u0102 LA CENTENARUL MARII UNIRI CU TINERII T\u00c2RGU-JIENI\u201d<\/a>, 31.08.2018<\/p><\/li><li><p><a href=\"https:\/\/gorjeanul.ro\/ader-cauta-voluntari\/\" target=\"_new\" rel=\"noopener\">ADER caut\u0103 voluntari<\/a>, 20.09.2018<\/p><\/li><li><p><a href=\"https:\/\/www.pandurul.ro\/articol\/concurs-de-fotografie-pentru-elevi-si-studenti_107422.html\" target=\"_new\" rel=\"noopener\">Concurs de fotografie pentru elevi \u0219i studen\u021bi<\/a>, 03.10.2018<\/p><\/li><li><p><a href=\"https:\/\/gorjeanul.ro\/primul-seminar-interactiv-in-cadrul-proiectului-adera-la-centenarul-marii-uniri-cu-tinerii-targujieni\/\" target=\"_new\" rel=\"noopener\">Primul Seminar Interactiv \u00een cadrul Proiectului ADER\u0103 la Centenarul Marii Uniri cu Tinerii T\u00e2rgujieni<\/a>, 05.10.2018<\/p><\/li><li><p><a href=\"https:\/\/gorjeanul.ro\/100-de-ani-intr-o-fotografie-concurs-pentru-elevi-si-studenti\/\" target=\"_new\" rel=\"noopener\">\u201c100 DE ANI \u00ceNTR-O FOTOGRAFIE\u201c, concurs pentru elevi \u0219i studen\u021bi<\/a>, 05.10.2018<\/p><\/li><li><p><a href=\"https:\/\/cult-ura.ro\/elevii-si-studentii-pot-participa-la-un-concurs-de-fotografie\/\" target=\"_new\" rel=\"noopener\">Elevii \u0219i studen\u021bii pot participa la un concurs de fotografie<\/a>, 05.10.2018<\/p><\/li><li><p><a href=\"https:\/\/igj.ro\/social\/seminar-de-istorie-locala-la-cntv.html\" target=\"_new\" rel=\"noopener\">Seminar de istorie local\u0103, la CNTV<\/a>, 11.10.2018<\/p><\/li><li><p><a href=\"https:\/\/www.paginaolteniei.ro\/articol\/seminar-interactiv-despre-eroii-marii-uniri-organi_2066.html\" target=\"_new\" rel=\"noopener\">Seminar interactiv despre eroii Marii Uniri organizat la T\u00e2rgu Jiu<\/a>, 11.10.2018<\/p><\/li><li><p><a href=\"https:\/\/gorjeanul.ro\/seminar-interactiv-marea-unire-de-la-1-decembrie-2018-in-cadrul-adera-la-centenarul-marii-uniri\/\" target=\"_new\" rel=\"noopener\">Seminar Interactiv Marea Unire de la 1 decembrie 2018, \u00een cadrul ADER\u0103 la Centenarul Marii Uniri<\/a>, 12.10.2018<\/p><\/li><li><p><a href=\"https:\/\/www.paginaolteniei.ro\/articol\/ultimul-seminar-interactiv-al-ader-a-avut-loc-la-c_2116.html\" target=\"_new\" rel=\"noopener\">Ultimul seminar interactiv al ADER a avut loc la CNSH T\u00e2rgu-Jiu<\/a>, 24.10.2018<\/p><\/li><li><p><a href=\"https:\/\/www.gds.ro\/Local\/2018-11-12\/concurs-pentru-liceeni-100-de-ani-intr-o-fotografie\/?fbclid=IwAR1bmBX_uC-3M0WM8cj9lMehwWLb5nKxJDbGAZ-uh935V19Wjm4gRIlbtW0\" target=\"_new\" rel=\"noopener\">Concurs pentru liceeni \u201e100 de ani \u00eentr-o fotografie\u201c<\/a>, 12.11.2018<\/p><\/li><li><p><a href=\"https:\/\/igj.ro\/social\/concurs-de-fotografie-100-de-ani-intr-o-fotografie.html?fbclid=IwAR28Pgof7c_CfCplJfpTtuOfOtvj1mdF5Z6T0kbkjnu4cazx_7wyYBvnM5A\" target=\"_new\" rel=\"noopener\">Concurs de fotografie: \u201e100 de ani \u00eentr-o fotografie&#8221;<\/a>, 22.11.2018<\/p><\/li><li><p><a href=\"https:\/\/www.paginaolteniei.ro\/articol\/zeci-de-elevi-din-targu-jiu-castigatori-ai-unui-co_2293.html?fbclid=IwAR0TXxAKFlM_o_pC__L5W8xZDRYpY6SIuLRzGWDv8-hDBS7iqCDsueFJLC\" target=\"_new\" rel=\"noopener\">Zeci de elevi din T\u00e2rgu-Jiu, c\u00e2\u0219tig\u0103tori ai unui concurs de eseuri, merg \u00een excursie la Alba-Iulia!<\/a>, 03.12.2018<\/p><\/li><li><p><a href=\"https:\/\/www.gds.ro\/Local\/2018-12-05\/ziua-internationala-a-voluntariatului,-marcata-la-targu-jiu\/?fbclid=IwAR2_ljMRAREYwOK5L7ontNDkvHFyoV5sTh7wliqABCzWbo6Uw1olKLcVkb8\" target=\"_new\" rel=\"noopener\">Ziua Interna\u0163ional\u0103 a Voluntariatului, marcat\u0103 la T\u00e2rgu Jiu<\/a>, 05.12.2018<\/p><\/li><li><p><a href=\"https:\/\/gorjeanul.ro\/zeci-de-elevi-din-gorj-si-mehedinti-la-alba-iulia\/?fbclid=IwAR06TuxR4I_66kIRE_OVtRkKDGO4hzhySZVFARpa5z4TE5RrPF_UShJwDZo\" target=\"_new\" rel=\"noopener\">Zeci de elevi din Gorj \u0219i Mehedin\u021bi, la Alba Iulia<\/a>, 11.12.2018<\/p><\/li><li><p><a href=\"https:\/\/www.sgorj.ro\/adera-la-centenarul-marii-uniri-cu-tinerii-targujieni-proiect-finantat-de-primaria-municipiului-targu-jiu\/?fbclid=IwAR0KgwWzbTB0fqev8SieSzIZRiuRdcBHUXJSLih4vIFfwhoVkXasQrzLYrE\" target=\"_new\" rel=\"noopener\">\u201cADER\u0102 LA CENTENARUL MARII UNIRI CU TINERII T\u00c2RGUJIENI &#8220;, proiect finan\u0163at de Prim\u0103ria Municipiului T\u00e2rgu Jiu&#8221;<\/a>, 11.12.2018<\/p><\/li><li><p><a href=\"https:\/\/gorjeanul.ro\/prezentare-de-carte-organizata-de-ader\/?fbclid=IwAR1BYT_ZLyT9QweX4eTjHnCXM65e9ypzGqKI2QBV12ac6iWT_XPwjoC-p1I\" target=\"_new\" rel=\"noopener\">Prezentare de carte, organizat\u0103 de ADER<\/a>, 13.12.2018<\/p><\/li><li><p><a href=\"https:\/\/www.gds.ro\/Local\/Gorj\/2019-02-11\/gorj-pregatiri-pentru-colocviile-brancusi\/\" target=\"_new\" rel=\"noopener\">Preg\u0103tiri pentru \u201eColocviile Br\u00e2ncu\u015fi\u201d<\/a>, 11.02.2019<\/p><\/li><li><p><a href=\"https:\/\/universulolteniei.ro\/2019\/02\/12\/pe-urmele-lui-brancusi\/\" target=\"_new\" rel=\"noopener\">\u201ePe urmele lui Br\u00e2ncu\u0219i\u201d<\/a>, 18-19.02.2019<\/p><\/li><li><p><a href=\"https:\/\/gorjeanul.ro\/alexandru-tomescu-si-vioara-stradivarius-revin-la-targu-jiu\/?fbclid=IwAR318nkiq6O_P9MrFXF08S7W4iHs-Ii0z5BXtX17ynjj7sFWKMr8SKW5DCg\" target=\"_new\" rel=\"noopener\">Alexandru Tomescu \u0219i vioara Stradivarius revin la T\u00e2rgu-Jiu<\/a>, 14.05.2019<\/p><\/li><li><p><a href=\"https:\/\/igj.ro\/social\/eveniment-cultural-langa-coloana-lui-brancusi-violonistul-alexandru-tomescu-va-concerta-cu-vioara-stradivarius-elder-voicu.html?fbclid=IwAR240QcbBOkX3OuZgUDnWFoZdopA28jmp6AXe73Sws6z_bqQ-398aaQBcNU\" target=\"_new\" rel=\"noopener\">Eveniment cultural l\u00e2ng\u0103 Coloana lui Br\u00e2ncu\u015fi. Violonistul Alexandru Tomescu va concerta cu vioara \u201eStradivarius Elder Voicu&#8221;<\/a>, 14.05.2019<\/p><\/li><li><p><a href=\"https:\/\/infogorj.ro\/gorj-conferinta-pe-tema-importantei-votului-adresata-elevilor-de-clasa-a-xii-a\/?fbclid=IwAR1B0NEfWrabWWefsLTNh_XGjqbqszt9s9FPx06onM91tQdCXBrwPQzq8Zo\" target=\"_new\" rel=\"noopener\">Conferin\u0163\u0103 pe tema importan\u0163ei votului, adresat\u0103 elevilor de clasa a XII-a<\/a>, 16.05.2019<\/p><\/li><li><p><a href=\"https:\/\/gorjeanul.ro\/conferinte-lansate-de-ader-in-sprijinul-alegerilor-europene\/?fbclid=IwAR0V8K97exC-JnSQ2-K8QRMa2RHCruK_3wVcWi8E1ng3rhj1QrYSgrAO8VY\" target=\"_new\" rel=\"noopener\">Conferin\u021be lansate de ADER \u00een sprijinul alegerilor europene<\/a>, 17.05.2019<\/p><\/li><li><p><a href=\"https:\/\/igj.ro\/social\/importanta-alegerilor-europene-din-26-mai-2019-prezentata-elevilor.html?fbclid=IwAR2731RD5X5DK0ZSFnPmZdlMbQ4nRS0XEK_JDVqu9uLJJDwW47N2XzN0frc\" target=\"_new\" rel=\"noopener\">Importan\u021ba alegerilor europene din 26 mai 2019 prezentat\u0103 elevilor<\/a>, 17.05.2019<\/p><\/li><li><p><a href=\"https:\/\/www.pandurul.ro\/articol\/100-de-ani-intr-o-fotografie-castigatorii!_108915.html?fbclid=IwAR3z3buuKTGbgNGXChOSIUgBuaVaqI6Ypvlk3okqSshS-5icpRWQbwwOvE4\" target=\"_new\" rel=\"noopener\">\u201e100 de ani \u00eentr-o fotografie&#8221;. C\u00e2\u015ftig\u0103torii!<\/a>, 21.11.2019<\/p><\/li><\/ol>\t\t\t\t\t\t\t\t<\/div>\n\t\t\t\t<\/div>\n\t\t\t\t<div class=\"elementor-element elementor-element-11f8b95f elementor-align-center elementor-widget elementor-widget-button\" data-id=\"11f8b95f\" data-element_type=\"widget\" data-widget_type=\"button.default\">\n\t\t\t\t<div class=\"elementor-widget-container\">\n\t\t\t\t\t\t\t\t\t<div class=\"elementor-button-wrapper\">\n\t\t\t\t\t<a class=\"elementor-button elementor-button-link elementor-size-sm\" href=\"https:\/\/4ader.ro\/index.php\/ader-in-presa\/\">\n\t\t\t\t\t\t<span class=\"elementor-button-content-wrapper\">\n\t\t\t\t\t\t\t\t\t<span class=\"elementor-button-text\">Mai mult...<\/span>\n\t\t\t\t\t<\/span>\n\t\t\t\t\t<\/a>\n\t\t\t\t<\/div>\n\t\t\t\t\t\t\t\t<\/div>\n\t\t\t\t<\/div>\n\t\t\t\t<\/div>\n\t\t\t\t\t<\/div>\n\t\t\t\t<\/div>\n\t\t<div class=\"elementor-element elementor-element-1a2bd6c e-flex e-con-boxed e-con e-parent\" data-id=\"1a2bd6c\" data-element_type=\"container\" data-settings=\"{&quot;background_background&quot;:&quot;classic&quot;,&quot;shape_divider_bottom&quot;:&quot;tilt&quot;}\">\n\t\t\t\t\t<div class=\"e-con-inner\">\n\t\t\t\t<div class=\"elementor-shape elementor-shape-bottom\" aria-hidden=\"true\" data-negative=\"false\">\n\t\t\t<svg xmlns=\"http:\/\/www.w3.org\/2000\/svg\" viewBox=\"0 0 1000 100\" preserveAspectRatio=\"none\">\n\t<path class=\"elementor-shape-fill\" d=\"M0,6V0h1000v100L0,6z\"\/>\n<\/svg>\t\t<\/div>\n\t\t\t\t<div class=\"elementor-element elementor-element-0ad3bbf elementor-widget elementor-widget-spacer\" data-id=\"0ad3bbf\" data-element_type=\"widget\" data-widget_type=\"spacer.default\">\n\t\t\t\t<div class=\"elementor-widget-container\">\n\t\t\t\t\t\t\t<div class=\"elementor-spacer\">\n\t\t\t<div class=\"elementor-spacer-inner\"><\/div>\n\t\t<\/div>\n\t\t\t\t\t\t<\/div>\n\t\t\t\t<\/div>\n\t\t\t\t\t<\/div>\n\t\t\t\t<\/div>\n\t\t<div class=\"elementor-element elementor-element-22846d58 e-flex e-con-boxed e-con e-parent\" data-id=\"22846d58\" data-element_type=\"container\" data-settings=\"{&quot;background_background&quot;:&quot;classic&quot;}\">\n\t\t\t\t\t<div class=\"e-con-inner\">\n\t\t\t\t<div class=\"elementor-element elementor-element-676c65ec elementor-widget elementor-widget-spacer\" data-id=\"676c65ec\" data-element_type=\"widget\" data-widget_type=\"spacer.default\">\n\t\t\t\t<div class=\"elementor-widget-container\">\n\t\t\t\t\t\t\t<div class=\"elementor-spacer\">\n\t\t\t<div class=\"elementor-spacer-inner\"><\/div>\n\t\t<\/div>\n\t\t\t\t\t\t<\/div>\n\t\t\t\t<\/div>\n\t\t\t\t\t<\/div>\n\t\t\t\t<\/div>\n\t\t<div class=\"elementor-element elementor-element-39768a94 e-flex e-con-boxed e-con e-parent\" data-id=\"39768a94\" data-element_type=\"container\" data-settings=\"{&quot;background_background&quot;:&quot;classic&quot;}\">\n\t\t\t\t\t<div class=\"e-con-inner\">\n\t\t<div class=\"elementor-element elementor-element-23aa9b1e e-con-full e-flex e-con e-child\" data-id=\"23aa9b1e\" data-element_type=\"container\">\n\t\t\t\t<div class=\"elementor-element elementor-element-3b70c574 elementor-widget elementor-widget-heading\" data-id=\"3b70c574\" data-element_type=\"widget\" data-widget_type=\"heading.default\">\n\t\t\t\t<div class=\"elementor-widget-container\">\n\t\t\t\t\t<h2 class=\"elementor-heading-title elementor-size-default\">JOURNAL OF RESEARCH AND INNOVATION FOR SUSTAINABLE SOCIETY (JRISS)<\/h2>\t\t\t\t<\/div>\n\t\t\t\t<\/div>\n\t\t\t\t<\/div>\n\t\t<div class=\"elementor-element elementor-element-1a96c5bb e-con-full e-flex e-con e-child\" data-id=\"1a96c5bb\" data-element_type=\"container\">\n\t\t\t\t<div class=\"elementor-element elementor-element-be0674b elementor-widget elementor-widget-text-editor\" data-id=\"be0674b\" data-element_type=\"widget\" data-widget_type=\"text-editor.default\">\n\t\t\t\t<div class=\"elementor-widget-container\">\n\t\t\t\t\t\t\t\t\t<p>Journal of Research and Innovation for Sustainable Society\u00a0 (JRISS) is \u00a0a semestrial open access journal, peer-reviewed, and refereed journal published by THOT Publishing House, Romania. The main objective of JRISS is to promote interdisciplinary studies in engineering, business and social science.<\/p><p>The authors assume responsibility for the authenticity of published manuscripts and grant the journal the exclusive right of publication. The editorial activity is coordinated by the Editorial Board, which is headed by the editor-in-chief, Prof. PhD. Ghimisi Stefan. The journal publishes in English, and applies the peer review rule. The journal appears electronic with ISSN<\/p><p id=\"open\"><strong>Open access policy:<\/strong>\u00a0Journal of Research and Innovation for Sustainable Society is an open access journal which means that all content is freely available without charge to the user or his\/her institution. Users are allowed to read, download, copy, distribute, print, search, or link to the full texts of the articles, or use them for any other lawful purpose, without asking prior permission from the publisher or the author, subject to the following conditions:<\/p><ul><li>to mention the name of author (s), title of the article and the fact that the article is published in Journal of Research and Innovation for Sustainable Society;<\/li><li>to reproduce exactly (or to indicate if changes were made) when the material is quoted, used, discussed or multiplied.<\/li><\/ul>\t\t\t\t\t\t\t\t<\/div>\n\t\t\t\t<\/div>\n\t\t\t\t<div class=\"elementor-element elementor-element-622a79dd elementor-align-center elementor-widget elementor-widget-button\" data-id=\"622a79dd\" data-element_type=\"widget\" data-widget_type=\"button.default\">\n\t\t\t\t<div class=\"elementor-widget-container\">\n\t\t\t\t\t\t\t\t\t<div class=\"elementor-button-wrapper\">\n\t\t\t\t\t<a class=\"elementor-button elementor-button-link elementor-size-sm\" href=\"https:\/\/jriss.4ader.ro\/\">\n\t\t\t\t\t\t<span class=\"elementor-button-content-wrapper\">\n\t\t\t\t\t\t\t\t\t<span class=\"elementor-button-text\">Website<\/span>\n\t\t\t\t\t<\/span>\n\t\t\t\t\t<\/a>\n\t\t\t\t<\/div>\n\t\t\t\t\t\t\t\t<\/div>\n\t\t\t\t<\/div>\n\t\t\t\t<\/div>\n\t\t\t\t\t<\/div>\n\t\t\t\t<\/div>\n\t\t<div class=\"elementor-element elementor-element-71ac18ad e-flex e-con-boxed e-con e-parent\" data-id=\"71ac18ad\" data-element_type=\"container\" data-settings=\"{&quot;background_background&quot;:&quot;classic&quot;}\">\n\t\t\t\t\t<div class=\"e-con-inner\">\n\t\t\t\t<div class=\"elementor-element elementor-element-3a7678a3 elementor-widget elementor-widget-spacer\" data-id=\"3a7678a3\" data-element_type=\"widget\" data-widget_type=\"spacer.default\">\n\t\t\t\t<div class=\"elementor-widget-container\">\n\t\t\t\t\t\t\t<div class=\"elementor-spacer\">\n\t\t\t<div class=\"elementor-spacer-inner\"><\/div>\n\t\t<\/div>\n\t\t\t\t\t\t<\/div>\n\t\t\t\t<\/div>\n\t\t\t\t\t<\/div>\n\t\t\t\t<\/div>\n\t\t\t\t<\/div>\n\t\t","protected":false},"excerpt":{"rendered":"<p>Asocia\u021bia pentru Democra\u021bie, Educa\u021bie, Respect Mai muLT&#8230; Rapoarte de activitate Mai muLT&#8230; Journal JRISS Mai muLT&#8230; Acas\u0103 Asocia\u021bia pentru Democra\u021bie Educa\u021bie Respect (ADER) promoveaz\u0103 valori fundamentale precum democra\u021bia, educa\u021bia de calitate \u0219i respectul \u00een comunit\u0103\u021bile locale \u0219i na\u021bionale. Prin ini\u021biative inovative \u0219i parteneriate strategice, ADER contribuie la dezvoltarea unui mediu social incluziv, sus\u021bin\u00e2nd egalitatea de&#8230;<\/p>\n","protected":false},"author":2,"featured_media":0,"parent":0,"menu_order":0,"comment_status":"closed","ping_status":"closed","template":"","meta":{"_kad_post_transparent":"","_kad_post_title":"hide","_kad_post_layout":"fullwidth","_kad_post_sidebar_id":"","_kad_post_content_style":"unboxed","_kad_post_vertical_padding":"","_kad_post_feature":"","_kad_post_feature_position":"","_kad_post_header":false,"_kad_post_footer":false,"_kad_post_classname":"","footnotes":""},"class_list":["post-12","page","type-page","status-publish","hentry"],"rttpg_featured_image_url":null,"rttpg_author":{"display_name":"Calina Denis","author_link":"https:\/\/4ader.ro\/index.php\/author\/denis_1\/"},"rttpg_comment":0,"rttpg_category":"","rttpg_excerpt":"Asocia\u021bia pentru Democra\u021bie, Educa\u021bie, Respect Mai muLT&#8230; Rapoarte de activitate Mai muLT&#8230; Journal JRISS Mai muLT&#8230; Acas\u0103 Asocia\u021bia pentru Democra\u021bie Educa\u021bie Respect (ADER) promoveaz\u0103 valori fundamentale precum democra\u021bia, educa\u021bia de calitate \u0219i respectul \u00een comunit\u0103\u021bile locale \u0219i na\u021bionale. Prin ini\u021biative inovative \u0219i parteneriate strategice, ADER contribuie la dezvoltarea unui mediu social incluziv, sus\u021bin\u00e2nd egalitatea de...","_links":{"self":[{"href":"https:\/\/4ader.ro\/index.php\/wp-json\/wp\/v2\/pages\/12","targetHints":{"allow":["GET"]}}],"collection":[{"href":"https:\/\/4ader.ro\/index.php\/wp-json\/wp\/v2\/pages"}],"about":[{"href":"https:\/\/4ader.ro\/index.php\/wp-json\/wp\/v2\/types\/page"}],"author":[{"embeddable":true,"href":"https:\/\/4ader.ro\/index.php\/wp-json\/wp\/v2\/users\/2"}],"replies":[{"embeddable":true,"href":"https:\/\/4ader.ro\/index.php\/wp-json\/wp\/v2\/comments?post=12"}],"version-history":[{"count":80,"href":"https:\/\/4ader.ro\/index.php\/wp-json\/wp\/v2\/pages\/12\/revisions"}],"predecessor-version":[{"id":1645,"href":"https:\/\/4ader.ro\/index.php\/wp-json\/wp\/v2\/pages\/12\/revisions\/1645"}],"wp:attachment":[{"href":"https:\/\/4ader.ro\/index.php\/wp-json\/wp\/v2\/media?parent=12"}],"curies":[{"name":"wp","href":"https:\/\/api.w.org\/{rel}","templated":true}]}}