{"id":113,"date":"2024-05-15T07:31:45","date_gmt":"2024-05-15T07:31:45","guid":{"rendered":"https:\/\/4ader.ro\/?page_id=113"},"modified":"2024-10-08T11:12:19","modified_gmt":"2024-10-08T08:12:19","slug":"ce-facem","status":"publish","type":"page","link":"https:\/\/4ader.ro\/index.php\/ce-facem\/","title":{"rendered":"Ce facem"},"content":{"rendered":"\t\t<div data-elementor-type=\"wp-page\" data-elementor-id=\"113\" class=\"elementor elementor-113\">\n\t\t\t\t<div class=\"elementor-element elementor-element-0826c28 e-con-full e-flex e-con e-parent\" data-id=\"0826c28\" data-element_type=\"container\">\n\t\t<div class=\"elementor-element elementor-element-d05e0b3 e-con-full e-flex e-con e-child\" data-id=\"d05e0b3\" data-element_type=\"container\">\n\t\t\t\t<div class=\"elementor-element elementor-element-cf13842 elementor-widget elementor-widget-text-editor\" data-id=\"cf13842\" data-element_type=\"widget\" data-widget_type=\"text-editor.default\">\n\t\t\t\t<div class=\"elementor-widget-container\">\n\t\t\t\t\t\t\t\t\t<p><span style=\"color: var(--global-palette3); font-family: var(--global-heading-font-family); font-size: 28px; font-weight: bold; background-color: transparent;\">Ce facem?<\/span><\/p>\n<p>Scopul Asocia\u0163iei ADER&nbsp; \u00eel constituie: conceperea, organizarea, promovarea \u015fi desf\u0103\u015furarea de activit\u0103\u021bi \u015fi proiecte de educa\u021bie formal\u0103 \u0219i nonformal\u0103 \u00een Rom\u00e2nia \u015fi \u00een str\u0103in\u0103tate ce urm\u0103resc preg\u0103tirea, formarea \u015fi dezvoltarea continu\u0103 a tinerilor \u015fi a adul\u021bilor la nivel personal \u015fi profesional, \u00een vederea atingerii obiectivelor personale \u015fi profesionale propuse de c\u0103tre ace\u015ftia. Asocia\u021bia promoveaz\u0103 valorile care \u021bin de egalitatea de \u015fans\u0103 a membrilor comunit\u0103\u021bii \u015fi, \u00een acela\u015fi timp, promoveaz\u0103 activit\u0103\u021bi de combatere a excluziunii sociale Asocia\u021bia sus\u021bine ini\u0163iativele inovative \u00een \u00eenv\u0103\u0163\u0103m\u00e2nt \u015fi cercetare, \u00eencurajarea excelen\u0163ei \u00een educa\u0163ie, realizarea de programe destinate elevilor \u015fi studen\u0163ilor, consilierea studen\u0163ilor privind dezvoltarea carierei \u015fi sprijinirea integr\u0103rii proaspe\u0163ilor absolven\u0163i \u00een mediul socio-economic<\/p>\n<p>&nbsp;&nbsp;\u00cen vederea realiz\u0103rii scopului &nbsp;Asocia\u021bia desf\u0103\u0219oar\u0103 urm\u0103toarele obiective \u0219i activit\u0103\u021bi:<\/p>\n<p>a). Valorificarea poten\u0163ialului cultural, social \u015fi economic prin implementarea de programe cu caracter ecologic, sportiv, turistic, educativ, \u015ftiin\u0163ific etc.;<\/p>\n<p>b). Facilitarea \u015fi realizarea activit\u0103\u0163ilor de educa\u0163ie formal\u0103 \u015fi non formal\u0103 \u015fi instruire, prin organizarea de seminarii, cursuri de scurt\u0103 \u015fi lung\u0103 durat\u0103, mese rotunde, conferin\u0163e, dezbateri publice, programe de schimb, precum \u015fi organizarea de manifesta\u021bii publice, mar\u015furi \u015fi alte activit\u0103\u021bi de sensibilizare a opiniei publice, potrivit legii, \u00een colaborare cu institu\u021bii de \u00eenv\u0103\u021b\u0103m\u00e2nt (\u015fcoli, licee, universit\u0103\u021bi) \u015fi organiza\u021bii non\u2010guvernamentale cu interese comune cu ale asocia\u021biei;<\/p>\n<p>c). Realizarea de activit\u0103\u021bi de informare, lobby, consultan\u0163\u0103, promovare \u015fi advocacy, prin organizarea sau participarea la seminarii, conferin\u0163e, \u00een domeniul dezvolt\u0103rii tehnologice, economice, ecologice, sociale \u015fi culturale;<\/p>\n<p>d). Efectuarea de studii, cercet\u0103ri, sondaje de opinie \u015fi programe pentru dezvoltarea educa\u021biei formale \u015fi nonformale a tinerilor \u015fi adul\u021bilor, \u00een colaborare cu diverse institu\u021bii de specialitate: universit\u0103\u021bi, licee, \u015fcoli, inspectorate \u015fcolare, inspectorate de cultur\u0103, case de cultur\u0103 \u015fi alte institu\u021bii guvernamentale \u015fi non\u2010guvernamentale din Rom\u00e2nia \u015fi din str\u0103in\u0103tate;<\/p>\n<p style=\"margin-bottom: 15px;\">e). Promovarea cunoa\u0219terii drepturilor \u015fi a libert\u0103\u0163ilor omului, \u00een principal a libert\u0103\u0163ii con\u015ftiin\u0163ei \u015fi a dreptului la liber\u0103 exprimare;<\/p><p><span style=\"font-family: var( --e-global-typography-text-font-family ), Sans-serif; font-weight: var( --e-global-typography-text-font-weight ); text-align: var(--text-align); background-color: transparent;\">f). Realizarea unui sistem educa\u021bional integrat prin \u00eenfin\u021barea de unit\u0103\u021bi \u0219i institu\u021bii de \u00eenv\u0103\u021b\u0103m\u00e2nt preuniversitar-antepre\u0219colar, pre\u0219colar, primar, gimnazial, liceal, profesional, postliceal- \u0219i de \u00eenv\u0103\u021b\u0103m\u00e2nt superior;&nbsp;<\/span><br><\/p><p>g). Atragerea \u015fi utilizarea, \u00een condi\u0163iile legii, a surselor de finan\u0163are sub form\u0103 de dona\u0163ii, subven\u0163ii, sponsoriz\u0103ri, contribu\u0163ii, cotiza\u0163ii, etc, necesare pentru realizarea scopului propus;<\/p><p style=\"margin-bottom: 15px;\">h). Efectuarea de activit\u0103\u0163i economice \u00een scopul ob\u0163inerii mijloacelor financiare necesare \u00eendeplinirii scopurilor Asocia\u0163iei;<\/p>\t\t\t\t\t\t\t\t<\/div>\n\t\t\t\t<\/div>\n\t\t\t\t<\/div>\n\t\t<div class=\"elementor-element elementor-element-ce24982 e-con-full e-flex e-con e-child\" data-id=\"ce24982\" data-element_type=\"container\">\n\t\t\t\t<div class=\"elementor-element elementor-element-b64be95 elementor-widget elementor-widget-video\" data-id=\"b64be95\" data-element_type=\"widget\" data-settings=\"{&quot;video_type&quot;:&quot;hosted&quot;,&quot;controls&quot;:&quot;yes&quot;}\" data-widget_type=\"video.default\">\n\t\t\t\t<div class=\"elementor-widget-container\">\n\t\t\t\t\t\t\t<div class=\"e-hosted-video elementor-wrapper elementor-open-inline\">\n\t\t\t\t\t<video class=\"elementor-video\" src=\"https:\/\/4ader.ro\/wp-content\/uploads\/2024\/10\/AQPIwctZp-xXzmoP7STX89s4I7l01wj0Z3X7ydpXZpceSedm0SrFLCaIZwOBvNe4Yq3X-ZLCSCENBB_btAPO2uC-1.mp4\" controls=\"\" preload=\"metadata\" controlsList=\"nodownload\"><\/video>\n\t\t\t\t<\/div>\n\t\t\t\t\t\t<\/div>\n\t\t\t\t<\/div>\n\t\t\t\t<div class=\"elementor-element elementor-element-d7af282 elementor-widget elementor-widget-heading\" data-id=\"d7af282\" data-element_type=\"widget\" data-widget_type=\"heading.default\">\n\t\t\t\t<div class=\"elementor-widget-container\">\n\t\t\t\t\t<h2 class=\"elementor-heading-title elementor-size-default\">Voluntariat<\/h2>\t\t\t\t<\/div>\n\t\t\t\t<\/div>\n\t\t\t\t<div class=\"elementor-element elementor-element-c00da14 elementor-widget elementor-widget-video\" data-id=\"c00da14\" data-element_type=\"widget\" data-settings=\"{&quot;video_type&quot;:&quot;hosted&quot;,&quot;controls&quot;:&quot;yes&quot;}\" data-widget_type=\"video.default\">\n\t\t\t\t<div class=\"elementor-widget-container\">\n\t\t\t\t\t\t\t<div class=\"e-hosted-video elementor-wrapper elementor-open-inline\">\n\t\t\t\t\t<video class=\"elementor-video\" src=\"https:\/\/4ader.ro\/wp-content\/uploads\/2024\/10\/AQMg2kma3rKyGf6cuG5TzL6DouzUj2UpDyXD6OSVTu_Y_1Qbd_pj1HQZL3sIKOwF41VH_1mBL1dQLUsaAfb1-rth.mp4\" controls=\"\" preload=\"metadata\" controlsList=\"nodownload\"><\/video>\n\t\t\t\t<\/div>\n\t\t\t\t\t\t<\/div>\n\t\t\t\t<\/div>\n\t\t\t\t<\/div>\n\t\t<div class=\"elementor-element elementor-element-4708a6b e-con-full e-flex e-con e-child\" data-id=\"4708a6b\" data-element_type=\"container\">\n\t\t\t\t<div class=\"elementor-element elementor-element-b8c76b2 elementor-widget elementor-widget-text-editor\" data-id=\"b8c76b2\" data-element_type=\"widget\" data-widget_type=\"text-editor.default\">\n\t\t\t\t<div class=\"elementor-widget-container\">\n\t\t\t\t\t\t\t\t\t<p><span style=\"font-family: var( --e-global-typography-text-font-family ), Sans-serif; font-weight: var( --e-global-typography-text-font-weight ); text-align: var(--text-align); background-color: transparent;\">f). Realizarea unui sistem educa\u021bional integrat prin \u00eenfin\u021barea de unit\u0103\u021bi \u0219i institu\u021bii de \u00eenv\u0103\u021b\u0103m\u00e2nt preuniversitar-antepre\u0219colar, pre\u0219colar, primar, gimnazial, liceal, profesional, postliceal- \u0219i de \u00eenv\u0103\u021b\u0103m\u00e2nt superior;&nbsp;<\/span><br><\/p>\n<p>g). Atragerea \u015fi utilizarea, \u00een condi\u0163iile legii, a surselor de finan\u0163are sub form\u0103 de dona\u0163ii, subven\u0163ii, sponsoriz\u0103ri, contribu\u0163ii, cotiza\u0163ii, etc, necesare pentru realizarea scopului propus;<\/p>\n<p>h). Efectuarea de activit\u0103\u0163i economice \u00een scopul ob\u0163inerii mijloacelor financiare necesare \u00eendeplinirii scopurilor Asocia\u0163iei;<\/p>\n<p>i). Acordarea de burse de&nbsp; studiu \u015fi premii, pentru tineri \u015fi facilitatea accesului acestora la programe de studiu \u00een cadrul institu\u021biilor de \u00eenv\u0103\u021b\u0103m\u00e2nt formal din Rom\u00e2nia \u015fi din str\u0103in\u0103tate, c\u00e2t \u015fi \u00een cadrul altor organiza\u021bii na\u021bionale \u015fi interna\u021bionale care ofer\u0103 servicii de educa\u021bie formal\u0103 sau nonformal\u0103, finan\u0163area de proiecte de cercetare \u015fi de stagii de documentare;<\/p>\n<p>j). Acordarea de consultan\u0163\u0103 \u00een vederea ob\u0163inerii de finan\u0163\u0103ri din surse interne \u015fi externe;<\/p>\n<p>k). Facilitatea accesului adul\u021bilor la programe de reconversie profesional\u0103 c\u00e2t \u015fi oferirea direct\u0103 de informa\u021bii \u015fi preg\u0103tire \u00een vederea reconversiei profesionale;<\/p>\n<p>l). Conceperea, realizarea, editarea \u0219i difuzarea de materiale educa\u021bionale \u00een diverse domenii de formare, perfec\u021bionare \u015fi informare, sub form\u0103 tip\u0103rit\u0103 \u015fi \u00een format electronic, concretizate \u00een c\u0103r\u021bi, cursuri, publica\u021bii periodice, pliante, afi\u015fe, bro\u015furi, programe informatice, filme, programe video \u015fi audio pe suport tip\u0103rit, CD\/DVD \u015fi alte suporturi clasice sau electronice;<\/p>\n<p>m) Crearea unei baze de informa\u0163ii proprii, de editare \u015fi circula\u0163ie de materiale informative;<\/p>\n<p>n). Organizarea de activit\u0103\u0163i ecologice, excursii, tabere, \u015fcoli de ini\u0163iere, concursuri, \u00eenfiin\u0163area de centre de informare ecologic\u0103 \u015fi turistic\u0103;<\/p>\n<p>o). Organizarea la nivel local de centre comunitare de \u00eenv\u0103\u021bare permanent\u0103, propri sau \u00een parteneriat cu autorit\u0103\u021bile locale, institu\u021bii \u0219i organisme publice \u0219i private<\/p>\n<p>p). Prevenirea polu\u0103rii \u0219i promovarea proceselor de produc\u021bie ecologice, a tehnologiilor nepoluante \u0219i a surselor de energie regenerabile \u0219i neconven\u021bionale;<\/p>\n<p>r). Ocrotirea \u015fi luarea \u00een custodie spre administrare sau conservare a unor monumente istorice, lucr\u0103ri de art\u0103 \u015fi de cult sau monumente ale naturii, parcuri, refugii, trasee montane, locuri de joac\u0103, etc.<\/p>\n<p>s) \u00cencurajarea ac\u021biunilor de cooperare cultural\u0103 \u015fi implicarea tinerilor \u015fi adul\u021bilor \u00een activit\u0103\u021bi civice de interes comunitar;<\/p>\n<p>t) Sprijinirea eforturilor de construire, reamenajare, modernizare \u015fi dotare a unor a\u015fez\u0103minte sociale, culturale sau de alt\u0103 natur\u0103, cu scopul desf\u0103\u015fur\u0103rii \u00een cadrul acestora a unor activit\u0103\u021bi cu scop educa\u021bional, cultural, economic, umanitar, caritabil, social sau format<\/p>\t\t\t\t\t\t\t\t<\/div>\n\t\t\t\t<\/div>\n\t\t\t\t<\/div>\n\t\t\t\t<\/div>\n\t\t\t\t<\/div>\n\t\t","protected":false},"excerpt":{"rendered":"<p>Ce facem? Scopul Asocia\u0163iei ADER&nbsp; \u00eel constituie: conceperea, organizarea, promovarea \u015fi desf\u0103\u015furarea de activit\u0103\u021bi \u015fi proiecte de educa\u021bie formal\u0103 \u0219i nonformal\u0103 \u00een Rom\u00e2nia \u015fi \u00een str\u0103in\u0103tate ce urm\u0103resc preg\u0103tirea, formarea \u015fi dezvoltarea continu\u0103 a tinerilor \u015fi a adul\u021bilor la nivel personal \u015fi profesional, \u00een vederea atingerii obiectivelor personale \u015fi profesionale propuse de c\u0103tre ace\u015ftia. Asocia\u021bia&#8230;<\/p>\n","protected":false},"author":2,"featured_media":0,"parent":0,"menu_order":0,"comment_status":"closed","ping_status":"closed","template":"","meta":{"_kad_post_transparent":"","_kad_post_title":"hide","_kad_post_layout":"fullwidth","_kad_post_sidebar_id":"","_kad_post_content_style":"unboxed","_kad_post_vertical_padding":"hide","_kad_post_feature":"hide","_kad_post_feature_position":"","_kad_post_header":false,"_kad_post_footer":false,"_kad_post_classname":"","footnotes":""},"class_list":["post-113","page","type-page","status-publish","hentry"],"rttpg_featured_image_url":null,"rttpg_author":{"display_name":"Calina Denis","author_link":"https:\/\/4ader.ro\/index.php\/author\/denis_1\/"},"rttpg_comment":0,"rttpg_category":null,"rttpg_excerpt":"Ce facem? Scopul Asocia\u0163iei ADER&nbsp; \u00eel constituie: conceperea, organizarea, promovarea \u015fi desf\u0103\u015furarea de activit\u0103\u021bi \u015fi proiecte de educa\u021bie formal\u0103 \u0219i nonformal\u0103 \u00een Rom\u00e2nia \u015fi \u00een str\u0103in\u0103tate ce urm\u0103resc preg\u0103tirea, formarea \u015fi dezvoltarea continu\u0103 a tinerilor \u015fi a adul\u021bilor la nivel personal \u015fi profesional, \u00een vederea atingerii obiectivelor personale \u015fi profesionale propuse de c\u0103tre ace\u015ftia. Asocia\u021bia...","_links":{"self":[{"href":"https:\/\/4ader.ro\/index.php\/wp-json\/wp\/v2\/pages\/113","targetHints":{"allow":["GET"]}}],"collection":[{"href":"https:\/\/4ader.ro\/index.php\/wp-json\/wp\/v2\/pages"}],"about":[{"href":"https:\/\/4ader.ro\/index.php\/wp-json\/wp\/v2\/types\/page"}],"author":[{"embeddable":true,"href":"https:\/\/4ader.ro\/index.php\/wp-json\/wp\/v2\/users\/2"}],"replies":[{"embeddable":true,"href":"https:\/\/4ader.ro\/index.php\/wp-json\/wp\/v2\/comments?post=113"}],"version-history":[{"count":52,"href":"https:\/\/4ader.ro\/index.php\/wp-json\/wp\/v2\/pages\/113\/revisions"}],"predecessor-version":[{"id":1730,"href":"https:\/\/4ader.ro\/index.php\/wp-json\/wp\/v2\/pages\/113\/revisions\/1730"}],"wp:attachment":[{"href":"https:\/\/4ader.ro\/index.php\/wp-json\/wp\/v2\/media?parent=113"}],"curies":[{"name":"wp","href":"https:\/\/api.w.org\/{rel}","templated":true}]}}